{"id":555,"date":"2025-01-29T06:55:51","date_gmt":"2025-01-29T09:55:51","guid":{"rendered":"https:\/\/aifec.eu\/congreso2025\/?page_id=555"},"modified":"2025-05-15T09:11:35","modified_gmt":"2025-05-15T12:11:35","slug":"16-de-mayo","status":"publish","type":"page","link":"https:\/\/aifec.eu\/congreso2025\/16-de-mayo\/","title":{"rendered":"16 de Mayo"},"content":{"rendered":"\t\t<div data-elementor-type=\"wp-page\" data-elementor-id=\"555\" class=\"elementor elementor-555\" data-elementor-settings=\"{&quot;ha_cmc_init_switcher&quot;:&quot;no&quot;}\">\n\t\t\t\t<div class=\"elementor-element elementor-element-4a44b42 e-flex e-con-boxed wpr-particle-no wpr-jarallax-no wpr-parallax-no wpr-sticky-section-no wpr-equal-height-no e-con e-parent\" data-id=\"4a44b42\" data-element_type=\"container\" data-e-type=\"container\" data-settings=\"{&quot;_ha_eqh_enable&quot;:false}\">\n\t\t\t\t\t<div class=\"e-con-inner\">\n\t\t\t\t<div class=\"elementor-element elementor-element-befe2e7 elementor-widget elementor-widget-heading\" data-id=\"befe2e7\" data-element_type=\"widget\" data-e-type=\"widget\" data-widget_type=\"heading.default\">\n\t\t\t\t<div class=\"elementor-widget-container\">\n\t\t\t\t\t<h2 class=\"elementor-heading-title elementor-size-default\">Programa\n Congreso AIFEC 2025<br>16 de Mayo<\/h2>\t\t\t\t<\/div>\n\t\t\t\t<\/div>\n\t\t\t\t\t<\/div>\n\t\t\t\t<\/div>\n\t\t<div class=\"elementor-element elementor-element-de8a846 e-flex e-con-boxed wpr-particle-no wpr-jarallax-no wpr-parallax-no wpr-sticky-section-no wpr-equal-height-no e-con e-parent\" data-id=\"de8a846\" data-element_type=\"container\" data-e-type=\"container\" data-settings=\"{&quot;_ha_eqh_enable&quot;:false}\">\n\t\t\t\t\t<div class=\"e-con-inner\">\n\t\t\t\t<div class=\"elementor-element elementor-element-a63a291 elementor-widget elementor-widget-heading\" data-id=\"a63a291\" data-element_type=\"widget\" data-e-type=\"widget\" data-widget_type=\"heading.default\">\n\t\t\t\t<div class=\"elementor-widget-container\">\n\t\t\t\t\t<h2 class=\"elementor-heading-title elementor-size-default\"><u>Congresistas<\/u><\/h2>\t\t\t\t<\/div>\n\t\t\t\t<\/div>\n\t\t\t\t\t<\/div>\n\t\t\t\t<\/div>\n\t\t<div class=\"elementor-element elementor-element-48deb7e e-flex e-con-boxed wpr-particle-no wpr-jarallax-no wpr-parallax-no wpr-sticky-section-no wpr-equal-height-no e-con e-parent\" data-id=\"48deb7e\" data-element_type=\"container\" data-e-type=\"container\" data-settings=\"{&quot;_ha_eqh_enable&quot;:false}\">\n\t\t\t\t\t<div class=\"e-con-inner\">\n\t\t\t\t<div class=\"elementor-element elementor-element-54754a6 elementor-widget elementor-widget-text-editor\" data-id=\"54754a6\" data-element_type=\"widget\" data-e-type=\"widget\" data-widget_type=\"text-editor.default\">\n\t\t\t\t<div class=\"elementor-widget-container\">\n\t\t\t\t\t\t\t\t\t<p><strong>Sesi\u00f3n de Ma\u00f1ana<\/strong><\/p>\t\t\t\t\t\t\t\t<\/div>\n\t\t\t\t<\/div>\n\t\t\t\t\t<\/div>\n\t\t\t\t<\/div>\n\t\t<div class=\"elementor-element elementor-element-9a4f7d1 e-flex e-con-boxed wpr-particle-no wpr-jarallax-no wpr-parallax-no wpr-sticky-section-no wpr-equal-height-no e-con e-parent\" data-id=\"9a4f7d1\" data-element_type=\"container\" data-e-type=\"container\" data-settings=\"{&quot;_ha_eqh_enable&quot;:false}\">\n\t\t\t\t\t<div class=\"e-con-inner\">\n\t\t\t\t<div class=\"elementor-element elementor-element-bc542cb elementor-widget elementor-widget-text-editor\" data-id=\"bc542cb\" data-element_type=\"widget\" data-e-type=\"widget\" data-widget_type=\"text-editor.default\">\n\t\t\t\t<div class=\"elementor-widget-container\">\n\t\t\t\t\t\t\t\t\t<p><strong>&#8211; 9:00<\/strong> Apertura<\/p><p><strong>&#8211; 9:15 \u2013 10:15<\/strong> Mesa redonda sobre el sector. <strong>\u201cRelevo generacional. Diagn\u00f3stico y perspectivas de futuro.\u201d<\/strong> Durante esta mesa redonda abordaremos el proceso de cambio generacional en el sector de la etiqueta. En una primera parte en forma de diagn\u00f3stico analizaremos el proceso de c\u00f3mo se ha vivido, los l\u00edmites y las objeciones encontradas. Y posteriormente, la evoluci\u00f3n dada a la empresa por las nuevas generaciones y sus perspectivas de futuro.<\/p><p><strong>&#8211; 10:20 &#8211; 10:40<\/strong>\u00a0<b>WINK \u2013 \u00abL\u00e1ser vs troquelado: \u00bfrivalidad magn\u00e9tica o alianza estrat\u00e9gica?.\u00bb<\/b>\u00a0Fabrizio Decio,\u00a0<i>CEO<\/i>\u00a0\u00a0y Ettore Colico,\u00a0<i>Converting Director en SEI Laser.<\/i><\/p><p><strong>-10:45 &#8211; 11:30<\/strong> <strong>Pausa Caf\u00e9<\/strong>\u00a0\u2013 Visita de la zona expo y votaci\u00f3n del p\u00fablico para los PREMIOS AIFEC 2025 a trav\u00e9s de la APP<\/p><ul><li><b>10:45 \u2013 11:00\u00a0<\/b>Taller:\u00a0\u00abInteligencia Artificial (IA) y Ciberseguridad en el Crecimiento Empresarial.\u00bb. Tony Garc\u00eda, Business Manager Spain &amp; Latin America en SISTRADE<\/li><\/ul><p><strong>-11:30 &#8211; 11:50 XEIKON<\/strong>\u2013 \u00abM\u00e1s all\u00e1 de las etiquetas: innovar, automatizar, mejorar\u00bb \u2013 \u00a0Jeroen Van Bauwel, Solutions Director.<\/p><p><strong>&#8211; 11:55 \u2013 12:15<\/strong>\u00a0<b>CONSULTORES ASOCIADOS \u2013 \u00abLa excelencia en la gesti\u00f3n a trav\u00e9s de la digitalizaci\u00f3n.\u00bb\u00a0<\/b>Pedro Hern\u00e1ndez,\u00a0<i>Responsable de Ventas<\/i>.<\/p><p><strong>&#8211; 12: 20 &#8211; 12:40 <\/strong><b>HP \u2013\u00abComo hp trabaja con las marcas y sus clientes.\u00bb<\/b>\u00a0Eduardo Orri,\u00a0<i>GM hp indigo Iberia<\/i><\/p><p><strong>-12:45 &#8211; 13:45<\/strong> \u201cEl tsunami de la IA: Claves para pensar (y actuar) en el futuro de tu empresa.\u201d a cargo de Gustavo Entrala. Patrocinado por UPM Raflatac<\/p><p><img decoding=\"async\" class=\"wp-image-1770 alignnone lazyload\" data-src=\"https:\/\/aifec.eu\/congreso2025\/wp-content\/uploads\/2025\/02\/UPM_BA_RAFLATAC_Fixed_combination_RGB-300x78.png\" alt=\"\" width=\"254\" height=\"66\" data-srcset=\"https:\/\/aifec.eu\/congreso2025\/wp-content\/uploads\/2025\/02\/UPM_BA_RAFLATAC_Fixed_combination_RGB-300x78.png 300w, https:\/\/aifec.eu\/congreso2025\/wp-content\/uploads\/2025\/02\/UPM_BA_RAFLATAC_Fixed_combination_RGB-1024x266.png 1024w, https:\/\/aifec.eu\/congreso2025\/wp-content\/uploads\/2025\/02\/UPM_BA_RAFLATAC_Fixed_combination_RGB-768x199.png 768w, https:\/\/aifec.eu\/congreso2025\/wp-content\/uploads\/2025\/02\/UPM_BA_RAFLATAC_Fixed_combination_RGB.png 1199w\" data-sizes=\"(max-width: 254px) 100vw, 254px\" src=\"data:image\/gif;base64,R0lGODlhAQABAAAAACH5BAEKAAEALAAAAAABAAEAAAICTAEAOw==\" style=\"--smush-placeholder-width: 254px; --smush-placeholder-aspect-ratio: 254\/66;\" \/><\/p>\t\t\t\t\t\t\t\t<\/div>\n\t\t\t\t<\/div>\n\t\t\t\t\t<\/div>\n\t\t\t\t<\/div>\n\t\t<div class=\"elementor-element elementor-element-85f154a e-flex e-con-boxed wpr-particle-no wpr-jarallax-no wpr-parallax-no wpr-sticky-section-no wpr-equal-height-no e-con e-parent\" data-id=\"85f154a\" data-element_type=\"container\" data-e-type=\"container\" data-settings=\"{&quot;_ha_eqh_enable&quot;:false}\">\n\t\t\t\t\t<div class=\"e-con-inner\">\n\t\t\t\t<div class=\"elementor-element elementor-element-10a1252 elementor-widget elementor-widget-text-editor\" data-id=\"10a1252\" data-element_type=\"widget\" data-e-type=\"widget\" data-widget_type=\"text-editor.default\">\n\t\t\t\t<div class=\"elementor-widget-container\">\n\t\t\t\t\t\t\t\t\t<p><strong>&#8211; 13:45 -15:15<\/strong> <b>Almuerzo de trabajo en el restaurante Palmera Real del Hotel Bot\u00e1nico patrocinado por LECTA SELF-ADHESIVES<\/b><\/p><p><img decoding=\"async\" class=\"alignnone wp-image-1091 lazyload\" data-src=\"https:\/\/aifec.eu\/congreso2025\/wp-content\/uploads\/2025\/02\/LSA_logo_CorpBlue_RGB-300x94.png\" alt=\"\" width=\"158\" height=\"49\" data-srcset=\"https:\/\/aifec.eu\/congreso2025\/wp-content\/uploads\/2025\/02\/LSA_logo_CorpBlue_RGB-300x94.png 300w, https:\/\/aifec.eu\/congreso2025\/wp-content\/uploads\/2025\/02\/LSA_logo_CorpBlue_RGB-1024x321.png 1024w, https:\/\/aifec.eu\/congreso2025\/wp-content\/uploads\/2025\/02\/LSA_logo_CorpBlue_RGB-768x241.png 768w, https:\/\/aifec.eu\/congreso2025\/wp-content\/uploads\/2025\/02\/LSA_logo_CorpBlue_RGB-1536x481.png 1536w, https:\/\/aifec.eu\/congreso2025\/wp-content\/uploads\/2025\/02\/LSA_logo_CorpBlue_RGB-2048x642.png 2048w\" data-sizes=\"(max-width: 158px) 100vw, 158px\" src=\"data:image\/gif;base64,R0lGODlhAQABAAAAACH5BAEKAAEALAAAAAABAAEAAAICTAEAOw==\" style=\"--smush-placeholder-width: 158px; --smush-placeholder-aspect-ratio: 158\/49;\" \/><\/p>\t\t\t\t\t\t\t\t<\/div>\n\t\t\t\t<\/div>\n\t\t\t\t\t<\/div>\n\t\t\t\t<\/div>\n\t\t<div class=\"elementor-element elementor-element-7300c82 e-flex e-con-boxed wpr-particle-no wpr-jarallax-no wpr-parallax-no wpr-sticky-section-no wpr-equal-height-no e-con e-parent\" data-id=\"7300c82\" data-element_type=\"container\" data-e-type=\"container\" data-settings=\"{&quot;_ha_eqh_enable&quot;:false}\">\n\t\t\t\t\t<div class=\"e-con-inner\">\n\t\t\t\t<div class=\"elementor-element elementor-element-fead461 elementor-widget elementor-widget-text-editor\" data-id=\"fead461\" data-element_type=\"widget\" data-e-type=\"widget\" data-widget_type=\"text-editor.default\">\n\t\t\t\t<div class=\"elementor-widget-container\">\n\t\t\t\t\t\t\t\t\t<p><strong>Sesi\u00f3n de Tarde<\/strong><\/p>\t\t\t\t\t\t\t\t<\/div>\n\t\t\t\t<\/div>\n\t\t\t\t\t<\/div>\n\t\t\t\t<\/div>\n\t\t<div class=\"elementor-element elementor-element-ce085e5 e-flex e-con-boxed wpr-particle-no wpr-jarallax-no wpr-parallax-no wpr-sticky-section-no wpr-equal-height-no e-con e-parent\" data-id=\"ce085e5\" data-element_type=\"container\" data-e-type=\"container\" data-settings=\"{&quot;_ha_eqh_enable&quot;:false}\">\n\t\t\t\t\t<div class=\"e-con-inner\">\n\t\t\t\t<div class=\"elementor-element elementor-element-ab9ccb3 elementor-widget elementor-widget-text-editor\" data-id=\"ab9ccb3\" data-element_type=\"widget\" data-e-type=\"widget\" data-widget_type=\"text-editor.default\">\n\t\t\t\t<div class=\"elementor-widget-container\">\n\t\t\t\t\t\t\t\t\t<p><strong>\u2013 15:20 \u2013 15:40 BST GROUP<\/strong> \u2013 \u00ab\u00bfTecnolog\u00eda Responsable?, Solo si Hay un Gran Equipo detr\u00e1s.\u00bb Ricardo Cabeza\/Managing Director de BST Ib\u00e9rica Barcelona S.L.<\/p><p><strong>\u2013 15: 45 \u2013 16:15\u00a0 RSC Km 0:<\/strong> el Global 360, motor de disrupci\u00f3n a cargo de Ivo G\u00fcell. Patrocinada por FUJIFILM<\/p><p><img decoding=\"async\" class=\"alignnone wp-image-1959 lazyload\" data-src=\"https:\/\/aifec.eu\/congreso2025\/wp-content\/uploads\/2025\/03\/Fujifilm-regular-black-and-red-300x52.png\" alt=\"\" width=\"178\" height=\"31\" data-srcset=\"https:\/\/aifec.eu\/congreso2025\/wp-content\/uploads\/2025\/03\/Fujifilm-regular-black-and-red-300x52.png 300w, https:\/\/aifec.eu\/congreso2025\/wp-content\/uploads\/2025\/03\/Fujifilm-regular-black-and-red-768x133.png 768w, https:\/\/aifec.eu\/congreso2025\/wp-content\/uploads\/2025\/03\/Fujifilm-regular-black-and-red.png 886w\" data-sizes=\"(max-width: 178px) 100vw, 178px\" src=\"data:image\/gif;base64,R0lGODlhAQABAAAAACH5BAEKAAEALAAAAAABAAEAAAICTAEAOw==\" style=\"--smush-placeholder-width: 178px; --smush-placeholder-aspect-ratio: 178\/31;\" \/><\/p><p><strong style=\"font-size: 16px;\">-16:15 \u201316:40 Pausa Caf\u00e9<\/strong><span style=\"font-size: 16px;\"> \u2013 Visita de la zona expo y votaci\u00f3n del p\u00fablico para los PREMIOS AIFEC 2025 a trav\u00e9s de la APP<\/span><\/p><div><ul class=\"p-rich_text_list p-rich_text_list__bullet p-rich_text_list--nested\" data-stringify-type=\"unordered-list\" data-list-tree=\"true\" data-indent=\"0\" data-border=\"0\"><li data-stringify-indent=\"0\" data-stringify-border=\"0\">16:15- 16:30 Taller: \u00abLaboratorio de etiquetas digitales: Inyecci\u00f3n de \u00e9xito.\u00bb. Borja Henche, Regional Manager Spain en SCREEN<\/li><\/ul><div class=\"p-rich_text_section\"><strong>-16:45 \u2013 17:05 GRUPO IMPRYMA \u2013<\/strong> \u00abLa importancia de la racla en la impresi\u00f3n flexo.\u00bb F\u00e9lix Prieto, CEO \/ General Manager.<\/div><div>\u00a0<\/div><\/div><div><div><p style=\"font-weight: 400;\"><strong>-17: 10 -18:10<\/strong>\u00a0\u201cGesti\u00f3n del Talento en las Empresas. La clave est\u00e1 en ti\u201d a cargo de David Mart\u00edn. Patrocinado por AVERY DENNISON<\/p><p><img decoding=\"async\" class=\"wp-image-1622 alignnone lazyload\" data-src=\"https:\/\/aifec.eu\/congreso2025\/wp-content\/uploads\/2025\/02\/AD_H1_Logo_Red_RGB-6-300x133.png\" alt=\"\" width=\"247\" height=\"109\" data-srcset=\"https:\/\/aifec.eu\/congreso2025\/wp-content\/uploads\/2025\/02\/AD_H1_Logo_Red_RGB-6-300x133.png 300w, https:\/\/aifec.eu\/congreso2025\/wp-content\/uploads\/2025\/02\/AD_H1_Logo_Red_RGB-6-1024x454.png 1024w, https:\/\/aifec.eu\/congreso2025\/wp-content\/uploads\/2025\/02\/AD_H1_Logo_Red_RGB-6-768x341.png 768w, https:\/\/aifec.eu\/congreso2025\/wp-content\/uploads\/2025\/02\/AD_H1_Logo_Red_RGB-6-1536x681.png 1536w, https:\/\/aifec.eu\/congreso2025\/wp-content\/uploads\/2025\/02\/AD_H1_Logo_Red_RGB-6-2048x909.png 2048w\" data-sizes=\"(max-width: 247px) 100vw, 247px\" src=\"data:image\/gif;base64,R0lGODlhAQABAAAAACH5BAEKAAEALAAAAAABAAEAAAICTAEAOw==\" style=\"--smush-placeholder-width: 247px; --smush-placeholder-aspect-ratio: 247\/109;\" \/><\/p><p style=\"font-weight: 400;\"><strong>\u2013 18:15<\/strong>\u00a0Fotograf\u00eda de grupo y cierre<\/p><p style=\"font-weight: 400;\"><strong>\u2013 20:00<\/strong> Punto de encuentro en el hall del Hotel<\/p><p style=\"font-weight: 400;\"><strong>\u2013 20:15<\/strong> Salida desde el Hotel hacia Finca Mackay<\/p><\/div><div>\u00a0<\/div><\/div>\t\t\t\t\t\t\t\t<\/div>\n\t\t\t\t<\/div>\n\t\t\t\t\t<\/div>\n\t\t\t\t<\/div>\n\t\t<div class=\"elementor-element elementor-element-ab220fa e-flex e-con-boxed wpr-particle-no wpr-jarallax-no wpr-parallax-no wpr-sticky-section-no wpr-equal-height-no e-con e-parent\" data-id=\"ab220fa\" data-element_type=\"container\" data-e-type=\"container\" data-settings=\"{&quot;_ha_eqh_enable&quot;:false}\">\n\t\t\t\t\t<div class=\"e-con-inner\">\n\t\t\t\t<div class=\"elementor-element elementor-element-04b5646 elementor-widget elementor-widget-text-editor\" data-id=\"04b5646\" data-element_type=\"widget\" data-e-type=\"widget\" data-widget_type=\"text-editor.default\">\n\t\t\t\t<div class=\"elementor-widget-container\">\n\t\t\t\t\t\t\t\t\t<p><strong>&#8211; 20:45 <\/strong><b>Cena de gala y entrega de los Premios AIFEC 2025 en Finca Mackay (se requiere c\u00f3digo de vestimenta Business Formal). Patrocinada por FEDRIGONI y HP<\/b><\/p>\t\t\t\t\t\t\t\t<\/div>\n\t\t\t\t<\/div>\n\t\t\t\t\t<\/div>\n\t\t\t\t<\/div>\n\t\t<div class=\"elementor-element elementor-element-d70e02d e-flex e-con-boxed wpr-particle-no wpr-jarallax-no wpr-parallax-no wpr-sticky-section-no wpr-equal-height-no e-con e-parent\" data-id=\"d70e02d\" data-element_type=\"container\" data-e-type=\"container\" data-settings=\"{&quot;_ha_eqh_enable&quot;:false}\">\n\t\t\t\t\t<div class=\"e-con-inner\">\n\t\t<div class=\"elementor-element elementor-element-0d7bf8c e-con-full e-flex wpr-particle-no wpr-jarallax-no wpr-parallax-no wpr-sticky-section-no wpr-equal-height-no e-con e-child\" data-id=\"0d7bf8c\" data-element_type=\"container\" data-e-type=\"container\" data-settings=\"{&quot;_ha_eqh_enable&quot;:false}\">\n\t\t\t\t<div class=\"elementor-element elementor-element-150fc14 elementor-widget elementor-widget-image\" data-id=\"150fc14\" data-element_type=\"widget\" data-e-type=\"widget\" data-widget_type=\"image.default\">\n\t\t\t\t<div class=\"elementor-widget-container\">\n\t\t\t\t\t\t\t\t\t\t\t\t\t\t\t<img decoding=\"async\" width=\"895\" height=\"316\" data-src=\"https:\/\/aifec.eu\/congreso2025\/wp-content\/uploads\/2025\/02\/post21071b-e1739193837343.jpg\" class=\"attachment-large size-large wp-image-1170 lazyload\" alt=\"\" data-srcset=\"https:\/\/aifec.eu\/congreso2025\/wp-content\/uploads\/2025\/02\/post21071b-e1739193837343.jpg 895w, https:\/\/aifec.eu\/congreso2025\/wp-content\/uploads\/2025\/02\/post21071b-e1739193837343-300x106.jpg 300w, https:\/\/aifec.eu\/congreso2025\/wp-content\/uploads\/2025\/02\/post21071b-e1739193837343-768x271.jpg 768w\" data-sizes=\"(max-width: 895px) 100vw, 895px\" src=\"data:image\/gif;base64,R0lGODlhAQABAAAAACH5BAEKAAEALAAAAAABAAEAAAICTAEAOw==\" style=\"--smush-placeholder-width: 895px; --smush-placeholder-aspect-ratio: 895\/316;\" \/>\t\t\t\t\t\t\t\t\t\t\t\t\t\t\t<\/div>\n\t\t\t\t<\/div>\n\t\t\t\t<\/div>\n\t\t<div class=\"elementor-element elementor-element-987de30 e-con-full e-flex wpr-particle-no wpr-jarallax-no wpr-parallax-no wpr-sticky-section-no wpr-equal-height-no e-con e-child\" data-id=\"987de30\" data-element_type=\"container\" data-e-type=\"container\" data-settings=\"{&quot;_ha_eqh_enable&quot;:false}\">\n\t\t\t\t<div class=\"elementor-element elementor-element-2990fcc elementor-widget elementor-widget-image\" data-id=\"2990fcc\" data-element_type=\"widget\" data-e-type=\"widget\" data-widget_type=\"image.default\">\n\t\t\t\t<div class=\"elementor-widget-container\">\n\t\t\t\t\t\t\t\t\t\t\t\t\t\t\t<img decoding=\"async\" width=\"300\" height=\"300\" data-src=\"https:\/\/aifec.eu\/congreso2025\/wp-content\/uploads\/2025\/04\/logo_HP_Electric_Blue_keyline-300x300.jpg\" class=\"attachment-medium size-medium wp-image-2149 lazyload\" alt=\"\" data-srcset=\"https:\/\/aifec.eu\/congreso2025\/wp-content\/uploads\/2025\/04\/logo_HP_Electric_Blue_keyline-300x300.jpg 300w, https:\/\/aifec.eu\/congreso2025\/wp-content\/uploads\/2025\/04\/logo_HP_Electric_Blue_keyline-1024x1024.jpg 1024w, https:\/\/aifec.eu\/congreso2025\/wp-content\/uploads\/2025\/04\/logo_HP_Electric_Blue_keyline-150x150.jpg 150w, https:\/\/aifec.eu\/congreso2025\/wp-content\/uploads\/2025\/04\/logo_HP_Electric_Blue_keyline-768x768.jpg 768w, https:\/\/aifec.eu\/congreso2025\/wp-content\/uploads\/2025\/04\/logo_HP_Electric_Blue_keyline-1536x1536.jpg 1536w, https:\/\/aifec.eu\/congreso2025\/wp-content\/uploads\/2025\/04\/logo_HP_Electric_Blue_keyline.jpg 1666w\" data-sizes=\"(max-width: 300px) 100vw, 300px\" src=\"data:image\/gif;base64,R0lGODlhAQABAAAAACH5BAEKAAEALAAAAAABAAEAAAICTAEAOw==\" style=\"--smush-placeholder-width: 300px; --smush-placeholder-aspect-ratio: 300\/300;\" \/>\t\t\t\t\t\t\t\t\t\t\t\t\t\t\t<\/div>\n\t\t\t\t<\/div>\n\t\t\t\t<\/div>\n\t\t\t\t\t<\/div>\n\t\t\t\t<\/div>\n\t\t<div class=\"elementor-element elementor-element-87500a6 e-flex e-con-boxed wpr-particle-no wpr-jarallax-no wpr-parallax-no wpr-sticky-section-no wpr-equal-height-no e-con e-parent\" data-id=\"87500a6\" data-element_type=\"container\" data-e-type=\"container\" data-settings=\"{&quot;_ha_eqh_enable&quot;:false}\">\n\t\t\t\t\t<div class=\"e-con-inner\">\n\t\t\t\t<div class=\"elementor-element elementor-element-1363524 elementor-widget-divider--view-line elementor-widget elementor-widget-divider\" data-id=\"1363524\" data-element_type=\"widget\" data-e-type=\"widget\" data-widget_type=\"divider.default\">\n\t\t\t\t<div class=\"elementor-widget-container\">\n\t\t\t\t\t\t\t<div class=\"elementor-divider\">\n\t\t\t<span class=\"elementor-divider-separator\">\n\t\t\t\t\t\t<\/span>\n\t\t<\/div>\n\t\t\t\t\t\t<\/div>\n\t\t\t\t<\/div>\n\t\t\t\t\t<\/div>\n\t\t\t\t<\/div>\n\t\t<div class=\"elementor-element elementor-element-6e18463 e-flex e-con-boxed wpr-particle-no wpr-jarallax-no wpr-parallax-no wpr-sticky-section-no wpr-equal-height-no e-con e-parent\" data-id=\"6e18463\" data-element_type=\"container\" data-e-type=\"container\" data-settings=\"{&quot;background_background&quot;:&quot;classic&quot;,&quot;_ha_eqh_enable&quot;:false}\">\n\t\t\t\t\t<div class=\"e-con-inner\">\n\t\t\t\t<div class=\"elementor-element elementor-element-5dcffd1 elementor-widget elementor-widget-heading\" data-id=\"5dcffd1\" data-element_type=\"widget\" data-e-type=\"widget\" data-widget_type=\"heading.default\">\n\t\t\t\t<div class=\"elementor-widget-container\">\n\t\t\t\t\t<h2 class=\"elementor-heading-title elementor-size-default\"><u>Acompa\u00f1antes<\/u><\/h2>\t\t\t\t<\/div>\n\t\t\t\t<\/div>\n\t\t\t\t\t<\/div>\n\t\t\t\t<\/div>\n\t\t<div class=\"elementor-element elementor-element-04f8835 e-flex e-con-boxed wpr-particle-no wpr-jarallax-no wpr-parallax-no wpr-sticky-section-no wpr-equal-height-no e-con e-parent\" data-id=\"04f8835\" data-element_type=\"container\" data-e-type=\"container\" data-settings=\"{&quot;_ha_eqh_enable&quot;:false}\">\n\t\t\t\t\t<div class=\"e-con-inner\">\n\t\t\t\t<div class=\"elementor-element elementor-element-862b7f2 elementor-widget elementor-widget-text-editor\" data-id=\"862b7f2\" data-element_type=\"widget\" data-e-type=\"widget\" data-widget_type=\"text-editor.default\">\n\t\t\t\t<div class=\"elementor-widget-container\">\n\t\t\t\t\t\t\t\t\t<p><strong>Excursi\u00f3n a La Laguna: se recomienda calzado c\u00f3modo.<\/strong><\/p>\t\t\t\t\t\t\t\t<\/div>\n\t\t\t\t<\/div>\n\t\t\t\t\t<\/div>\n\t\t\t\t<\/div>\n\t\t<div class=\"elementor-element elementor-element-939ca6f e-flex e-con-boxed wpr-particle-no wpr-jarallax-no wpr-parallax-no wpr-sticky-section-no wpr-equal-height-no e-con e-parent\" data-id=\"939ca6f\" data-element_type=\"container\" data-e-type=\"container\" data-settings=\"{&quot;_ha_eqh_enable&quot;:false}\">\n\t\t\t\t\t<div class=\"e-con-inner\">\n\t\t\t\t<div class=\"elementor-element elementor-element-1e3680b elementor-widget elementor-widget-text-editor\" data-id=\"1e3680b\" data-element_type=\"widget\" data-e-type=\"widget\" data-widget_type=\"text-editor.default\">\n\t\t\t\t<div class=\"elementor-widget-container\">\n\t\t\t\t\t\t\t\t\t<p><strong>-8:45<\/strong> Punto de encuentro en el hall del Hotel<\/p><p><strong>-09:00<\/strong> Salida de los autobuses hacia La Laguna<\/p><p><strong>-09:30- 11:45<\/strong> Visita guiada por el casco hist\u00f3rico de La Laguna con tiempo libre<\/p><p><strong>-11:45<\/strong> Salida desde La Laguna hacia Bodegas Monje<\/p><p><strong>-12:00- 13:00<\/strong> Taller gastron\u00f3mico Mojo Pic\u00f3n en Bodegas Monje<\/p><p><strong>-13:00 \u2013 14:00<\/strong> Visita de las bodegas y vi\u00f1edos<\/p><p><strong>-14:00 \u2013 15:30<\/strong> Almuerzo en Bodegas Monje<\/p><p><strong>-15:30<\/strong> Vuelta al Hotel Bot\u00e1nico<\/p><p><strong>-20:00<\/strong> Punto de encuentro en el hall del Hotel<\/p><p><strong>-20:15<\/strong> Salida desde el Hotel hacia Finca Mackay<br \/><br \/><\/p>\t\t\t\t\t\t\t\t<\/div>\n\t\t\t\t<\/div>\n\t\t\t\t\t<\/div>\n\t\t\t\t<\/div>\n\t\t<div class=\"elementor-element elementor-element-b261dca e-flex e-con-boxed wpr-particle-no wpr-jarallax-no wpr-parallax-no wpr-sticky-section-no wpr-equal-height-no e-con e-parent\" data-id=\"b261dca\" data-element_type=\"container\" data-e-type=\"container\" data-settings=\"{&quot;_ha_eqh_enable&quot;:false}\">\n\t\t\t\t\t<div class=\"e-con-inner\">\n\t\t\t\t<div class=\"elementor-element elementor-element-3fc17a6 elementor-widget elementor-widget-text-editor\" data-id=\"3fc17a6\" data-element_type=\"widget\" data-e-type=\"widget\" data-widget_type=\"text-editor.default\">\n\t\t\t\t<div class=\"elementor-widget-container\">\n\t\t\t\t\t\t\t\t\t<p><b>-20:45 Cena de gala Entrega Premios AIFEC 2025 (se requiere c\u00f3digo de vestimenta Business Formal) Finca Mackay patrocinada por FEDRIGONI y HP<\/b><\/p>\t\t\t\t\t\t\t\t<\/div>\n\t\t\t\t<\/div>\n\t\t\t\t\t<\/div>\n\t\t\t\t<\/div>\n\t\t<div class=\"elementor-element elementor-element-78fbfee e-flex e-con-boxed wpr-particle-no wpr-jarallax-no wpr-parallax-no wpr-sticky-section-no wpr-equal-height-no e-con e-parent\" data-id=\"78fbfee\" data-element_type=\"container\" data-e-type=\"container\" data-settings=\"{&quot;_ha_eqh_enable&quot;:false}\">\n\t\t\t\t\t<div class=\"e-con-inner\">\n\t\t<div class=\"elementor-element elementor-element-07545a3 e-con-full e-flex wpr-particle-no wpr-jarallax-no wpr-parallax-no wpr-sticky-section-no wpr-equal-height-no e-con e-child\" data-id=\"07545a3\" data-element_type=\"container\" data-e-type=\"container\" data-settings=\"{&quot;_ha_eqh_enable&quot;:false}\">\n\t\t\t\t<div class=\"elementor-element elementor-element-71c7de1 elementor-widget elementor-widget-image\" data-id=\"71c7de1\" data-element_type=\"widget\" data-e-type=\"widget\" data-widget_type=\"image.default\">\n\t\t\t\t<div class=\"elementor-widget-container\">\n\t\t\t\t\t\t\t\t\t\t\t\t\t\t\t<img decoding=\"async\" width=\"895\" height=\"316\" data-src=\"https:\/\/aifec.eu\/congreso2025\/wp-content\/uploads\/2025\/02\/post21071b-e1739193837343.jpg\" class=\"attachment-large size-large wp-image-1170 lazyload\" alt=\"\" data-srcset=\"https:\/\/aifec.eu\/congreso2025\/wp-content\/uploads\/2025\/02\/post21071b-e1739193837343.jpg 895w, https:\/\/aifec.eu\/congreso2025\/wp-content\/uploads\/2025\/02\/post21071b-e1739193837343-300x106.jpg 300w, https:\/\/aifec.eu\/congreso2025\/wp-content\/uploads\/2025\/02\/post21071b-e1739193837343-768x271.jpg 768w\" data-sizes=\"(max-width: 895px) 100vw, 895px\" src=\"data:image\/gif;base64,R0lGODlhAQABAAAAACH5BAEKAAEALAAAAAABAAEAAAICTAEAOw==\" style=\"--smush-placeholder-width: 895px; --smush-placeholder-aspect-ratio: 895\/316;\" \/>\t\t\t\t\t\t\t\t\t\t\t\t\t\t\t<\/div>\n\t\t\t\t<\/div>\n\t\t\t\t<\/div>\n\t\t<div class=\"elementor-element elementor-element-19d8d2d e-con-full e-flex wpr-particle-no wpr-jarallax-no wpr-parallax-no wpr-sticky-section-no wpr-equal-height-no e-con e-child\" data-id=\"19d8d2d\" data-element_type=\"container\" data-e-type=\"container\" data-settings=\"{&quot;_ha_eqh_enable&quot;:false}\">\n\t\t\t\t<div class=\"elementor-element elementor-element-a74db59 elementor-widget elementor-widget-image\" data-id=\"a74db59\" data-element_type=\"widget\" data-e-type=\"widget\" data-widget_type=\"image.default\">\n\t\t\t\t<div class=\"elementor-widget-container\">\n\t\t\t\t\t\t\t\t\t\t\t\t\t\t\t<img decoding=\"async\" width=\"300\" height=\"300\" data-src=\"https:\/\/aifec.eu\/congreso2025\/wp-content\/uploads\/2025\/04\/logo_HP_Electric_Blue_keyline-300x300.jpg\" class=\"attachment-medium size-medium wp-image-2149 lazyload\" alt=\"\" data-srcset=\"https:\/\/aifec.eu\/congreso2025\/wp-content\/uploads\/2025\/04\/logo_HP_Electric_Blue_keyline-300x300.jpg 300w, https:\/\/aifec.eu\/congreso2025\/wp-content\/uploads\/2025\/04\/logo_HP_Electric_Blue_keyline-1024x1024.jpg 1024w, https:\/\/aifec.eu\/congreso2025\/wp-content\/uploads\/2025\/04\/logo_HP_Electric_Blue_keyline-150x150.jpg 150w, https:\/\/aifec.eu\/congreso2025\/wp-content\/uploads\/2025\/04\/logo_HP_Electric_Blue_keyline-768x768.jpg 768w, https:\/\/aifec.eu\/congreso2025\/wp-content\/uploads\/2025\/04\/logo_HP_Electric_Blue_keyline-1536x1536.jpg 1536w, https:\/\/aifec.eu\/congreso2025\/wp-content\/uploads\/2025\/04\/logo_HP_Electric_Blue_keyline.jpg 1666w\" data-sizes=\"(max-width: 300px) 100vw, 300px\" src=\"data:image\/gif;base64,R0lGODlhAQABAAAAACH5BAEKAAEALAAAAAABAAEAAAICTAEAOw==\" style=\"--smush-placeholder-width: 300px; --smush-placeholder-aspect-ratio: 300\/300;\" \/>\t\t\t\t\t\t\t\t\t\t\t\t\t\t\t<\/div>\n\t\t\t\t<\/div>\n\t\t\t\t<\/div>\n\t\t\t\t\t<\/div>\n\t\t\t\t<\/div>\n\t\t\t\t<\/div>\n\t\t","protected":false},"excerpt":{"rendered":"<p>Programa Congreso AIFEC 202516 de Mayo Congresistas Sesi\u00f3n de Ma\u00f1ana &#8211; 9:00 Apertura &#8211; 9:15 \u2013 10:15 Mesa redonda sobre el sector. \u201cRelevo generacional. Diagn\u00f3stico y perspectivas de futuro.\u201d Durante esta mesa redonda abordaremos el proceso de cambio generacional en el sector de la etiqueta. En una primera parte en forma de diagn\u00f3stico analizaremos el proceso de c\u00f3mo se ha vivido, los l\u00edmites y las objeciones encontradas. Y posteriormente, la evoluci\u00f3n dada a la empresa por las nuevas generaciones y sus perspectivas de futuro. &#8211; 10:20 &#8211; 10:40\u00a0WINK \u2013 \u00abL\u00e1ser vs troquelado: \u00bfrivalidad magn\u00e9tica o alianza estrat\u00e9gica?.\u00bb\u00a0Fabrizio Decio,\u00a0CEO\u00a0\u00a0y Ettore Colico,\u00a0Converting Director en SEI Laser. -10:45 &#8211; 11:30 Pausa Caf\u00e9\u00a0\u2013 Visita de la zona expo y votaci\u00f3n del p\u00fablico para los PREMIOS AIFEC 2025 a trav\u00e9s de la APP 10:45 \u2013 11:00\u00a0Taller:\u00a0\u00abInteligencia Artificial (IA) y Ciberseguridad en el Crecimiento Empresarial.\u00bb. Tony Garc\u00eda, Business Manager Spain &amp; Latin America en SISTRADE -11:30 &#8211; 11:50 XEIKON\u2013 \u00abM\u00e1s all\u00e1 de las etiquetas: innovar, automatizar, mejorar\u00bb \u2013 \u00a0Jeroen Van Bauwel, Solutions Director. &#8211; 11:55 \u2013 12:15\u00a0CONSULTORES ASOCIADOS \u2013 \u00abLa excelencia en la gesti\u00f3n a trav\u00e9s de la digitalizaci\u00f3n.\u00bb\u00a0Pedro Hern\u00e1ndez,\u00a0Responsable de Ventas. &#8211; 12: 20 &#8211; 12:40 HP \u2013\u00abComo hp trabaja con las marcas y sus clientes.\u00bb\u00a0Eduardo Orri,\u00a0GM hp indigo Iberia -12:45 &#8211; 13:45 \u201cEl tsunami de la IA: Claves para pensar (y actuar) en el futuro de tu empresa.\u201d a cargo de Gustavo Entrala. Patrocinado por UPM Raflatac &#8211; 13:45 -15:15 Almuerzo de trabajo en el restaurante Palmera Real del Hotel Bot\u00e1nico patrocinado por LECTA SELF-ADHESIVES Sesi\u00f3n de Tarde \u2013 15:20 \u2013 15:40 BST GROUP \u2013 \u00ab\u00bfTecnolog\u00eda Responsable?, Solo si Hay un Gran Equipo detr\u00e1s.\u00bb Ricardo Cabeza\/Managing Director de BST Ib\u00e9rica Barcelona S.L. \u2013 15: 45 \u2013 16:15\u00a0 RSC Km 0: el Global 360, motor de disrupci\u00f3n a cargo de Ivo G\u00fcell. Patrocinada por FUJIFILM -16:15 \u201316:40 Pausa Caf\u00e9 \u2013 Visita de la zona expo y votaci\u00f3n del p\u00fablico para los PREMIOS AIFEC 2025 a trav\u00e9s de la APP 16:15- 16:30 Taller: \u00abLaboratorio de etiquetas digitales: Inyecci\u00f3n de \u00e9xito.\u00bb. Borja Henche, Regional Manager Spain en SCREEN -16:45 \u2013 17:05 GRUPO IMPRYMA \u2013 \u00abLa importancia de la racla en la impresi\u00f3n flexo.\u00bb F\u00e9lix Prieto, CEO \/ General Manager.\u00a0 -17: 10 -18:10\u00a0\u201cGesti\u00f3n del Talento en las Empresas. La clave est\u00e1 en ti\u201d a cargo de David Mart\u00edn. Patrocinado por AVERY DENNISON \u2013 18:15\u00a0Fotograf\u00eda de grupo y cierre \u2013 20:00 Punto de encuentro en el hall del Hotel \u2013 20:15 Salida desde el Hotel hacia Finca Mackay \u00a0 &#8211; 20:45 Cena de gala y entrega de los Premios AIFEC 2025 en Finca Mackay (se requiere c\u00f3digo de vestimenta Business Formal). Patrocinada por FEDRIGONI y HP Acompa\u00f1antes Excursi\u00f3n a La Laguna: se recomienda calzado c\u00f3modo. -8:45 Punto de encuentro en el hall del Hotel -09:00 Salida de los autobuses hacia La Laguna -09:30- 11:45 Visita guiada por el casco hist\u00f3rico de La Laguna con tiempo libre -11:45 Salida desde La Laguna hacia Bodegas Monje -12:00- 13:00 Taller gastron\u00f3mico Mojo Pic\u00f3n en Bodegas Monje -13:00 \u2013 14:00 Visita de las bodegas y vi\u00f1edos -14:00 \u2013 15:30 Almuerzo en Bodegas Monje -15:30 Vuelta al Hotel Bot\u00e1nico -20:00 Punto de encuentro en el hall del Hotel -20:15 Salida desde el Hotel hacia Finca Mackay -20:45 Cena de gala Entrega Premios AIFEC 2025 (se requiere c\u00f3digo de vestimenta Business Formal) Finca Mackay patrocinada por FEDRIGONI y HP<\/p>\n","protected":false},"author":1,"featured_media":0,"parent":0,"menu_order":0,"comment_status":"closed","ping_status":"closed","template":"elementor_header_footer","meta":{"site-sidebar-layout":"no-sidebar","site-content-layout":"","ast-site-content-layout":"full-width-container","site-content-style":"default","site-sidebar-style":"default","ast-global-header-display":"","ast-banner-title-visibility":"","ast-main-header-display":"","ast-hfb-above-header-display":"","ast-hfb-below-header-display":"","ast-hfb-mobile-header-display":"","site-post-title":"disabled","ast-breadcrumbs-content":"","ast-featured-img":"disabled","footer-sml-layout":"","theme-transparent-header-meta":"","adv-header-id-meta":"","stick-header-meta":"","header-above-stick-meta":"","header-main-stick-meta":"","header-below-stick-meta":"","astra-migrate-meta-layouts":"default","ast-page-background-enabled":"default","ast-page-background-meta":{"desktop":{"background-color":"var(--ast-global-color-4)","background-image":"","background-repeat":"repeat","background-position":"center center","background-size":"auto","background-attachment":"scroll","background-type":"","background-media":"","overlay-type":"","overlay-color":"","overlay-opacity":"","overlay-gradient":""},"tablet":{"background-color":"","background-image":"","background-repeat":"repeat","background-position":"center center","background-size":"auto","background-attachment":"scroll","background-type":"","background-media":"","overlay-type":"","overlay-color":"","overlay-opacity":"","overlay-gradient":""},"mobile":{"background-color":"","background-image":"","background-repeat":"repeat","background-position":"center center","background-size":"auto","background-attachment":"scroll","background-type":"","background-media":"","overlay-type":"","overlay-color":"","overlay-opacity":"","overlay-gradient":""}},"ast-content-background-meta":{"desktop":{"background-color":"var(--ast-global-color-5)","background-image":"","background-repeat":"repeat","background-position":"center center","background-size":"auto","background-attachment":"scroll","background-type":"","background-media":"","overlay-type":"","overlay-color":"","overlay-opacity":"","overlay-gradient":""},"tablet":{"background-color":"var(--ast-global-color-5)","background-image":"","background-repeat":"repeat","background-position":"center center","background-size":"auto","background-attachment":"scroll","background-type":"","background-media":"","overlay-type":"","overlay-color":"","overlay-opacity":"","overlay-gradient":""},"mobile":{"background-color":"var(--ast-global-color-5)","background-image":"","background-repeat":"repeat","background-position":"center center","background-size":"auto","background-attachment":"scroll","background-type":"","background-media":"","overlay-type":"","overlay-color":"","overlay-opacity":"","overlay-gradient":""}},"footnotes":""},"class_list":["post-555","page","type-page","status-publish","hentry"],"_links":{"self":[{"href":"https:\/\/aifec.eu\/congreso2025\/wp-json\/wp\/v2\/pages\/555","targetHints":{"allow":["GET"]}}],"collection":[{"href":"https:\/\/aifec.eu\/congreso2025\/wp-json\/wp\/v2\/pages"}],"about":[{"href":"https:\/\/aifec.eu\/congreso2025\/wp-json\/wp\/v2\/types\/page"}],"author":[{"embeddable":true,"href":"https:\/\/aifec.eu\/congreso2025\/wp-json\/wp\/v2\/users\/1"}],"replies":[{"embeddable":true,"href":"https:\/\/aifec.eu\/congreso2025\/wp-json\/wp\/v2\/comments?post=555"}],"version-history":[{"count":289,"href":"https:\/\/aifec.eu\/congreso2025\/wp-json\/wp\/v2\/pages\/555\/revisions"}],"predecessor-version":[{"id":2205,"href":"https:\/\/aifec.eu\/congreso2025\/wp-json\/wp\/v2\/pages\/555\/revisions\/2205"}],"wp:attachment":[{"href":"https:\/\/aifec.eu\/congreso2025\/wp-json\/wp\/v2\/media?parent=555"}],"curies":[{"name":"wp","href":"https:\/\/api.w.org\/{rel}","templated":true}]}}