{"id":553,"date":"2025-01-29T06:55:06","date_gmt":"2025-01-29T09:55:06","guid":{"rendered":"https:\/\/aifec.eu\/congreso2025\/?page_id=553"},"modified":"2025-04-03T08:32:22","modified_gmt":"2025-04-03T11:32:22","slug":"15-de-mayo","status":"publish","type":"page","link":"https:\/\/aifec.eu\/congreso2025\/15-de-mayo\/","title":{"rendered":"15 de Mayo"},"content":{"rendered":"\t\t<div data-elementor-type=\"wp-page\" data-elementor-id=\"553\" class=\"elementor elementor-553\" data-elementor-settings=\"{&quot;ha_cmc_init_switcher&quot;:&quot;no&quot;}\">\n\t\t\t\t<div class=\"elementor-element elementor-element-1c43b1d e-flex e-con-boxed wpr-particle-no wpr-jarallax-no wpr-parallax-no wpr-sticky-section-no wpr-equal-height-no e-con e-parent\" data-id=\"1c43b1d\" data-element_type=\"container\" data-e-type=\"container\" data-settings=\"{&quot;_ha_eqh_enable&quot;:false}\">\n\t\t\t\t\t<div class=\"e-con-inner\">\n\t\t\t\t<div class=\"elementor-element elementor-element-24d1f17 elementor-widget elementor-widget-heading\" data-id=\"24d1f17\" data-element_type=\"widget\" data-e-type=\"widget\" data-widget_type=\"heading.default\">\n\t\t\t\t<div class=\"elementor-widget-container\">\n\t\t\t\t\t<h2 class=\"elementor-heading-title elementor-size-default\">Programa\n Congreso AIFEC 2025<br>15 de Mayo<\/h2>\t\t\t\t<\/div>\n\t\t\t\t<\/div>\n\t\t\t\t\t<\/div>\n\t\t\t\t<\/div>\n\t\t<div class=\"elementor-element elementor-element-46c4fa6 e-flex e-con-boxed wpr-particle-no wpr-jarallax-no wpr-parallax-no wpr-sticky-section-no wpr-equal-height-no e-con e-parent\" data-id=\"46c4fa6\" data-element_type=\"container\" data-e-type=\"container\" data-settings=\"{&quot;background_background&quot;:&quot;classic&quot;,&quot;_ha_eqh_enable&quot;:false}\">\n\t\t\t\t\t<div class=\"e-con-inner\">\n\t\t\t\t<div class=\"elementor-element elementor-element-93afd3b elementor-widget elementor-widget-heading\" data-id=\"93afd3b\" data-element_type=\"widget\" data-e-type=\"widget\" data-widget_type=\"heading.default\">\n\t\t\t\t<div class=\"elementor-widget-container\">\n\t\t\t\t\t<h2 class=\"elementor-heading-title elementor-size-default\"><u>Congresistas<\/u><\/h2>\t\t\t\t<\/div>\n\t\t\t\t<\/div>\n\t\t\t\t\t<\/div>\n\t\t\t\t<\/div>\n\t\t<div class=\"elementor-element elementor-element-d34f935 e-flex e-con-boxed wpr-particle-no wpr-jarallax-no wpr-parallax-no wpr-sticky-section-no wpr-equal-height-no e-con e-parent\" data-id=\"d34f935\" data-element_type=\"container\" data-e-type=\"container\" data-settings=\"{&quot;_ha_eqh_enable&quot;:false}\">\n\t\t\t\t\t<div class=\"e-con-inner\">\n\t\t\t\t<div class=\"elementor-element elementor-element-fed4eb4 elementor-widget elementor-widget-text-editor\" data-id=\"fed4eb4\" data-element_type=\"widget\" data-e-type=\"widget\" data-widget_type=\"text-editor.default\">\n\t\t\t\t<div class=\"elementor-widget-container\">\n\t\t\t\t\t\t\t\t\t<p><strong>-13:00<\/strong> Entrega de acreditaciones<\/p><p><b>-15:00<\/b> Junta Directiva de AIFEC\u00a0(solo para miembros de la Junta Directiva)<\/p><p><b>-17:15 \u2013 17:45<\/b> Caf\u00e9 de Bienvenida \u2013 Visita de la zona expo y votaci\u00f3n del p\u00fablico de los Premios AIFEC a trav\u00e9s de la APP<\/p><p><b>-17:45 \u2013 18:45<\/b> Asamblea General AIFEC 2025<\/p><div>&#8211;<b>18:45 \u2013 19:05 <\/b>Presentaci\u00f3n del Estudio de Benchmarking\u00a0<\/div><div>\u00a0<\/div><p><b>-20:30<\/b> Bienvenida &amp; Apertura del Congreso \u2013 a cargo del Presidente de AIFEC<\/p>\t\t\t\t\t\t\t\t<\/div>\n\t\t\t\t<\/div>\n\t\t\t\t\t<\/div>\n\t\t\t\t<\/div>\n\t\t<div class=\"elementor-element elementor-element-c050995 e-flex e-con-boxed wpr-particle-no wpr-jarallax-no wpr-parallax-no wpr-sticky-section-no wpr-equal-height-no e-con e-parent\" data-id=\"c050995\" data-element_type=\"container\" data-e-type=\"container\" data-settings=\"{&quot;_ha_eqh_enable&quot;:false}\">\n\t\t\t\t\t<div class=\"e-con-inner\">\n\t\t\t\t<div class=\"elementor-element elementor-element-6adeb72 elementor-widget elementor-widget-text-editor\" data-id=\"6adeb72\" data-element_type=\"widget\" data-e-type=\"widget\" data-widget_type=\"text-editor.default\">\n\t\t\t\t<div class=\"elementor-widget-container\">\n\t\t\t\t\t\t\t\t\t<p><b>Cocktail cena de Bienvenida en los jardines del Hotel Bot\u00e1nico patrocinada por BOBST<\/b><\/p><p><img decoding=\"async\" class=\"alignnone wp-image-1243 lazyload\" data-src=\"https:\/\/aifec.eu\/congreso2025\/wp-content\/uploads\/2025\/02\/bobst-vector-logo-300x167.png\" alt=\"\" width=\"153\" height=\"86\" data-srcset=\"https:\/\/aifec.eu\/congreso2025\/wp-content\/uploads\/2025\/02\/bobst-vector-logo-300x167.png 300w, https:\/\/aifec.eu\/congreso2025\/wp-content\/uploads\/2025\/02\/bobst-vector-logo-768x427.png 768w, https:\/\/aifec.eu\/congreso2025\/wp-content\/uploads\/2025\/02\/bobst-vector-logo.png 900w\" data-sizes=\"(max-width: 153px) 100vw, 153px\" src=\"data:image\/gif;base64,R0lGODlhAQABAAAAACH5BAEKAAEALAAAAAABAAEAAAICTAEAOw==\" style=\"--smush-placeholder-width: 153px; --smush-placeholder-aspect-ratio: 153\/86;\" \/><\/p>\t\t\t\t\t\t\t\t<\/div>\n\t\t\t\t<\/div>\n\t\t\t\t\t<\/div>\n\t\t\t\t<\/div>\n\t\t<div class=\"elementor-element elementor-element-856724b e-flex e-con-boxed wpr-particle-no wpr-jarallax-no wpr-parallax-no wpr-sticky-section-no wpr-equal-height-no e-con e-parent\" data-id=\"856724b\" data-element_type=\"container\" data-e-type=\"container\" data-settings=\"{&quot;_ha_eqh_enable&quot;:false}\">\n\t\t\t\t\t<div class=\"e-con-inner\">\n\t\t\t\t<div class=\"elementor-element elementor-element-8bfd3a6 elementor-widget-divider--view-line elementor-widget elementor-widget-divider\" data-id=\"8bfd3a6\" data-element_type=\"widget\" data-e-type=\"widget\" data-widget_type=\"divider.default\">\n\t\t\t\t<div class=\"elementor-widget-container\">\n\t\t\t\t\t\t\t<div class=\"elementor-divider\">\n\t\t\t<span class=\"elementor-divider-separator\">\n\t\t\t\t\t\t<\/span>\n\t\t<\/div>\n\t\t\t\t\t\t<\/div>\n\t\t\t\t<\/div>\n\t\t\t\t\t<\/div>\n\t\t\t\t<\/div>\n\t\t<div class=\"elementor-element elementor-element-5473085 e-flex e-con-boxed wpr-particle-no wpr-jarallax-no wpr-parallax-no wpr-sticky-section-no wpr-equal-height-no e-con e-parent\" data-id=\"5473085\" data-element_type=\"container\" data-e-type=\"container\" data-settings=\"{&quot;background_background&quot;:&quot;classic&quot;,&quot;_ha_eqh_enable&quot;:false}\">\n\t\t\t\t\t<div class=\"e-con-inner\">\n\t\t\t\t<div class=\"elementor-element elementor-element-3aafae6 elementor-widget elementor-widget-heading\" data-id=\"3aafae6\" data-element_type=\"widget\" data-e-type=\"widget\" data-widget_type=\"heading.default\">\n\t\t\t\t<div class=\"elementor-widget-container\">\n\t\t\t\t\t<h2 class=\"elementor-heading-title elementor-size-default\"><u>Acompa\u00f1antes<\/u><\/h2>\t\t\t\t<\/div>\n\t\t\t\t<\/div>\n\t\t\t\t\t<\/div>\n\t\t\t\t<\/div>\n\t\t<div class=\"elementor-element elementor-element-e1a8625 e-flex e-con-boxed wpr-particle-no wpr-jarallax-no wpr-parallax-no wpr-sticky-section-no wpr-equal-height-no e-con e-parent\" data-id=\"e1a8625\" data-element_type=\"container\" data-e-type=\"container\" data-settings=\"{&quot;_ha_eqh_enable&quot;:false}\">\n\t\t\t\t\t<div class=\"e-con-inner\">\n\t\t\t\t<div class=\"elementor-element elementor-element-180f39e elementor-widget elementor-widget-text-editor\" data-id=\"180f39e\" data-element_type=\"widget\" data-e-type=\"widget\" data-widget_type=\"text-editor.default\">\n\t\t\t\t<div class=\"elementor-widget-container\">\n\t\t\t\t\t\t\t\t\t<p><strong>-13:00<\/strong> Entrega de acreditaciones<\/p><p><strong>-20:30<\/strong> Bienvenida &amp; Apertura del Congreso \u2013 a cargo del Presidente de AIFEC<\/p>\t\t\t\t\t\t\t\t<\/div>\n\t\t\t\t<\/div>\n\t\t\t\t\t<\/div>\n\t\t\t\t<\/div>\n\t\t<div class=\"elementor-element elementor-element-b443695 e-flex e-con-boxed wpr-particle-no wpr-jarallax-no wpr-parallax-no wpr-sticky-section-no wpr-equal-height-no e-con e-parent\" data-id=\"b443695\" data-element_type=\"container\" data-e-type=\"container\" data-settings=\"{&quot;_ha_eqh_enable&quot;:false}\">\n\t\t\t\t\t<div class=\"e-con-inner\">\n\t\t\t\t<div class=\"elementor-element elementor-element-fa280e4 elementor-widget elementor-widget-text-editor\" data-id=\"fa280e4\" data-element_type=\"widget\" data-e-type=\"widget\" data-widget_type=\"text-editor.default\">\n\t\t\t\t<div class=\"elementor-widget-container\">\n\t\t\t\t\t\t\t\t\t<p><b>Cocktail cena de Bienvenida en los jardines del Hotel Bot\u00e1nico patrocinada por BOBST<\/b><\/p><p><img decoding=\"async\" class=\"alignnone wp-image-1243 lazyload\" data-src=\"https:\/\/aifec.eu\/congreso2025\/wp-content\/uploads\/2025\/02\/bobst-vector-logo-300x167.png\" alt=\"\" width=\"153\" height=\"86\" data-srcset=\"https:\/\/aifec.eu\/congreso2025\/wp-content\/uploads\/2025\/02\/bobst-vector-logo-300x167.png 300w, https:\/\/aifec.eu\/congreso2025\/wp-content\/uploads\/2025\/02\/bobst-vector-logo-768x427.png 768w, https:\/\/aifec.eu\/congreso2025\/wp-content\/uploads\/2025\/02\/bobst-vector-logo.png 900w\" data-sizes=\"(max-width: 153px) 100vw, 153px\" src=\"data:image\/gif;base64,R0lGODlhAQABAAAAACH5BAEKAAEALAAAAAABAAEAAAICTAEAOw==\" style=\"--smush-placeholder-width: 153px; --smush-placeholder-aspect-ratio: 153\/86;\" \/><\/p>\t\t\t\t\t\t\t\t<\/div>\n\t\t\t\t<\/div>\n\t\t\t\t\t<\/div>\n\t\t\t\t<\/div>\n\t\t\t\t<\/div>\n\t\t","protected":false},"excerpt":{"rendered":"<p>Programa Congreso AIFEC 202515 de Mayo Congresistas -13:00 Entrega de acreditaciones -15:00 Junta Directiva de AIFEC\u00a0(solo para miembros de la Junta Directiva) -17:15 \u2013 17:45 Caf\u00e9 de Bienvenida \u2013 Visita de la zona expo y votaci\u00f3n del p\u00fablico de los Premios AIFEC a trav\u00e9s de la APP -17:45 \u2013 18:45 Asamblea General AIFEC 2025 &#8211;18:45 \u2013 19:05 Presentaci\u00f3n del Estudio de Benchmarking\u00a0\u00a0 -20:30 Bienvenida &amp; Apertura del Congreso \u2013 a cargo del Presidente de AIFEC Cocktail cena de Bienvenida en los jardines del Hotel Bot\u00e1nico patrocinada por BOBST Acompa\u00f1antes -13:00 Entrega de acreditaciones -20:30 Bienvenida &amp; Apertura del Congreso \u2013 a cargo del Presidente de AIFEC Cocktail cena de Bienvenida en los jardines del Hotel Bot\u00e1nico patrocinada por BOBST<\/p>\n","protected":false},"author":1,"featured_media":0,"parent":0,"menu_order":0,"comment_status":"closed","ping_status":"closed","template":"elementor_header_footer","meta":{"site-sidebar-layout":"no-sidebar","site-content-layout":"","ast-site-content-layout":"full-width-container","site-content-style":"default","site-sidebar-style":"default","ast-global-header-display":"","ast-banner-title-visibility":"","ast-main-header-display":"","ast-hfb-above-header-display":"","ast-hfb-below-header-display":"","ast-hfb-mobile-header-display":"","site-post-title":"disabled","ast-breadcrumbs-content":"","ast-featured-img":"disabled","footer-sml-layout":"","theme-transparent-header-meta":"","adv-header-id-meta":"","stick-header-meta":"","header-above-stick-meta":"","header-main-stick-meta":"","header-below-stick-meta":"","astra-migrate-meta-layouts":"default","ast-page-background-enabled":"default","ast-page-background-meta":{"desktop":{"background-color":"var(--ast-global-color-4)","background-image":"","background-repeat":"repeat","background-position":"center center","background-size":"auto","background-attachment":"scroll","background-type":"","background-media":"","overlay-type":"","overlay-color":"","overlay-opacity":"","overlay-gradient":""},"tablet":{"background-color":"","background-image":"","background-repeat":"repeat","background-position":"center center","background-size":"auto","background-attachment":"scroll","background-type":"","background-media":"","overlay-type":"","overlay-color":"","overlay-opacity":"","overlay-gradient":""},"mobile":{"background-color":"","background-image":"","background-repeat":"repeat","background-position":"center center","background-size":"auto","background-attachment":"scroll","background-type":"","background-media":"","overlay-type":"","overlay-color":"","overlay-opacity":"","overlay-gradient":""}},"ast-content-background-meta":{"desktop":{"background-color":"var(--ast-global-color-5)","background-image":"","background-repeat":"repeat","background-position":"center center","background-size":"auto","background-attachment":"scroll","background-type":"","background-media":"","overlay-type":"","overlay-color":"","overlay-opacity":"","overlay-gradient":""},"tablet":{"background-color":"var(--ast-global-color-5)","background-image":"","background-repeat":"repeat","background-position":"center center","background-size":"auto","background-attachment":"scroll","background-type":"","background-media":"","overlay-type":"","overlay-color":"","overlay-opacity":"","overlay-gradient":""},"mobile":{"background-color":"var(--ast-global-color-5)","background-image":"","background-repeat":"repeat","background-position":"center center","background-size":"auto","background-attachment":"scroll","background-type":"","background-media":"","overlay-type":"","overlay-color":"","overlay-opacity":"","overlay-gradient":""}},"footnotes":""},"class_list":["post-553","page","type-page","status-publish","hentry"],"_links":{"self":[{"href":"https:\/\/aifec.eu\/congreso2025\/wp-json\/wp\/v2\/pages\/553","targetHints":{"allow":["GET"]}}],"collection":[{"href":"https:\/\/aifec.eu\/congreso2025\/wp-json\/wp\/v2\/pages"}],"about":[{"href":"https:\/\/aifec.eu\/congreso2025\/wp-json\/wp\/v2\/types\/page"}],"author":[{"embeddable":true,"href":"https:\/\/aifec.eu\/congreso2025\/wp-json\/wp\/v2\/users\/1"}],"replies":[{"embeddable":true,"href":"https:\/\/aifec.eu\/congreso2025\/wp-json\/wp\/v2\/comments?post=553"}],"version-history":[{"count":133,"href":"https:\/\/aifec.eu\/congreso2025\/wp-json\/wp\/v2\/pages\/553\/revisions"}],"predecessor-version":[{"id":2135,"href":"https:\/\/aifec.eu\/congreso2025\/wp-json\/wp\/v2\/pages\/553\/revisions\/2135"}],"wp:attachment":[{"href":"https:\/\/aifec.eu\/congreso2025\/wp-json\/wp\/v2\/media?parent=553"}],"curies":[{"name":"wp","href":"https:\/\/api.w.org\/{rel}","templated":true}]}}