{"id":20,"date":"2024-12-02T15:14:52","date_gmt":"2024-12-02T18:14:52","guid":{"rendered":"https:\/\/aifec.eu\/congreso2025\/?page_id=20"},"modified":"2025-04-07T11:48:10","modified_gmt":"2025-04-07T14:48:10","slug":"conferencias","status":"publish","type":"page","link":"https:\/\/aifec.eu\/congreso2025\/conferencias\/","title":{"rendered":"Conferencias"},"content":{"rendered":"\t\t<div data-elementor-type=\"wp-page\" data-elementor-id=\"20\" class=\"elementor elementor-20\" data-elementor-settings=\"{&quot;ha_cmc_init_switcher&quot;:&quot;no&quot;}\">\n\t\t\t\t<div class=\"elementor-element elementor-element-12a903fb e-flex e-con-boxed wpr-particle-no wpr-jarallax-no wpr-parallax-no wpr-sticky-section-no wpr-equal-height-no e-con e-parent\" data-id=\"12a903fb\" data-element_type=\"container\" data-e-type=\"container\" data-settings=\"{&quot;_ha_eqh_enable&quot;:false}\">\n\t\t\t\t\t<div class=\"e-con-inner\">\n\t\t\t\t<div class=\"elementor-element elementor-element-1fbabd3 elementor-widget elementor-widget-heading\" data-id=\"1fbabd3\" data-element_type=\"widget\" data-e-type=\"widget\" data-widget_type=\"heading.default\">\n\t\t\t\t<div class=\"elementor-widget-container\">\n\t\t\t\t\t<h2 class=\"elementor-heading-title elementor-size-default\">Conferencias<\/h2>\t\t\t\t<\/div>\n\t\t\t\t<\/div>\n\t\t\t\t\t<\/div>\n\t\t\t\t<\/div>\n\t\t\t\t<section class=\"elementor-section elementor-top-section elementor-element elementor-element-1abaa689 elementor-section-boxed elementor-section-height-default elementor-section-height-default wpr-particle-no wpr-jarallax-no wpr-parallax-no wpr-sticky-section-no wpr-equal-height-no\" data-id=\"1abaa689\" data-element_type=\"section\" data-e-type=\"section\" data-settings=\"{&quot;_ha_eqh_enable&quot;:false}\">\n\t\t\t\t\t\t\t<div class=\"elementor-background-overlay\"><\/div>\n\t\t\t\t\t\t\t<div class=\"elementor-container elementor-column-gap-default\">\n\t\t\t\t\t<div class=\"elementor-column elementor-col-100 elementor-top-column elementor-element elementor-element-52669519\" data-id=\"52669519\" data-element_type=\"column\" data-e-type=\"column\">\n\t\t\t<div class=\"elementor-widget-wrap elementor-element-populated\">\n\t\t\t\t\t\t<section class=\"elementor-section elementor-inner-section elementor-element elementor-element-7087ae1b elementor-section-boxed elementor-section-height-default elementor-section-height-default wpr-particle-no wpr-jarallax-no wpr-parallax-no wpr-sticky-section-no wpr-equal-height-no\" data-id=\"7087ae1b\" data-element_type=\"section\" data-e-type=\"section\" data-settings=\"{&quot;_ha_eqh_enable&quot;:false}\">\n\t\t\t\t\t\t<div class=\"elementor-container elementor-column-gap-default\">\n\t\t\t\t\t<div class=\"elementor-column elementor-col-100 elementor-inner-column elementor-element elementor-element-46f342af\" data-id=\"46f342af\" data-element_type=\"column\" data-e-type=\"column\">\n\t\t\t<div class=\"elementor-widget-wrap elementor-element-populated\">\n\t\t\t\t\t\t<div class=\"elementor-element elementor-element-5ce150af wpr-team-member-divider-center ha-has-bg-overlay elementor-widget elementor-widget-wpr-team-member\" data-id=\"5ce150af\" data-element_type=\"widget\" data-e-type=\"widget\" data-widget_type=\"wpr-team-member.default\">\n\t\t\t\t<div class=\"elementor-widget-container\">\n\t\t\t\t\t\n\t<div class=\"wpr-team-member\">\n\t\t\t\t\t\n\t\t\t<div class=\"wpr-member-media\">\n\t\t\t\t<div class=\"wpr-member-image\">\n\t\t\t\t\t<img decoding=\"async\" data-src=\"https:\/\/aifec.eu\/congreso2025\/wp-content\/uploads\/2025\/02\/Gustavo_Entrala_LLYC-2.jpeg\" alt=\"Gustavo Entrala\" src=\"data:image\/gif;base64,R0lGODlhAQABAAAAACH5BAEKAAEALAAAAAABAAEAAAICTAEAOw==\" class=\"lazyload\" style=\"--smush-placeholder-width: 640px; --smush-placeholder-aspect-ratio: 640\/427;\">\n\t\t\t\t<\/div>\n\t\t\t\t\t\t\t<\/div>\n\t\t\t\t\n\t\t\n\t\t<div class=\"wpr-member-content\">\n\t\t\t<h3 class=\"wpr-member-name\">Gustavo Entrala<\/h3>\n\t\t\t\t\t\t\t<div class=\"wpr-member-divider\"><\/div>\n\t\t\t\n\t\t\t\t\t\t\t<div class=\"wpr-member-job\">El tsunami de la IA: Claves para pensar (y actuar) en el futuro de tu empresa<\/div>\n\t\t\t\n\t\t\t\n\t\t\t\t\t\t\t<div class=\"wpr-member-description\">Con la irrupci\u00f3n de la inteligencia artificial, las reglas del juego han cambiado. Como experto en la intersecci\u00f3n de la tecnolog\u00eda y los negocios, Gustavo Entrala nos invitar\u00e1 a explorar c\u00f3mo la IA no solo est\u00e1 redefiniendo industrias, sino tambi\u00e9n ofreciendo nuevas oportunidades para innovar y crecer. En esta sesi\u00f3n, compartir\u00e1 su visi\u00f3n sobre el impacto directo de la IA en el panorama empresarial y ofrecer\u00e1 estrategias clave para que tu negocio no solo se adapte, sino que aproveche al m\u00e1ximo esta transformaci\u00f3n. Prep\u00e1rate para descubrir c\u00f3mo anticiparte al futuro y liderar el cambio con visi\u00f3n, seguridad y valores humanos s\u00f3lidos.\n<\/div>\n\t\t\t\t\t\t\n\t\t\t<div class=\"wpr-member-btn-wrap\"><a class=\"wpr-member-btn wpr-button-effect wpr-button-none\" href=\"https:\/\/aifec.eu\/congreso2025\/gustavo-entrala\/\" target=\"_blank\"><span>Sobre m\u00ed<\/span><\/a><\/div>\t\t<\/div>\n\n\t\t\t<\/div>\n\n\t\t\t\t\t<\/div>\n\t\t\t\t<\/div>\n\t\t\t\t\t<\/div>\n\t\t<\/div>\n\t\t\t\t\t<\/div>\n\t\t<\/section>\n\t\t\t\t\t<\/div>\n\t\t<\/div>\n\t\t\t\t\t<\/div>\n\t\t<\/section>\n\t\t\t\t<section class=\"elementor-section elementor-top-section elementor-element elementor-element-485b625 elementor-section-boxed elementor-section-height-default elementor-section-height-default wpr-particle-no wpr-jarallax-no wpr-parallax-no wpr-sticky-section-no wpr-equal-height-no\" data-id=\"485b625\" data-element_type=\"section\" data-e-type=\"section\" data-settings=\"{&quot;_ha_eqh_enable&quot;:false}\">\n\t\t\t\t\t\t\t<div class=\"elementor-background-overlay\"><\/div>\n\t\t\t\t\t\t\t<div class=\"elementor-container elementor-column-gap-default\">\n\t\t\t\t\t<div class=\"elementor-column elementor-col-100 elementor-top-column elementor-element elementor-element-e949555\" data-id=\"e949555\" data-element_type=\"column\" data-e-type=\"column\">\n\t\t\t<div class=\"elementor-widget-wrap elementor-element-populated\">\n\t\t\t\t\t\t<section class=\"elementor-section elementor-inner-section elementor-element elementor-element-e4edfa8 elementor-section-boxed elementor-section-height-default elementor-section-height-default wpr-particle-no wpr-jarallax-no wpr-parallax-no wpr-sticky-section-no wpr-equal-height-no\" data-id=\"e4edfa8\" data-element_type=\"section\" data-e-type=\"section\" data-settings=\"{&quot;_ha_eqh_enable&quot;:false}\">\n\t\t\t\t\t\t<div class=\"elementor-container elementor-column-gap-default\">\n\t\t\t\t\t<div class=\"elementor-column elementor-col-100 elementor-inner-column elementor-element elementor-element-6f5ea0c\" data-id=\"6f5ea0c\" data-element_type=\"column\" data-e-type=\"column\">\n\t\t\t<div class=\"elementor-widget-wrap elementor-element-populated\">\n\t\t\t\t\t\t<div class=\"elementor-element elementor-element-abf3fc4 wpr-team-member-divider-center ha-has-bg-overlay elementor-widget elementor-widget-wpr-team-member\" data-id=\"abf3fc4\" data-element_type=\"widget\" data-e-type=\"widget\" data-widget_type=\"wpr-team-member.default\">\n\t\t\t\t<div class=\"elementor-widget-container\">\n\t\t\t\t\t\n\t<div class=\"wpr-team-member\">\n\t\t\t\t\t\n\t\t\t<div class=\"wpr-member-media\">\n\t\t\t\t<div class=\"wpr-member-image\">\n\t\t\t\t\t<img decoding=\"async\" data-src=\"https:\/\/aifec.eu\/congreso2025\/wp-content\/uploads\/2025\/02\/20250225_072034-rotated-e1740583445268.jpeg\" alt=\"David Mart\u00edn\" src=\"data:image\/gif;base64,R0lGODlhAQABAAAAACH5BAEKAAEALAAAAAABAAEAAAICTAEAOw==\" class=\"lazyload\" style=\"--smush-placeholder-width: 479px; --smush-placeholder-aspect-ratio: 479\/433;\">\n\t\t\t\t<\/div>\n\t\t\t\t\t\t\t<\/div>\n\t\t\t\t\n\t\t\n\t\t<div class=\"wpr-member-content\">\n\t\t\t<h3 class=\"wpr-member-name\">David Mart\u00edn<\/h3>\n\t\t\t\t\t\t\t<div class=\"wpr-member-divider\"><\/div>\n\t\t\t\n\t\t\t\t\t\t\t<div class=\"wpr-member-job\">Gesti\u00f3n del talento en las empresas  \u201cLa clave est\u00e1 en ti\u201d<\/div>\n\t\t\t\n\t\t\t\n\t\t\t\t\t\t\t<div class=\"wpr-member-description\">En un mundo hipercompetitivo, d\u00f3nde el talento de capital humano es cada vez m\u00e1s codiciado y escaso, hay formas de sacar el m\u00e1ximo partido al valor de las personas, pero todas ellas las genera el responsable de los equipos.\n \n\nLa clave est\u00e1 en potenciar de forma vinculada el Talento y el Talante y ah\u00ed la figura del l\u00edder, direcci\u00f3n, mando, es clave.\n\n \n\nEsta charla nos sirve para hacer conscientes a los asistentes, durante una sesi\u00f3n pr\u00e1ctica, de la capacidad que tienen para alinear las capacidades e intereses de las personas con el proyecto y de forma directa su implicaci\u00f3n, motivaci\u00f3n y retenci\u00f3n.<\/div>\n\t\t\t\t\t\t\n\t\t\t<div class=\"wpr-member-btn-wrap\"><a class=\"wpr-member-btn wpr-button-effect wpr-button-none\" href=\"https:\/\/aifec.eu\/congreso2025\/david-martin\/\" target=\"_blank\"><span>Sobre m\u00ed<\/span><\/a><\/div>\t\t<\/div>\n\n\t\t\t<\/div>\n\n\t\t\t\t\t<\/div>\n\t\t\t\t<\/div>\n\t\t\t\t\t<\/div>\n\t\t<\/div>\n\t\t\t\t\t<\/div>\n\t\t<\/section>\n\t\t\t\t\t<\/div>\n\t\t<\/div>\n\t\t\t\t\t<\/div>\n\t\t<\/section>\n\t\t\t\t<section class=\"elementor-section elementor-top-section elementor-element elementor-element-4ac38f5 elementor-section-boxed elementor-section-height-default elementor-section-height-default wpr-particle-no wpr-jarallax-no wpr-parallax-no wpr-sticky-section-no wpr-equal-height-no\" data-id=\"4ac38f5\" data-element_type=\"section\" data-e-type=\"section\" data-settings=\"{&quot;_ha_eqh_enable&quot;:false}\">\n\t\t\t\t\t\t\t<div class=\"elementor-background-overlay\"><\/div>\n\t\t\t\t\t\t\t<div class=\"elementor-container elementor-column-gap-default\">\n\t\t\t\t\t<div class=\"elementor-column elementor-col-100 elementor-top-column elementor-element elementor-element-01f2da9\" data-id=\"01f2da9\" data-element_type=\"column\" data-e-type=\"column\">\n\t\t\t<div class=\"elementor-widget-wrap elementor-element-populated\">\n\t\t\t\t\t\t<section class=\"elementor-section elementor-inner-section elementor-element elementor-element-3f7bb8e elementor-section-boxed elementor-section-height-default elementor-section-height-default wpr-particle-no wpr-jarallax-no wpr-parallax-no wpr-sticky-section-no wpr-equal-height-no\" data-id=\"3f7bb8e\" data-element_type=\"section\" data-e-type=\"section\" data-settings=\"{&quot;_ha_eqh_enable&quot;:false}\">\n\t\t\t\t\t\t<div class=\"elementor-container elementor-column-gap-default\">\n\t\t\t\t\t<div class=\"elementor-column elementor-col-100 elementor-inner-column elementor-element elementor-element-a76cfd3\" data-id=\"a76cfd3\" data-element_type=\"column\" data-e-type=\"column\">\n\t\t\t<div class=\"elementor-widget-wrap elementor-element-populated\">\n\t\t\t\t\t\t<div class=\"elementor-element elementor-element-cec720a wpr-team-member-divider-center ha-has-bg-overlay elementor-widget elementor-widget-wpr-team-member\" data-id=\"cec720a\" data-element_type=\"widget\" data-e-type=\"widget\" data-widget_type=\"wpr-team-member.default\">\n\t\t\t\t<div class=\"elementor-widget-container\">\n\t\t\t\t\t\n\t<div class=\"wpr-team-member\">\n\t\t\t\t\t\n\t\t\t<div class=\"wpr-member-media\">\n\t\t\t\t<div class=\"wpr-member-image\">\n\t\t\t\t\t<img decoding=\"async\" data-src=\"https:\/\/aifec.eu\/congreso2025\/wp-content\/uploads\/2025\/03\/ivo-guell-foto-millorada-mejorada-2023.png\" alt=\"Ivo G\u00fcell\" src=\"data:image\/gif;base64,R0lGODlhAQABAAAAACH5BAEKAAEALAAAAAABAAEAAAICTAEAOw==\" class=\"lazyload\" style=\"--smush-placeholder-width: 503px; --smush-placeholder-aspect-ratio: 503\/480;\">\n\t\t\t\t<\/div>\n\t\t\t\t\t\t\t<\/div>\n\t\t\t\t\n\t\t\n\t\t<div class=\"wpr-member-content\">\n\t\t\t<h3 class=\"wpr-member-name\">Ivo G\u00fcell<\/h3>\n\t\t\t\t\t\t\t<div class=\"wpr-member-divider\"><\/div>\n\t\t\t\n\t\t\t\t\t\t\t<div class=\"wpr-member-job\">RSC Km 0: el Global 360, motor de disrupci\u00f3n<\/div>\n\t\t\t\n\t\t\t\n\t\t\t\t\t\t\t<div class=\"wpr-member-description\"> Las marcas que alinean RSC, talento y marketing interno consiguen algo inmenso para la organizaci\u00f3n: una estrategia glocal que, en su esencia, genera atracci\u00f3n genuina y viralidad org\u00e1nica. Se dan cuenta de que no se seduce a la sociedad ni al talento por lo que se dice, sino por lo que se hace.\nEs el mundo digital maker, con acciones disruptivas que aportan valor no solo puertas afuera, sino tambi\u00e9n puertas adentro, convirti\u00e9ndonos en organizaciones human-friendly y dando impulso hacia una sociedad m\u00e1s sabiamente responsable y talentosa.\nConstruimos organizaciones que enamoran por lo que hacen, no por lo que dicen. Enamoran 360\u00ba.\n\u00bfDescubrimos juntos un mundo de organizaciones con impulso? \u00bfTe animas a ver el impacto del going to do? \u00bfCambiamos las reglas del juego del alto impacto? \u00a1Nos vemos!<\/div>\n\t\t\t\t\t\t\n\t\t\t<div class=\"wpr-member-btn-wrap\"><a class=\"wpr-member-btn wpr-button-effect wpr-button-none\" href=\"https:\/\/aifec.eu\/congreso2025\/ivo-guell\/\" target=\"_blank\"><span>Sobre m\u00ed<\/span><\/a><\/div>\t\t<\/div>\n\n\t\t\t<\/div>\n\n\t\t\t\t\t<\/div>\n\t\t\t\t<\/div>\n\t\t\t\t\t<\/div>\n\t\t<\/div>\n\t\t\t\t\t<\/div>\n\t\t<\/section>\n\t\t\t\t\t<\/div>\n\t\t<\/div>\n\t\t\t\t\t<\/div>\n\t\t<\/section>\n\t\t<div class=\"elementor-element elementor-element-c7bcb3d e-flex e-con-boxed wpr-particle-no wpr-jarallax-no wpr-parallax-no wpr-sticky-section-no wpr-equal-height-no e-con e-parent\" data-id=\"c7bcb3d\" data-element_type=\"container\" data-e-type=\"container\" data-settings=\"{&quot;_ha_eqh_enable&quot;:false}\">\n\t\t\t\t\t<div class=\"e-con-inner\">\n\t\t\t\t<div class=\"elementor-element elementor-element-67916ef elementor-widget elementor-widget-text-editor\" data-id=\"67916ef\" data-element_type=\"widget\" data-e-type=\"widget\" data-widget_type=\"text-editor.default\">\n\t\t\t\t<div class=\"elementor-widget-container\">\n\t\t\t\t\t\t\t\t\t<p><strong>PONENCIAS T\u00c9CNICAS<\/strong><\/p><p><b>\u00abComo hp trabaja con las marcas y sus clientes.\u00bb<\/b>\u00a0Eduardo Orri,\u00a0<i>GM hp indigo Iberia<\/i><\/p><p><b>\u00abL\u00e1ser vs troquelado: \u00bfrivalidad magn\u00e9tica o alianza estrat\u00e9gica?.\u00bb<\/b>\u00a0Fabrizio Decio,\u00a0<i>CEO<\/i>\u00a0\u00a0y Ettore Colico,\u00a0<i>Converting Director en SEI Laser. &#8211; <strong>WINK<\/strong><\/i><\/p><p><strong>\u00a0<\/strong><span style=\"font-weight: var( --e-global-typography-text-font-weight ); text-align: var(--text-align); background-color: var(--ast-global-color-5);\"><strong>\u00abM\u00e1s all\u00e1 de las etiquetas: innovar, automatizar, mejorar\u00bb<\/strong> \u2013 \u00a0Jeroen Van Bauwel, Solutions Director. &#8211; <b>XEIKON<\/b><\/span><\/p><div><b>\u00abLa excelencia en la gesti\u00f3n a trav\u00e9s de la digitalizaci\u00f3n.\u00bb <\/b><i>Responsable de Ventas<\/i><\/div><div>\u00a0<\/div><p><b style=\"font-style: inherit; color: var( --e-global-color-text ); font-family: var( --e-global-typography-text-font-family ), Sans-serif; text-align: var(--text-align); background-color: var(--ast-global-color-5);\">\u00abLa importancia de la racla en la impresi\u00f3n flexo.\u00bb<\/b><span style=\"font-style: inherit; font-weight: inherit; color: var( --e-global-color-text ); font-family: var( --e-global-typography-text-font-family ), Sans-serif; text-align: var(--text-align); background-color: var(--ast-global-color-5);\">\u00a0F\u00e9lix Prieto,\u00a0<\/span><i style=\"font-weight: inherit; color: var( --e-global-color-text ); font-family: var( --e-global-typography-text-font-family ), Sans-serif; text-align: var(--text-align); background-color: var(--ast-global-color-5);\">CEO \/ General Manager<\/i><span style=\"font-style: inherit; font-weight: inherit; color: var( --e-global-color-text ); font-family: var( --e-global-typography-text-font-family ), Sans-serif; text-align: var(--text-align); background-color: var(--ast-global-color-5);\">. &#8211; <\/span><b style=\"font-style: inherit; color: var( --e-global-color-text ); font-family: var( --e-global-typography-text-font-family ), Sans-serif; text-align: var(--text-align); background-color: var(--ast-global-color-5);\">GRUPO IMPRYMA\u00a0<\/b><\/p><p><strong>\u00ab\u201cGesti\u00f3n del Talento en las Empresas. La clave est\u00e1 en ti\u201d\u00bb<\/strong> a cargo de David Mart\u00edn. Patrocinado por <strong>AVERY DENNISON<\/strong><strong> \u00a0<\/strong><\/p><p><b>\u00ab<strong>\u201c<\/strong>RSC Km 0: el Global 360, motor de disrupci\u00f3n\u201d\u00bb<\/b> a cargo de Ivo G\u00fcell. Patrocinada por\u00a0<strong>FUJIFILM<\/strong><\/p><p><strong style=\"font-style: inherit; color: var( --e-global-color-text ); font-family: var( --e-global-typography-text-font-family ), Sans-serif; text-align: var(--text-align); background-color: var(--ast-global-color-5);\">TALLERES T\u00c9CNICOS<\/strong><\/p><p><strong><span style=\"color: #7a7a7a; font-family: Roboto, sans-serif; font-size: medium;\">\u00a0<\/span>\u00abLaboratorio de etiquetas digitales: Inyecci\u00f3n de \u00e9xito.\u00bb<\/strong>. Borja Henche, Regional Manager Spain en <strong>SCREEN<\/strong><\/p><p><strong>\u00abInteligencia Artificial (IA) y Ciberseguridad en el Crecimiento Empresarial.\u00bb<\/strong>.\u00a0<span style=\"font-style: inherit; font-weight: inherit; color: var( --e-global-color-text ); font-family: var( --e-global-typography-text-font-family ), Sans-serif; text-align: var(--text-align); background-color: var(--ast-global-color-5);\">Tony Garc\u00eda, Business Manager Spain &amp; Latin America en <\/span><strong style=\"font-style: inherit; color: var( --e-global-color-text ); font-family: var( --e-global-typography-text-font-family ), Sans-serif; text-align: var(--text-align); background-color: var(--ast-global-color-5);\">SISTRADE<\/strong><\/p>\t\t\t\t\t\t\t\t<\/div>\n\t\t\t\t<\/div>\n\t\t\t\t\t<\/div>\n\t\t\t\t<\/div>\n\t\t\t\t<\/div>\n\t\t","protected":false},"excerpt":{"rendered":"<p>Conferencias Gustavo Entrala El tsunami de la IA: Claves para pensar (y actuar) en el futuro de tu empresa Con la irrupci\u00f3n de la inteligencia artificial, las reglas del juego han cambiado. Como experto en la intersecci\u00f3n de la tecnolog\u00eda y los negocios, Gustavo Entrala nos invitar\u00e1 a explorar c\u00f3mo la IA no solo est\u00e1 redefiniendo industrias, sino tambi\u00e9n ofreciendo nuevas oportunidades para innovar y crecer. En esta sesi\u00f3n, compartir\u00e1 su visi\u00f3n sobre el impacto directo de la IA en el panorama empresarial y ofrecer\u00e1 estrategias clave para que tu negocio no solo se adapte, sino que aproveche al m\u00e1ximo esta transformaci\u00f3n. Prep\u00e1rate para descubrir c\u00f3mo anticiparte al futuro y liderar el cambio con visi\u00f3n, seguridad y valores humanos s\u00f3lidos. Sobre m\u00ed David Mart\u00edn Gesti\u00f3n del talento en las empresas \u201cLa clave est\u00e1 en ti\u201d En un mundo hipercompetitivo, d\u00f3nde el talento de capital humano es cada vez m\u00e1s codiciado y escaso, hay formas de sacar el m\u00e1ximo partido al valor de las personas, pero todas ellas las genera el responsable de los equipos. La clave est\u00e1 en potenciar de forma vinculada el Talento y el Talante y ah\u00ed la figura del l\u00edder, direcci\u00f3n, mando, es clave. Esta charla nos sirve para hacer conscientes a los asistentes, durante una sesi\u00f3n pr\u00e1ctica, de la capacidad que tienen para alinear las capacidades e intereses de las personas con el proyecto y de forma directa su implicaci\u00f3n, motivaci\u00f3n y retenci\u00f3n. Sobre m\u00ed Ivo G\u00fcell RSC Km 0: el Global 360, motor de disrupci\u00f3n Las marcas que alinean RSC, talento y marketing interno consiguen algo inmenso para la organizaci\u00f3n: una estrategia glocal que, en su esencia, genera atracci\u00f3n genuina y viralidad org\u00e1nica. Se dan cuenta de que no se seduce a la sociedad ni al talento por lo que se dice, sino por lo que se hace. Es el mundo digital maker, con acciones disruptivas que aportan valor no solo puertas afuera, sino tambi\u00e9n puertas adentro, convirti\u00e9ndonos en organizaciones human-friendly y dando impulso hacia una sociedad m\u00e1s sabiamente responsable y talentosa. Construimos organizaciones que enamoran por lo que hacen, no por lo que dicen. Enamoran 360\u00ba. \u00bfDescubrimos juntos un mundo de organizaciones con impulso? \u00bfTe animas a ver el impacto del going to do? \u00bfCambiamos las reglas del juego del alto impacto? \u00a1Nos vemos! Sobre m\u00ed PONENCIAS T\u00c9CNICAS \u00abComo hp trabaja con las marcas y sus clientes.\u00bb\u00a0Eduardo Orri,\u00a0GM hp indigo Iberia \u00abL\u00e1ser vs troquelado: \u00bfrivalidad magn\u00e9tica o alianza estrat\u00e9gica?.\u00bb\u00a0Fabrizio Decio,\u00a0CEO\u00a0\u00a0y Ettore Colico,\u00a0Converting Director en SEI Laser. &#8211; WINK \u00a0\u00abM\u00e1s all\u00e1 de las etiquetas: innovar, automatizar, mejorar\u00bb \u2013 \u00a0Jeroen Van Bauwel, Solutions Director. &#8211; XEIKON \u00abLa excelencia en la gesti\u00f3n a trav\u00e9s de la digitalizaci\u00f3n.\u00bb Responsable de Ventas\u00a0 \u00abLa importancia de la racla en la impresi\u00f3n flexo.\u00bb\u00a0F\u00e9lix Prieto,\u00a0CEO \/ General Manager. &#8211; GRUPO IMPRYMA\u00a0 \u00ab\u201cGesti\u00f3n del Talento en las Empresas. La clave est\u00e1 en ti\u201d\u00bb a cargo de David Mart\u00edn. Patrocinado por AVERY DENNISON \u00a0 \u00ab\u201cRSC Km 0: el Global 360, motor de disrupci\u00f3n\u201d\u00bb a cargo de Ivo G\u00fcell. Patrocinada por\u00a0FUJIFILM TALLERES T\u00c9CNICOS \u00a0\u00abLaboratorio de etiquetas digitales: Inyecci\u00f3n de \u00e9xito.\u00bb. Borja Henche, Regional Manager Spain en SCREEN \u00abInteligencia Artificial (IA) y Ciberseguridad en el Crecimiento Empresarial.\u00bb.\u00a0Tony Garc\u00eda, Business Manager Spain &amp; Latin America en SISTRADE<\/p>\n","protected":false},"author":1,"featured_media":0,"parent":0,"menu_order":0,"comment_status":"closed","ping_status":"closed","template":"","meta":{"site-sidebar-layout":"no-sidebar","site-content-layout":"","ast-site-content-layout":"full-width-container","site-content-style":"default","site-sidebar-style":"default","ast-global-header-display":"","ast-banner-title-visibility":"","ast-main-header-display":"","ast-hfb-above-header-display":"","ast-hfb-below-header-display":"","ast-hfb-mobile-header-display":"","site-post-title":"disabled","ast-breadcrumbs-content":"","ast-featured-img":"disabled","footer-sml-layout":"","theme-transparent-header-meta":"","adv-header-id-meta":"","stick-header-meta":"","header-above-stick-meta":"","header-main-stick-meta":"","header-below-stick-meta":"","astra-migrate-meta-layouts":"default","ast-page-background-enabled":"default","ast-page-background-meta":{"desktop":{"background-color":"var(--ast-global-color-4)","background-image":"","background-repeat":"repeat","background-position":"center center","background-size":"auto","background-attachment":"scroll","background-type":"","background-media":"","overlay-type":"","overlay-color":"","overlay-opacity":"","overlay-gradient":""},"tablet":{"background-color":"","background-image":"","background-repeat":"repeat","background-position":"center center","background-size":"auto","background-attachment":"scroll","background-type":"","background-media":"","overlay-type":"","overlay-color":"","overlay-opacity":"","overlay-gradient":""},"mobile":{"background-color":"","background-image":"","background-repeat":"repeat","background-position":"center center","background-size":"auto","background-attachment":"scroll","background-type":"","background-media":"","overlay-type":"","overlay-color":"","overlay-opacity":"","overlay-gradient":""}},"ast-content-background-meta":{"desktop":{"background-color":"var(--ast-global-color-5)","background-image":"","background-repeat":"repeat","background-position":"center center","background-size":"auto","background-attachment":"scroll","background-type":"","background-media":"","overlay-type":"","overlay-color":"","overlay-opacity":"","overlay-gradient":""},"tablet":{"background-color":"var(--ast-global-color-5)","background-image":"","background-repeat":"repeat","background-position":"center center","background-size":"auto","background-attachment":"scroll","background-type":"","background-media":"","overlay-type":"","overlay-color":"","overlay-opacity":"","overlay-gradient":""},"mobile":{"background-color":"var(--ast-global-color-5)","background-image":"","background-repeat":"repeat","background-position":"center center","background-size":"auto","background-attachment":"scroll","background-type":"","background-media":"","overlay-type":"","overlay-color":"","overlay-opacity":"","overlay-gradient":""}},"footnotes":""},"class_list":["post-20","page","type-page","status-publish","hentry"],"_links":{"self":[{"href":"https:\/\/aifec.eu\/congreso2025\/wp-json\/wp\/v2\/pages\/20","targetHints":{"allow":["GET"]}}],"collection":[{"href":"https:\/\/aifec.eu\/congreso2025\/wp-json\/wp\/v2\/pages"}],"about":[{"href":"https:\/\/aifec.eu\/congreso2025\/wp-json\/wp\/v2\/types\/page"}],"author":[{"embeddable":true,"href":"https:\/\/aifec.eu\/congreso2025\/wp-json\/wp\/v2\/users\/1"}],"replies":[{"embeddable":true,"href":"https:\/\/aifec.eu\/congreso2025\/wp-json\/wp\/v2\/comments?post=20"}],"version-history":[{"count":115,"href":"https:\/\/aifec.eu\/congreso2025\/wp-json\/wp\/v2\/pages\/20\/revisions"}],"predecessor-version":[{"id":2170,"href":"https:\/\/aifec.eu\/congreso2025\/wp-json\/wp\/v2\/pages\/20\/revisions\/2170"}],"wp:attachment":[{"href":"https:\/\/aifec.eu\/congreso2025\/wp-json\/wp\/v2\/media?parent=20"}],"curies":[{"name":"wp","href":"https:\/\/api.w.org\/{rel}","templated":true}]}}