{"id":25,"date":"2022-02-15T11:54:44","date_gmt":"2022-02-15T11:54:44","guid":{"rendered":"https:\/\/aifec.eu\/congreso2024\/?page_id=25"},"modified":"2024-05-06T16:22:25","modified_gmt":"2024-05-06T16:22:25","slug":"conferencias","status":"publish","type":"page","link":"https:\/\/aifec.eu\/congreso2024\/?page_id=25","title":{"rendered":"Conferencias"},"content":{"rendered":"<p><div class=\"fusion-fullwidth fullwidth-box fusion-builder-row-1 fusion-flex-container nonhundred-percent-fullwidth non-hundred-percent-height-scrolling\" style=\"background-color: rgba(255,255,255,0);background-position: center center;background-repeat: no-repeat;border-width: 0px 0px 0px 0px;border-color:#e2e2e2;border-style:solid;\" ><div class=\"fusion-builder-row fusion-row fusion-flex-align-items-flex-start\" style=\"max-width:1248px;margin-left: calc(-4% \/ 2 );margin-right: calc(-4% \/ 2 );\"><div class=\"fusion-layout-column fusion_builder_column fusion-builder-column-0 fusion_builder_column_1_2 1_2 fusion-flex-column\"><div class=\"fusion-column-wrapper fusion-flex-justify-content-flex-start fusion-content-layout-column\" style=\"background-position:left top;background-repeat:no-repeat;-webkit-background-size:cover;-moz-background-size:cover;-o-background-size:cover;background-size:cover;padding: 0px 0px 0px 0px;\"><div class=\"fusion-text fusion-text-1 fusion-animated\" data-animationType=\"fadeInLeft\" data-animationDuration=\"1.0\" data-animationOffset=\"100%\"><h4 style=\"--fontSize: 28; line-height: 1.36;\" data-fontsize=\"28\" data-lineheight=\"38.08000183105469px\" class=\"fusion-responsive-typography-calculated\"><b>Mar Robles<\/b><\/h4>\n<h6 style=\"--fontSize: 18; line-height: 1.5; --minFontSize: 18;\" data-fontsize=\"18\" data-lineheight=\"27px\" class=\"fusion-responsive-typography-calculated\">Tema: <span style=\"color: rgb(74, 78, 87); font-family: var(--body_typography-font-family); font-size: var(--body_typography-font-size); font-style: var(--body_typography-font-style,normal); letter-spacing: var(--body_typography-letter-spacing);\">La importancia de medir la Huella de Carbono<\/span><\/h6><\/p>\n<\/div><style type=\"text\/css\">.fusion-accordian  #accordion-25-1 .panel-title a .fa-fusion-box{ color: #ffffff;}.fusion-accordian  #accordion-25-1 .panel-title a .fa-fusion-box:before{ font-size: 10px; width: 10px;}.fusion-accordian  #accordion-25-1 .panel-title a{font-size:13px;}.fusion-accordian  #accordion-25-1 .fa-fusion-box { background-color: #212934;border-color: #212934;}.fusion-accordian  #accordion-25-1 .panel-title a:hover, #accordion-25-1 .fusion-toggle-boxed-mode:hover .panel-title a { color: #ff6600;}.fusion-accordian  #accordion-25-1 .panel-title .active .fa-fusion-box,.fusion-accordian  #accordion-25-1 .panel-title a:hover .fa-fusion-box { background-color: #ff6600!important;border-color: #ff6600!important;}<\/style><div class=\"accordian fusion-accordian\"><div class=\"panel-group\" id=\"accordion-25-1\" role=\"tablist\"><div class=\"fusion-panel panel-default\" role=\"tabpanel\"><div class=\"panel-heading\"><h4 class=\"panel-title toggle\"><a aria-expanded=\"false\" aria-selected=\"false\" aria-controls=\"743d13254a85a3897\" role=\"tab\" data-toggle=\"collapse\" data-parent=\"#accordion-25-1\" data-target=\"#743d13254a85a3897\" href=\"#743d13254a85a3897\"><span class=\"fusion-toggle-icon-wrapper\" aria-hidden=\"true\"><i class=\"fa-fusion-box\" aria-hidden=\"true\"><\/i><\/span><span class=\"fusion-toggle-heading\">Conferencia jueves 16 de mayo<\/span><\/a><\/h4><\/div><div id=\"743d13254a85a3897\" class=\"panel-collapse collapse \"><div class=\"panel-body toggle-content fusion-clearfix\">\n<p><span class=\"c-message__edited_label\" dir=\"ltr\" data-sk=\"tooltip_parent\">En esta sesi\u00f3n, Mar Robles nos hablar\u00e1, a continuaci\u00f3n de la Asamblea General de AIFEC, sobre la importancia de medir la Huella de Carbono, realizando una demostraci\u00f3n en directo con todos los asistentes.<br \/><\/span><\/p>\n<\/div><\/div><\/div><\/div><\/div><style type=\"text\/css\">.fusion-accordian  #accordion-25-2 .panel-title a .fa-fusion-box{ color: #ffffff;}.fusion-accordian  #accordion-25-2 .panel-title a .fa-fusion-box:before{ font-size: 10px; width: 10px;}.fusion-accordian  #accordion-25-2 .panel-title a{font-size:13px;}.fusion-accordian  #accordion-25-2 .fa-fusion-box { background-color: #212934;border-color: #212934;}.fusion-accordian  #accordion-25-2 .panel-title a:hover, #accordion-25-2 .fusion-toggle-boxed-mode:hover .panel-title a { color: #ff6600;}.fusion-accordian  #accordion-25-2 .panel-title .active .fa-fusion-box,.fusion-accordian  #accordion-25-2 .panel-title a:hover .fa-fusion-box { background-color: #ff6600!important;border-color: #ff6600!important;}<\/style><div class=\"accordian fusion-accordian\"><div class=\"panel-group\" id=\"accordion-25-2\" role=\"tablist\"><div class=\"fusion-panel panel-default\" role=\"tabpanel\"><div class=\"panel-heading\"><h4 class=\"panel-title toggle\"><a aria-expanded=\"false\" aria-selected=\"false\" aria-controls=\"465c23bd1f2a86338\" role=\"tab\" data-toggle=\"collapse\" data-parent=\"#accordion-25-2\" data-target=\"#465c23bd1f2a86338\" href=\"#465c23bd1f2a86338\"><span class=\"fusion-toggle-icon-wrapper\" aria-hidden=\"true\"><i class=\"fa-fusion-box\" aria-hidden=\"true\"><\/i><\/span><span class=\"fusion-toggle-heading\">Curriculum<\/span><\/a><\/h4><\/div><div id=\"465c23bd1f2a86338\" class=\"panel-collapse collapse \"><div class=\"panel-body toggle-content fusion-clearfix\">\n<p>Mar Robles es Sostenibilidad &amp; Cofundadora en GreeMko. Para reducir el impacto ambiental lo primero es cuantificarlo. En GreeMko, calculan autom\u00e1ticamente el impacto ambiental y las emisiones de CO2 de su actividad. Aportan eficiencia, fiabilidad y acceso a la informaci\u00f3n en tiempo real. Innovan en la captura de informaci\u00f3n haci\u00e9ndola autom\u00e1tica. GreeMko son Partners de la asociaci\u00f3n, dando soporte a los socios de AIFEC que necesitan soluciones de sostenibilidad para sus empresas en la medici\u00f3n de la huella de carbono.<\/p>\n<\/div><\/div><\/div><\/div><\/div><\/div><\/div><style type=\"text\/css\">.fusion-body .fusion-builder-column-0{width:50% !important;margin-top : 0px;margin-bottom : 89px;}.fusion-builder-column-0 > .fusion-column-wrapper {padding-top : 0px !important;padding-right : 0px !important;margin-right : 3.84%;padding-bottom : 0px !important;padding-left : 0px !important;margin-left : 3.84%;}@media only screen and (max-width:1024px) {.fusion-body .fusion-builder-column-0{width:50% !important;order : 0;}.fusion-builder-column-0 > .fusion-column-wrapper {margin-right : 3.84%;margin-left : 3.84%;}}@media only screen and (max-width:640px) {.fusion-body .fusion-builder-column-0{width:100% !important;order : 0;}.fusion-builder-column-0 > .fusion-column-wrapper {margin-right : 1.92%;margin-left : 1.92%;}}<\/style><div class=\"fusion-layout-column fusion_builder_column fusion-builder-column-1 fusion_builder_column_1_2 1_2 fusion-flex-column\"><div class=\"fusion-column-wrapper fusion-flex-justify-content-flex-start fusion-content-layout-column\" style=\"background-position:left top;background-repeat:no-repeat;-webkit-background-size:cover;-moz-background-size:cover;-o-background-size:cover;background-size:cover;padding: 0px 0px 0px 0px;\"><div ><span class=\" fusion-imageframe imageframe-none imageframe-1 hover-type-none\"><img decoding=\"async\" width=\"1641\" height=\"1631\" title=\"Mar 4\" src=\"https:\/\/aifec.eu\/congreso2024\/wp-content\/uploads\/2024\/05\/Mar-4.jpg\" class=\"img-responsive wp-image-1985\" srcset=\"https:\/\/aifec.eu\/congreso2024\/wp-content\/uploads\/2024\/05\/Mar-4-200x199.jpg 200w, https:\/\/aifec.eu\/congreso2024\/wp-content\/uploads\/2024\/05\/Mar-4-400x398.jpg 400w, https:\/\/aifec.eu\/congreso2024\/wp-content\/uploads\/2024\/05\/Mar-4-600x596.jpg 600w, https:\/\/aifec.eu\/congreso2024\/wp-content\/uploads\/2024\/05\/Mar-4-800x795.jpg 800w, https:\/\/aifec.eu\/congreso2024\/wp-content\/uploads\/2024\/05\/Mar-4-1200x1193.jpg 1200w, https:\/\/aifec.eu\/congreso2024\/wp-content\/uploads\/2024\/05\/Mar-4.jpg 1641w\" sizes=\"(max-width: 640px) 100vw, 600px\" \/><\/span><\/div><\/div><\/div><style type=\"text\/css\">.fusion-body .fusion-builder-column-1{width:50% !important;margin-top : 0px;margin-bottom : 20px;}.fusion-builder-column-1 > .fusion-column-wrapper {padding-top : 0px !important;padding-right : 0px !important;margin-right : 3.84%;padding-bottom : 0px !important;padding-left : 0px !important;margin-left : 3.84%;}@media only screen and (max-width:1024px) {.fusion-body .fusion-builder-column-1{width:50% !important;order : 0;}.fusion-builder-column-1 > .fusion-column-wrapper {margin-right : 3.84%;margin-left : 3.84%;}}@media only screen and (max-width:640px) {.fusion-body .fusion-builder-column-1{width:100% !important;order : 0;}.fusion-builder-column-1 > .fusion-column-wrapper {margin-right : 1.92%;margin-left : 1.92%;}}<\/style><\/div><style type=\"text\/css\">.fusion-body .fusion-flex-container.fusion-builder-row-1{ padding-top : 0px;margin-top : 0px;padding-right : 0px;padding-bottom : 0px;margin-bottom : 0px;padding-left : 0px;}<\/style><\/div><div class=\"fusion-fullwidth fullwidth-box fusion-builder-row-2 fusion-flex-container nonhundred-percent-fullwidth non-hundred-percent-height-scrolling\" style=\"background-color: rgba(255,255,255,0);background-position: center center;background-repeat: no-repeat;border-width: 0px 0px 0px 0px;border-color:#e2e2e2;border-style:solid;\" ><div class=\"fusion-builder-row fusion-row fusion-flex-align-items-flex-start\" style=\"max-width:1248px;margin-left: calc(-4% \/ 2 );margin-right: calc(-4% \/ 2 );\"><div class=\"fusion-layout-column fusion_builder_column fusion-builder-column-2 fusion_builder_column_1_2 1_2 fusion-flex-column\"><div class=\"fusion-column-wrapper fusion-flex-justify-content-flex-start fusion-content-layout-column\" style=\"background-position:left top;background-repeat:no-repeat;-webkit-background-size:cover;-moz-background-size:cover;-o-background-size:cover;background-size:cover;padding: 0px 0px 0px 0px;\"><div class=\"fusion-text fusion-text-2 fusion-animated\" data-animationType=\"fadeInLeft\" data-animationDuration=\"1.0\" data-animationOffset=\"100%\"><h4 style=\"--fontSize: 28; line-height: 1.36;\" data-fontsize=\"28\" data-lineheight=\"38.08000183105469px\" class=\"fusion-responsive-typography-calculated\"><b>Pablo Englebienne<\/b><\/h4>\n<h6 style=\"--fontSize: 18; line-height: 1.5; --minFontSize: 18;\" data-fontsize=\"18\" data-lineheight=\"27px\" class=\"fusion-responsive-typography-calculated\">Tema: <span style=\"color: rgb(74, 78, 87); font-family: var(--body_typography-font-family); font-size: var(--body_typography-font-size); font-style: var(--body_typography-font-style,normal); letter-spacing: var(--body_typography-letter-spacing);\">Situaci\u00f3n normativa europea que afecta al sector de la etiqueta.<\/span><\/h6><\/p>\n<\/div><style type=\"text\/css\">.fusion-accordian  #accordion-25-3 .panel-title a .fa-fusion-box{ color: #ffffff;}.fusion-accordian  #accordion-25-3 .panel-title a .fa-fusion-box:before{ font-size: 10px; width: 10px;}.fusion-accordian  #accordion-25-3 .panel-title a{font-size:13px;}.fusion-accordian  #accordion-25-3 .fa-fusion-box { background-color: #212934;border-color: #212934;}.fusion-accordian  #accordion-25-3 .panel-title a:hover, #accordion-25-3 .fusion-toggle-boxed-mode:hover .panel-title a { color: #ff6600;}.fusion-accordian  #accordion-25-3 .panel-title .active .fa-fusion-box,.fusion-accordian  #accordion-25-3 .panel-title a:hover .fa-fusion-box { background-color: #ff6600!important;border-color: #ff6600!important;}<\/style><div class=\"accordian fusion-accordian\"><div class=\"panel-group\" id=\"accordion-25-3\" role=\"tablist\"><div class=\"fusion-panel panel-default\" role=\"tabpanel\"><div class=\"panel-heading\"><h4 class=\"panel-title toggle\"><a aria-expanded=\"false\" aria-selected=\"false\" aria-controls=\"47ee5b526d0755fc3\" role=\"tab\" data-toggle=\"collapse\" data-parent=\"#accordion-25-3\" data-target=\"#47ee5b526d0755fc3\" href=\"#47ee5b526d0755fc3\"><span class=\"fusion-toggle-icon-wrapper\" aria-hidden=\"true\"><i class=\"fa-fusion-box\" aria-hidden=\"true\"><\/i><\/span><span class=\"fusion-toggle-heading\">Conferencia jueves 16 de mayo<\/span><\/a><\/h4><\/div><div id=\"47ee5b526d0755fc3\" class=\"panel-collapse collapse \"><div class=\"panel-body toggle-content fusion-clearfix\">\n<p><span class=\"c-message__edited_label\" dir=\"ltr\" data-sk=\"tooltip_parent\">En esta sesi\u00f3n, Pablo Englebienne nos hablar\u00e1, a continuaci\u00f3n de la presentaci\u00f3n de Mar Robles, sobre la situaci\u00f3n normativa europea que afecta al sector de la etiqueta.<br \/><\/span><\/p>\n<\/div><\/div><\/div><\/div><\/div><style type=\"text\/css\">.fusion-accordian  #accordion-25-4 .panel-title a .fa-fusion-box{ color: #ffffff;}.fusion-accordian  #accordion-25-4 .panel-title a .fa-fusion-box:before{ font-size: 10px; width: 10px;}.fusion-accordian  #accordion-25-4 .panel-title a{font-size:13px;}.fusion-accordian  #accordion-25-4 .fa-fusion-box { background-color: #212934;border-color: #212934;}.fusion-accordian  #accordion-25-4 .panel-title a:hover, #accordion-25-4 .fusion-toggle-boxed-mode:hover .panel-title a { color: #ff6600;}.fusion-accordian  #accordion-25-4 .panel-title .active .fa-fusion-box,.fusion-accordian  #accordion-25-4 .panel-title a:hover .fa-fusion-box { background-color: #ff6600!important;border-color: #ff6600!important;}<\/style><div class=\"accordian fusion-accordian\"><div class=\"panel-group\" id=\"accordion-25-4\" role=\"tablist\"><div class=\"fusion-panel panel-default\" role=\"tabpanel\"><div class=\"panel-heading\"><h4 class=\"panel-title toggle\"><a aria-expanded=\"false\" aria-selected=\"false\" aria-controls=\"b77eccc9d32216ec2\" role=\"tab\" data-toggle=\"collapse\" data-parent=\"#accordion-25-4\" data-target=\"#b77eccc9d32216ec2\" href=\"#b77eccc9d32216ec2\"><span class=\"fusion-toggle-icon-wrapper\" aria-hidden=\"true\"><i class=\"fa-fusion-box\" aria-hidden=\"true\"><\/i><\/span><span class=\"fusion-toggle-heading\">Curriculum<\/span><\/a><\/h4><\/div><div id=\"b77eccc9d32216ec2\" class=\"panel-collapse collapse \"><div class=\"panel-body toggle-content fusion-clearfix\">\n<p>Pablo Englebienne es Regulatory Affairs and Sustainability Manager en FINAT. <span style=\"background-color: rgba(255, 255, 255, 0); color: var(--body_typography-color); font-family: var(--body_typography-font-family); font-size: var(--body_typography-font-size); font-style: var(--body_typography-font-style,normal); font-weight: var(--body_typography-font-weight); letter-spacing: var(--body_typography-letter-spacing);\">Es un qu\u00edmico con experiencia en investigaci\u00f3n en qu\u00edmica org\u00e1nica, medicinal y de materiales, y experiencia pr\u00e1ctica en asuntos regulatorios de productos qu\u00edmicos industriales. Gestor de proyectos certificado (IPMA-D) y se ha dedicado a la preparaci\u00f3n de expedientes de registro REACH y aprobaciones de sustancias activas y autorizaciones de productos de biocidas. Cuenta con trayectoria en optimizaci\u00f3n de procesos internos y desarrollo de nuevas oportunidades de negocio.<\/span><\/p>\n<\/div><\/div><\/div><\/div><\/div><\/div><\/div><style type=\"text\/css\">.fusion-body .fusion-builder-column-2{width:50% !important;margin-top : 0px;margin-bottom : 89px;}.fusion-builder-column-2 > .fusion-column-wrapper {padding-top : 0px !important;padding-right : 0px !important;margin-right : 3.84%;padding-bottom : 0px !important;padding-left : 0px !important;margin-left : 3.84%;}@media only screen and (max-width:1024px) {.fusion-body .fusion-builder-column-2{width:50% !important;order : 0;}.fusion-builder-column-2 > .fusion-column-wrapper {margin-right : 3.84%;margin-left : 3.84%;}}@media only screen and (max-width:640px) {.fusion-body .fusion-builder-column-2{width:100% !important;order : 0;}.fusion-builder-column-2 > .fusion-column-wrapper {margin-right : 1.92%;margin-left : 1.92%;}}<\/style><div class=\"fusion-layout-column fusion_builder_column fusion-builder-column-3 fusion_builder_column_1_2 1_2 fusion-flex-column\"><div class=\"fusion-column-wrapper fusion-flex-justify-content-flex-start fusion-content-layout-column\" style=\"background-position:left top;background-repeat:no-repeat;-webkit-background-size:cover;-moz-background-size:cover;-o-background-size:cover;background-size:cover;padding: 0px 0px 0px 0px;\"><div ><span class=\" fusion-imageframe imageframe-none imageframe-2 hover-type-none\"><img decoding=\"async\" width=\"300\" height=\"300\" title=\"PabloFINAT\" src=\"https:\/\/aifec.eu\/congreso2024\/wp-content\/uploads\/2024\/02\/PabloFINAT-300x300.jpeg\" class=\"img-responsive wp-image-1848\" srcset=\"https:\/\/aifec.eu\/congreso2024\/wp-content\/uploads\/2024\/02\/PabloFINAT-200x200.jpeg 200w, https:\/\/aifec.eu\/congreso2024\/wp-content\/uploads\/2024\/02\/PabloFINAT-400x400.jpeg 400w, https:\/\/aifec.eu\/congreso2024\/wp-content\/uploads\/2024\/02\/PabloFINAT-600x600.jpeg 600w, https:\/\/aifec.eu\/congreso2024\/wp-content\/uploads\/2024\/02\/PabloFINAT.jpeg 800w\" sizes=\"(max-width: 640px) 100vw, 600px\" \/><\/span><\/div><\/div><\/div><style type=\"text\/css\">.fusion-body .fusion-builder-column-3{width:50% !important;margin-top : 0px;margin-bottom : 20px;}.fusion-builder-column-3 > .fusion-column-wrapper {padding-top : 0px !important;padding-right : 0px !important;margin-right : 3.84%;padding-bottom : 0px !important;padding-left : 0px !important;margin-left : 3.84%;}@media only screen and (max-width:1024px) {.fusion-body .fusion-builder-column-3{width:50% !important;order : 0;}.fusion-builder-column-3 > .fusion-column-wrapper {margin-right : 3.84%;margin-left : 3.84%;}}@media only screen and (max-width:640px) {.fusion-body .fusion-builder-column-3{width:100% !important;order : 0;}.fusion-builder-column-3 > .fusion-column-wrapper {margin-right : 1.92%;margin-left : 1.92%;}}<\/style><\/div><style type=\"text\/css\">.fusion-body .fusion-flex-container.fusion-builder-row-2{ padding-top : 0px;margin-top : 0px;padding-right : 0px;padding-bottom : 0px;margin-bottom : 0px;padding-left : 0px;}<\/style><\/div><div class=\"fusion-fullwidth fullwidth-box fusion-builder-row-3 fusion-flex-container nonhundred-percent-fullwidth non-hundred-percent-height-scrolling\" style=\"background-color: rgba(255,255,255,0);background-position: center center;background-repeat: no-repeat;border-width: 0px 0px 0px 0px;border-color:#e2e2e2;border-style:solid;\" ><div class=\"fusion-builder-row fusion-row fusion-flex-align-items-flex-start\" style=\"max-width:1248px;margin-left: calc(-4% \/ 2 );margin-right: calc(-4% \/ 2 );\"><div class=\"fusion-layout-column fusion_builder_column fusion-builder-column-4 fusion_builder_column_1_2 1_2 fusion-flex-column\"><div class=\"fusion-column-wrapper fusion-flex-justify-content-flex-start fusion-content-layout-column\" style=\"background-position:left top;background-repeat:no-repeat;-webkit-background-size:cover;-moz-background-size:cover;-o-background-size:cover;background-size:cover;padding: 0px 0px 0px 0px;\"><div class=\"fusion-text fusion-text-3 fusion-animated\" data-animationType=\"fadeInLeft\" data-animationDuration=\"1.0\" data-animationOffset=\"100%\"><h4 style=\"--fontSize: 28; line-height: 1.36;\" data-fontsize=\"28\" data-lineheight=\"38.08000183105469px\" class=\"fusion-responsive-typography-calculated\"><b>Enrique San Juan<\/b><\/h4>\n<h6 style=\"--fontSize: 18; line-height: 1.5; --minFontSize: 18;\" data-fontsize=\"18\" data-lineheight=\"27px\" class=\"fusion-responsive-typography-calculated\">Tema: <span style=\"color: rgb(74, 78, 87); font-family: var(--body_typography-font-family); font-size: var(--body_typography-font-size); font-style: var(--body_typography-font-style,normal); letter-spacing: var(--body_typography-letter-spacing);\">Inteligencia Artificial, cuando el futuro se vuelve presente.<\/span><\/h6><\/p>\n<\/div><style type=\"text\/css\">.fusion-accordian  #accordion-25-5 .panel-title a .fa-fusion-box{ color: #ffffff;}.fusion-accordian  #accordion-25-5 .panel-title a .fa-fusion-box:before{ font-size: 10px; width: 10px;}.fusion-accordian  #accordion-25-5 .panel-title a{font-size:13px;}.fusion-accordian  #accordion-25-5 .fa-fusion-box { background-color: #212934;border-color: #212934;}.fusion-accordian  #accordion-25-5 .panel-title a:hover, #accordion-25-5 .fusion-toggle-boxed-mode:hover .panel-title a { color: #ff6600;}.fusion-accordian  #accordion-25-5 .panel-title .active .fa-fusion-box,.fusion-accordian  #accordion-25-5 .panel-title a:hover .fa-fusion-box { background-color: #ff6600!important;border-color: #ff6600!important;}<\/style><div class=\"accordian fusion-accordian\"><div class=\"panel-group\" id=\"accordion-25-5\" role=\"tablist\"><div class=\"fusion-panel panel-default\" role=\"tabpanel\"><div class=\"panel-heading\"><h4 class=\"panel-title toggle\"><a aria-expanded=\"false\" aria-selected=\"false\" aria-controls=\"a2ddb901b84bf3d09\" role=\"tab\" data-toggle=\"collapse\" data-parent=\"#accordion-25-5\" data-target=\"#a2ddb901b84bf3d09\" href=\"#a2ddb901b84bf3d09\"><span class=\"fusion-toggle-icon-wrapper\" aria-hidden=\"true\"><i class=\"fa-fusion-box\" aria-hidden=\"true\"><\/i><\/span><span class=\"fusion-toggle-heading\">Conferencia viernes 17 de mayo<\/span><\/a><\/h4><\/div><div id=\"a2ddb901b84bf3d09\" class=\"panel-collapse collapse \"><div class=\"panel-body toggle-content fusion-clearfix\">\n<p><span class=\"c-message__edited_label\" dir=\"ltr\" data-sk=\"tooltip_parent\">En esta sesi\u00f3n descubriremos de qu\u00e9 forma la redacci\u00f3n automatizada de textos persuasivos, la creaci\u00f3n de im\u00e1genes impactantes, la s\u00edntesis de audios y la generaci\u00f3n de v\u00eddeos con IA puede ayudarnos en diferentes aplicaciones para nuestro negocio. Una experiencia formativa y pr\u00e1ctica en la que se desvelar\u00e1n las aplicaciones estrella de la IA, casos concretos de uso profesional y se animar\u00e1 a los participantes a pensar por s\u00ed mismos en formas de aplicar la IA en sus tareas y objetivos profesionales.<br \/><\/span><\/p>\n<\/div><\/div><\/div><\/div><\/div><style type=\"text\/css\">.fusion-accordian  #accordion-25-6 .panel-title a .fa-fusion-box{ color: #ffffff;}.fusion-accordian  #accordion-25-6 .panel-title a .fa-fusion-box:before{ font-size: 10px; width: 10px;}.fusion-accordian  #accordion-25-6 .panel-title a{font-size:13px;}.fusion-accordian  #accordion-25-6 .fa-fusion-box { background-color: #212934;border-color: #212934;}.fusion-accordian  #accordion-25-6 .panel-title a:hover, #accordion-25-6 .fusion-toggle-boxed-mode:hover .panel-title a { color: #ff6600;}.fusion-accordian  #accordion-25-6 .panel-title .active .fa-fusion-box,.fusion-accordian  #accordion-25-6 .panel-title a:hover .fa-fusion-box { background-color: #ff6600!important;border-color: #ff6600!important;}<\/style><div class=\"accordian fusion-accordian\"><div class=\"panel-group\" id=\"accordion-25-6\" role=\"tablist\"><div class=\"fusion-panel panel-default\" role=\"tabpanel\"><div class=\"panel-heading\"><h4 class=\"panel-title toggle\"><a aria-expanded=\"false\" aria-selected=\"false\" aria-controls=\"4f8a08770ea0797c3\" role=\"tab\" data-toggle=\"collapse\" data-parent=\"#accordion-25-6\" data-target=\"#4f8a08770ea0797c3\" href=\"#4f8a08770ea0797c3\"><span class=\"fusion-toggle-icon-wrapper\" aria-hidden=\"true\"><i class=\"fa-fusion-box\" aria-hidden=\"true\"><\/i><\/span><span class=\"fusion-toggle-heading\">Curriculum<\/span><\/a><\/h4><\/div><div id=\"4f8a08770ea0797c3\" class=\"panel-collapse collapse \"><div class=\"panel-body toggle-content fusion-clearfix\">\n<p>Enrique San Juan es experto en Inteligencia Artificial y comunicaci\u00f3n digital estrat\u00e9gica. Periodista especializado en nuevas tecnolog\u00edas, ha trabajado en prensa t\u00e9cnica, en el departamento de comunicaci\u00f3n corporativa de IBM Espa\u00f1a, fue jefe de redacci\u00f3n del peri\u00f3dico ol\u00edmpico de Barcelona&#8217;92 y director del suplemento de nuevas tecnolog\u00edas Novatec del diario La Vanguardia. Desde 1999 dirige su propia agencia digital, Community Internet, en Barcelona, desde la que suministra servicios de consultor\u00eda y formaci\u00f3n en IA, Social Media y marketing digital.<\/p>\n<\/div><\/div><\/div><\/div><\/div><\/div><\/div><style type=\"text\/css\">.fusion-body .fusion-builder-column-4{width:50% !important;margin-top : 0px;margin-bottom : 89px;}.fusion-builder-column-4 > .fusion-column-wrapper {padding-top : 0px !important;padding-right : 0px !important;margin-right : 3.84%;padding-bottom : 0px !important;padding-left : 0px !important;margin-left : 3.84%;}@media only screen and (max-width:1024px) {.fusion-body .fusion-builder-column-4{width:50% !important;order : 0;}.fusion-builder-column-4 > .fusion-column-wrapper {margin-right : 3.84%;margin-left : 3.84%;}}@media only screen and (max-width:640px) {.fusion-body .fusion-builder-column-4{width:100% !important;order : 0;}.fusion-builder-column-4 > .fusion-column-wrapper {margin-right : 1.92%;margin-left : 1.92%;}}<\/style><div class=\"fusion-layout-column fusion_builder_column fusion-builder-column-5 fusion_builder_column_1_2 1_2 fusion-flex-column\"><div class=\"fusion-column-wrapper fusion-flex-justify-content-flex-start fusion-content-layout-column\" style=\"background-position:left top;background-repeat:no-repeat;-webkit-background-size:cover;-moz-background-size:cover;-o-background-size:cover;background-size:cover;padding: 0px 0px 0px 0px;\"><div ><span class=\" fusion-imageframe imageframe-none imageframe-3 hover-type-none\"><img decoding=\"async\" width=\"314\" height=\"323\" title=\"image001\" src=\"https:\/\/aifec.eu\/congreso2024\/wp-content\/uploads\/2024\/01\/image001.png\" class=\"img-responsive wp-image-1707\" srcset=\"https:\/\/aifec.eu\/congreso2024\/wp-content\/uploads\/2024\/01\/image001-200x206.png 200w, https:\/\/aifec.eu\/congreso2024\/wp-content\/uploads\/2024\/01\/image001.png 314w\" sizes=\"(max-width: 640px) 100vw, 314px\" \/><\/span><\/div><\/div><\/div><style type=\"text\/css\">.fusion-body .fusion-builder-column-5{width:50% !important;margin-top : 0px;margin-bottom : 20px;}.fusion-builder-column-5 > .fusion-column-wrapper {padding-top : 0px !important;padding-right : 0px !important;margin-right : 3.84%;padding-bottom : 0px !important;padding-left : 0px !important;margin-left : 3.84%;}@media only screen and (max-width:1024px) {.fusion-body .fusion-builder-column-5{width:50% !important;order : 0;}.fusion-builder-column-5 > .fusion-column-wrapper {margin-right : 3.84%;margin-left : 3.84%;}}@media only screen and (max-width:640px) {.fusion-body .fusion-builder-column-5{width:100% !important;order : 0;}.fusion-builder-column-5 > .fusion-column-wrapper {margin-right : 1.92%;margin-left : 1.92%;}}<\/style><\/div><style type=\"text\/css\">.fusion-body .fusion-flex-container.fusion-builder-row-3{ padding-top : 0px;margin-top : 0px;padding-right : 0px;padding-bottom : 0px;margin-bottom : 0px;padding-left : 0px;}<\/style><\/div><div class=\"fusion-fullwidth fullwidth-box fusion-builder-row-4 fusion-flex-container nonhundred-percent-fullwidth non-hundred-percent-height-scrolling\" style=\"background-color: rgba(255,255,255,0);background-position: center center;background-repeat: no-repeat;border-width: 0px 0px 0px 0px;border-color:#e2e2e2;border-style:solid;\" ><div class=\"fusion-builder-row fusion-row fusion-flex-align-items-flex-start\" style=\"max-width:1248px;margin-left: calc(-4% \/ 2 );margin-right: calc(-4% \/ 2 );\"><div class=\"fusion-layout-column fusion_builder_column fusion-builder-column-6 fusion_builder_column_2_5 2_5 fusion-flex-column\"><div class=\"fusion-column-wrapper fusion-flex-justify-content-flex-start fusion-content-layout-column\" style=\"background-position:left top;background-repeat:no-repeat;-webkit-background-size:cover;-moz-background-size:cover;-o-background-size:cover;background-size:cover;padding: 0px 0px 0px 0px;\"><div class=\" sm-text-align-center\"><span class=\" fusion-imageframe imageframe-none imageframe-4 hover-type-none\"><img decoding=\"async\" width=\"675\" height=\"450\" title=\"foto marta 2\" src=\"https:\/\/aifec.eu\/congreso2024\/wp-content\/uploads\/2024\/02\/foto-marta-2-1.jpg\" class=\"img-responsive wp-image-1773\" srcset=\"https:\/\/aifec.eu\/congreso2024\/wp-content\/uploads\/2024\/02\/foto-marta-2-1-200x133.jpg 200w, https:\/\/aifec.eu\/congreso2024\/wp-content\/uploads\/2024\/02\/foto-marta-2-1-400x267.jpg 400w, https:\/\/aifec.eu\/congreso2024\/wp-content\/uploads\/2024\/02\/foto-marta-2-1-600x400.jpg 600w, https:\/\/aifec.eu\/congreso2024\/wp-content\/uploads\/2024\/02\/foto-marta-2-1.jpg 675w\" sizes=\"(max-width: 640px) 100vw, 600px\" \/><\/span><\/div><\/div><\/div><style type=\"text\/css\">.fusion-body .fusion-builder-column-6{width:40% !important;margin-top : 0px;margin-bottom : 20px;}.fusion-builder-column-6 > .fusion-column-wrapper {padding-top : 0px !important;padding-right : 0px !important;margin-right : 4.8%;padding-bottom : 0px !important;padding-left : 0px !important;margin-left : 4.8%;}@media only screen and (max-width:1024px) {.fusion-body .fusion-builder-column-6{width:40% !important;order : 0;}.fusion-builder-column-6 > .fusion-column-wrapper {margin-right : 4.8%;margin-left : 4.8%;}}@media only screen and (max-width:640px) {.fusion-body .fusion-builder-column-6{width:50% !important;order : 1;margin-top : 0px;margin-bottom : 0px;}.fusion-builder-column-6 > .fusion-column-wrapper {padding-top : 0px !important;margin-right : 0%;padding-left : 3px !important;margin-left : 34.176%;}}<\/style><div class=\"fusion-layout-column fusion_builder_column fusion-builder-column-7 fusion_builder_column_3_5 3_5 fusion-flex-column\"><div class=\"fusion-column-wrapper fusion-flex-justify-content-flex-start fusion-content-layout-column\" style=\"background-position:left top;background-repeat:no-repeat;-webkit-background-size:cover;-moz-background-size:cover;-o-background-size:cover;background-size:cover;padding: 0px 0px 0px 0px;\"><div class=\"fusion-text fusion-text-4 fusion-animated\" data-animationType=\"fadeInLeft\" data-animationDuration=\"1.0\" data-animationOffset=\"100%\"><h4 class=\"fusion-responsive-typography-calculated\" style=\"--fontsize: 28; line-height: 1.36;\" data-fontsize=\"28\" data-lineheight=\"38.080002px\"><b>Marta Romo, <\/b>fundadora y CEO de <b>BeUp<\/b><\/h4>\n<p style=\"--fontsize: 54; line-height: 1.15;\" data-fontsize=\"54\" data-lineheight=\"61.17646789550781px\">Tema: Actitud positiva; C\u00f3mo abrazar los cambios<\/p>\n<p data-fontsize=\"54\" data-lineheight=\"61.17646789550781px\">Patrocinado por UPM Raflatac <img decoding=\"async\" class=\"alignnone wp-image-1814\" src=\"https:\/\/aifec.eu\/congreso2024\/wp-content\/uploads\/2024\/02\/UPMweb.jpg\" alt=\"\" width=\"213\" height=\"170\" \/><\/p>\n<\/div><style type=\"text\/css\">.fusion-accordian  #accordion-25-7 .panel-title a .fa-fusion-box{ color: #ffffff;}.fusion-accordian  #accordion-25-7 .panel-title a .fa-fusion-box:before{ font-size: 10px; width: 10px;}.fusion-accordian  #accordion-25-7 .panel-title a{font-size:13px;}.fusion-accordian  #accordion-25-7 .fa-fusion-box { background-color: #212934;border-color: #212934;}.fusion-accordian  #accordion-25-7 .panel-title a:hover, #accordion-25-7 .fusion-toggle-boxed-mode:hover .panel-title a { color: #ff6600;}.fusion-accordian  #accordion-25-7 .panel-title .active .fa-fusion-box,.fusion-accordian  #accordion-25-7 .panel-title a:hover .fa-fusion-box { background-color: #ff6600!important;border-color: #ff6600!important;}<\/style><div class=\"accordian fusion-accordian\"><div class=\"panel-group\" id=\"accordion-25-7\" role=\"tablist\"><div class=\"fusion-panel panel-default\" role=\"tabpanel\"><div class=\"panel-heading\"><h4 class=\"panel-title toggle\"><a aria-expanded=\"false\" aria-selected=\"false\" aria-controls=\"cb939ae9fdc461729\" role=\"tab\" data-toggle=\"collapse\" data-parent=\"#accordion-25-7\" data-target=\"#cb939ae9fdc461729\" href=\"#cb939ae9fdc461729\"><span class=\"fusion-toggle-icon-wrapper\" aria-hidden=\"true\"><i class=\"fa-fusion-box\" aria-hidden=\"true\"><\/i><\/span><span class=\"fusion-toggle-heading\">Conferencia viernes 17 de mayo<\/span><\/a><\/h4><\/div><div id=\"cb939ae9fdc461729\" class=\"panel-collapse collapse \"><div class=\"panel-body toggle-content fusion-clearfix\">\n<p>Un recorrido por el cerebro para entender c\u00f3mo procesa la informaci\u00f3n y los momentos de incertidumbre. Con herramientas y estrategias para afrontar los cambios con actitud positiva. Descubriendo estrategias para vivir el cambio desde el autocuidado. Una conferencia rigurosa y a la vez emocionante.<\/p>\n<\/div><\/div><\/div><\/div><\/div><style type=\"text\/css\">.fusion-accordian  #accordion-25-8 .panel-title a .fa-fusion-box{ color: #ffffff;}.fusion-accordian  #accordion-25-8 .panel-title a .fa-fusion-box:before{ font-size: 10px; width: 10px;}.fusion-accordian  #accordion-25-8 .panel-title a{font-size:13px;}.fusion-accordian  #accordion-25-8 .fa-fusion-box { background-color: #212934;border-color: #212934;}.fusion-accordian  #accordion-25-8 .panel-title a:hover, #accordion-25-8 .fusion-toggle-boxed-mode:hover .panel-title a { color: #ff6600;}.fusion-accordian  #accordion-25-8 .panel-title .active .fa-fusion-box,.fusion-accordian  #accordion-25-8 .panel-title a:hover .fa-fusion-box { background-color: #ff6600!important;border-color: #ff6600!important;}<\/style><div class=\"accordian fusion-accordian\"><div class=\"panel-group\" id=\"accordion-25-8\" role=\"tablist\"><div class=\"fusion-panel panel-default\" role=\"tabpanel\"><div class=\"panel-heading\"><h4 class=\"panel-title toggle\"><a aria-expanded=\"false\" aria-selected=\"false\" aria-controls=\"c9b10ce5f47f87509\" role=\"tab\" data-toggle=\"collapse\" data-parent=\"#accordion-25-8\" data-target=\"#c9b10ce5f47f87509\" href=\"#c9b10ce5f47f87509\"><span class=\"fusion-toggle-icon-wrapper\" aria-hidden=\"true\"><i class=\"fa-fusion-box\" aria-hidden=\"true\"><\/i><\/span><span class=\"fusion-toggle-heading\">Curriculum<\/span><\/a><\/h4><\/div><div id=\"c9b10ce5f47f87509\" class=\"panel-collapse collapse \"><div class=\"panel-body toggle-content fusion-clearfix\">\n<p>Con m\u00e1s de 20 a\u00f1os de experiencia en el mundo de la consultor\u00eda de Recursos Humanos, es fundadora y CEO de BeUp. <\/p>\n<p>Profesora en diversas universidades y escuelas de negocio. <\/p>\n<p>Autora de <i>\u00abEntrena tu cerebro\u00bb<\/i>, <i>\u00abLa mujer l\u00edder\u00bb <\/i>y co-autora de 5 libros m\u00e1s. <\/p>\n<p>Su labor como divulgadora de contenido en redes sociales, le ha llevado a ser elegida como LinkedIn Top Voices Spain 2019 (una de las 10 personas m\u00e1s influyentes en LinkedIn en Espa\u00f1a). Tambi\u00e9n consigui\u00f3 el premio a mejor blog 2019 por Expocoaching. Ha sido elegida como TOP 100 mujeres l\u00edderes en Espa\u00f1a 2021. <\/p>\n<p>Pedagoga, m\u00e1ster en RRRHH, Brain Trainer (Zengar Institute, Canad\u00e1). Experta en Neurociencia aplicada al liderazgo, la creatividad y el aprendizaje (University of Chicago). NBI practitioner, Coach Ejecutivo acreditada por AECOP.<\/p>\n<\/div><\/div><\/div><\/div><\/div><\/div><\/div><style type=\"text\/css\">.fusion-body .fusion-builder-column-7{width:60% !important;margin-top : 0px;margin-bottom : 89px;}.fusion-builder-column-7 > .fusion-column-wrapper {padding-top : 0px !important;padding-right : 0px !important;margin-right : 3.2%;padding-bottom : 0px !important;padding-left : 0px !important;margin-left : 3.2%;}@media only screen and (max-width:1024px) {.fusion-body .fusion-builder-column-7{width:60% !important;order : 0;}.fusion-builder-column-7 > .fusion-column-wrapper {margin-right : 3.2%;margin-left : 3.2%;}}@media only screen and (max-width:640px) {.fusion-body .fusion-builder-column-7{width:100% !important;order : 0;}.fusion-builder-column-7 > .fusion-column-wrapper {margin-right : 1.92%;margin-left : 1.92%;}}<\/style><\/div><style type=\"text\/css\">.fusion-body .fusion-flex-container.fusion-builder-row-4{ padding-top : 0px;margin-top : 0px;padding-right : 0px;padding-bottom : 0px;margin-bottom : 0px;padding-left : 0px;}<\/style><\/div><div class=\"fusion-fullwidth fullwidth-box fusion-builder-row-5 fusion-flex-container nonhundred-percent-fullwidth non-hundred-percent-height-scrolling\" style=\"background-color: rgba(255,255,255,0);background-position: center center;background-repeat: no-repeat;border-width: 0px 0px 0px 0px;border-color:#e2e2e2;border-style:solid;\" ><div class=\"fusion-builder-row fusion-row fusion-flex-align-items-flex-start\" style=\"max-width:1248px;margin-left: calc(-4% \/ 2 );margin-right: calc(-4% \/ 2 );\"><div class=\"fusion-layout-column fusion_builder_column fusion-builder-column-8 fusion_builder_column_1_2 1_2 fusion-flex-column\"><div class=\"fusion-column-wrapper fusion-flex-justify-content-flex-start fusion-content-layout-column\" style=\"background-position:left top;background-repeat:no-repeat;-webkit-background-size:cover;-moz-background-size:cover;-o-background-size:cover;background-size:cover;padding: 0px 0px 0px 0px;\"><div class=\"fusion-text fusion-text-5 fusion-animated\" data-animationType=\"fadeInLeft\" data-animationDuration=\"1.0\" data-animationOffset=\"100%\"><h3 style=\"text-align: left; --fontSize: 32; line-height: 1.3;\" data-fontsize=\"32\" data-lineheight=\"41.599998px\" class=\"fusion-responsive-typography-calculated\"><b>Belong to Sea<\/b><\/h3>\n<p style=\"text-align: left;\"><b>Taller de sostenibilidad social: Escape Box<\/b><\/p>\n<\/div><style type=\"text\/css\">.fusion-accordian  #accordion-25-9 .panel-title a .fa-fusion-box{ color: #ffffff;}.fusion-accordian  #accordion-25-9 .panel-title a .fa-fusion-box:before{ font-size: 10px; width: 10px;}.fusion-accordian  #accordion-25-9 .panel-title a{font-size:13px;}.fusion-accordian  #accordion-25-9 .fa-fusion-box { background-color: #212934;border-color: #212934;}.fusion-accordian  #accordion-25-9 .panel-title a:hover, #accordion-25-9 .fusion-toggle-boxed-mode:hover .panel-title a { color: #ff6600;}.fusion-accordian  #accordion-25-9 .panel-title .active .fa-fusion-box,.fusion-accordian  #accordion-25-9 .panel-title a:hover .fa-fusion-box { background-color: #ff6600!important;border-color: #ff6600!important;}<\/style><div class=\"accordian fusion-accordian\"><div class=\"panel-group\" id=\"accordion-25-9\" role=\"tablist\"><div class=\"fusion-panel panel-default\" role=\"tabpanel\"><div class=\"panel-heading\"><h4 class=\"panel-title toggle\"><a aria-expanded=\"false\" aria-selected=\"false\" aria-controls=\"67ba357cbd20a8419\" role=\"tab\" data-toggle=\"collapse\" data-parent=\"#accordion-25-9\" data-target=\"#67ba357cbd20a8419\" href=\"#67ba357cbd20a8419\"><span class=\"fusion-toggle-icon-wrapper\" aria-hidden=\"true\"><i class=\"fa-fusion-box\" aria-hidden=\"true\"><\/i><\/span><span class=\"fusion-toggle-heading\">Conferencia viernes 17 de mayo<\/span><\/a><\/h4><\/div><div id=\"67ba357cbd20a8419\" class=\"panel-collapse collapse \"><div class=\"panel-body toggle-content fusion-clearfix\">\n<p>\u00a1Descubre la Aventura del Escape Box!<\/p>\n<p>El Escape Box es una experiencia \u00fanica e interactiva dise\u00f1ada para equipos que buscan hacer una diferencia en el mundo. En esta din\u00e1mica actividad, los participantes se sumergen en una misi\u00f3n cr\u00edtica: rescatar una Gorgonia del fondo del mar para salvar nuestro planeta.<\/p>\n<p>Trabajo en Equipo y Resoluci\u00f3n de Enigmas Los equipos deber\u00e1n colaborar para descifrar pistas y resolver enigmas que los llevar\u00e1n a la apertura de una misteriosa caja encontrada en las profundidades oce\u00e1nicas. Pero no se trata solo de abrir la caja: a medida que avanzan, se enfrentar\u00e1n a desaf\u00edos que los har\u00e1n moverse y pensar juntos, fomentando la uni\u00f3n y el ingenio colectivo.<\/p>\n<p>Educaci\u00f3n en Sostenibilidad y ODS A lo largo de esta emocionante aventura, los trabajadores se educar\u00e1n y trabajar\u00e1n con los Objetivos de Desarrollo Sostenible (ODS), tocando temas esenciales como la energ\u00eda, el agua, el medio ambiente, la sostenibilidad y el reciclaje. Cada enigma y actividad est\u00e1 dise\u00f1ado para promover la conciencia y la acci\u00f3n en estas \u00e1reas cr\u00edticas.<\/p>\n<p>Concienciaci\u00f3n y Acci\u00f3n El Escape Box es m\u00e1s que un juego; es una llamada a la acci\u00f3n. Mediante el juego, los equipos aprender\u00e1n sobre la importancia de la conservaci\u00f3n marina y c\u00f3mo sus acciones cotidianas pueden contribuir a la salud del planeta. Esta experiencia no solo despierta la conciencia, sino que tambi\u00e9n motiva a los participantes a convertirse en agentes de cambio en sus entornos laborales y comunidades.<\/p>\n<\/div><\/div><\/div><\/div><\/div><style type=\"text\/css\">.fusion-accordian  #accordion-25-10 .panel-title a .fa-fusion-box{ color: #ffffff;}.fusion-accordian  #accordion-25-10 .panel-title a .fa-fusion-box:before{ font-size: 10px; width: 10px;}.fusion-accordian  #accordion-25-10 .panel-title a{font-size:13px;}.fusion-accordian  #accordion-25-10 .fa-fusion-box { background-color: #212934;border-color: #212934;}.fusion-accordian  #accordion-25-10 .panel-title a:hover, #accordion-25-10 .fusion-toggle-boxed-mode:hover .panel-title a { color: #ff6600;}.fusion-accordian  #accordion-25-10 .panel-title .active .fa-fusion-box,.fusion-accordian  #accordion-25-10 .panel-title a:hover .fa-fusion-box { background-color: #ff6600!important;border-color: #ff6600!important;}<\/style><div class=\"accordian fusion-accordian\"><div class=\"panel-group\" id=\"accordion-25-10\" role=\"tablist\"><div class=\"fusion-panel panel-default\" role=\"tabpanel\"><div class=\"panel-heading\"><h4 class=\"panel-title toggle\"><a aria-expanded=\"false\" aria-selected=\"false\" aria-controls=\"072c911eac435a374\" role=\"tab\" data-toggle=\"collapse\" data-parent=\"#accordion-25-10\" data-target=\"#072c911eac435a374\" href=\"#072c911eac435a374\"><span class=\"fusion-toggle-icon-wrapper\" aria-hidden=\"true\"><i class=\"fa-fusion-box\" aria-hidden=\"true\"><\/i><\/span><span class=\"fusion-toggle-heading\">Curriculum<\/span><\/a><\/h4><\/div><div id=\"072c911eac435a374\" class=\"panel-collapse collapse \"><div class=\"panel-body toggle-content fusion-clearfix\">\n<p>Belong to Sea es una empresa pionera en fomentar una cultura sostenible dentro del \u00e1mbito empresarial. Se especializa en unir la ciencia con la sociedad a trav\u00e9s de diversas iniciativas y programas. Su enfoque innovador incluye la creaci\u00f3n de actividades y recursos educativos que promueven la conciencia ambiental y la acci\u00f3n sostenible entre las empresas y sus empleados.<\/p>\n<p>La empresa se destaca por su liderazgo en la implementaci\u00f3n de pr\u00e1cticas de sostenibilidad que est\u00e1n alineadas con los Objetivos de Desarrollo Sostenible (ODS). Ofrece talleres, seminarios y actividades interactivas como el Escape Box, que no solo educan sobre temas importantes como la biodiversidad, la energ\u00eda y la reducci\u00f3n de residuos, sino que tambi\u00e9n fomentan la cohesi\u00f3n de equipo y la motivaci\u00f3n.<\/p>\n<p>Belong to Sea trabaja en estrecha colaboraci\u00f3n con las empresas para desarrollar estrategias de sostenibilidad personalizadas, asegurando que la sostenibilidad se integre en el n\u00facleo de sus operaciones y filosof\u00eda. Con un enfoque pr\u00e1ctico, busca efectuar un cambio positivo y duradero, ayudando a las empresas a convertirse en modelos a seguir en la esfera de la sostenibilidad corporativa.<\/p>\n<p>Belong to Sea es una empresa reconocida por su liderazgo en fomentar la cultura sostenible dentro del \u00e1mbito corporativo, actuando como un puente entre la ciencia y la sociedad. Su enfoque se centra en la sensibilizaci\u00f3n y educaci\u00f3n sobre pr\u00e1cticas sostenibles, con un especial \u00e9nfasis en acercar el conocimiento cient\u00edfico al p\u00fablico general para fomentar un cambio positivo en la conducta empresarial hacia el medio ambiente.<\/p>\n<p>Adem\u00e1s, Belong to Sea es impulsora de iniciativas ambientales significativas, como el proyecto de reforestaci\u00f3n de gorgonias, destacando su compromiso no solo con la educaci\u00f3n sino tambi\u00e9n con la acci\u00f3n directa para la conservaci\u00f3n marina. Este proyecto subraya su misi\u00f3n de trabajar en pro de ecosistemas m\u00e1s saludables y resilientes, subrayando su papel activo en la restauraci\u00f3n de h\u00e1bitats vitales para la biodiversidad marina.<\/p>\n<p>Belong to Sea se posiciona como un agente de cambio hacia la sostenibilidad, promoviendo la responsabilidad ambiental en el mundo corporativo y contribuyendo al bienestar ecol\u00f3gico a trav\u00e9s de sus proyectos y programas educativos.<\/p>\n<\/div><\/div><\/div><\/div><\/div><\/div><\/div><style type=\"text\/css\">.fusion-body .fusion-builder-column-8{width:50% !important;margin-top : 0px;margin-bottom : 89px;}.fusion-builder-column-8 > .fusion-column-wrapper {padding-top : 0px !important;padding-right : 0px !important;margin-right : 3.84%;padding-bottom : 0px !important;padding-left : 0px !important;margin-left : 3.84%;}@media only screen and (max-width:1024px) {.fusion-body .fusion-builder-column-8{width:50% !important;order : 0;}.fusion-builder-column-8 > .fusion-column-wrapper {margin-right : 3.84%;margin-left : 3.84%;}}@media only screen and (max-width:640px) {.fusion-body .fusion-builder-column-8{width:100% !important;order : 0;}.fusion-builder-column-8 > .fusion-column-wrapper {margin-right : 1.92%;margin-left : 1.92%;}}<\/style><div class=\"fusion-layout-column fusion_builder_column fusion-builder-column-9 fusion_builder_column_1_2 1_2 fusion-flex-column\"><div class=\"fusion-column-wrapper fusion-flex-justify-content-flex-start fusion-content-layout-column\" style=\"background-position:left top;background-repeat:no-repeat;-webkit-background-size:cover;-moz-background-size:cover;-o-background-size:cover;background-size:cover;padding: 0px 0px 0px 0px;\"><div ><span class=\" fusion-imageframe imageframe-none imageframe-5 hover-type-none\"><img decoding=\"async\" width=\"1181\" height=\"701\" title=\"cropped-BelongToSEA_logobaja-2\" src=\"https:\/\/aifec.eu\/congreso2024\/wp-content\/uploads\/2024\/02\/cropped-BelongToSEA_logobaja-2.jpg\" class=\"img-responsive wp-image-1776\" srcset=\"https:\/\/aifec.eu\/congreso2024\/wp-content\/uploads\/2024\/02\/cropped-BelongToSEA_logobaja-2-200x119.jpg 200w, https:\/\/aifec.eu\/congreso2024\/wp-content\/uploads\/2024\/02\/cropped-BelongToSEA_logobaja-2-400x237.jpg 400w, https:\/\/aifec.eu\/congreso2024\/wp-content\/uploads\/2024\/02\/cropped-BelongToSEA_logobaja-2-600x356.jpg 600w, https:\/\/aifec.eu\/congreso2024\/wp-content\/uploads\/2024\/02\/cropped-BelongToSEA_logobaja-2-800x475.jpg 800w, https:\/\/aifec.eu\/congreso2024\/wp-content\/uploads\/2024\/02\/cropped-BelongToSEA_logobaja-2.jpg 1181w\" sizes=\"(max-width: 640px) 100vw, 600px\" \/><\/span><\/div><\/div><\/div><style type=\"text\/css\">.fusion-body .fusion-builder-column-9{width:50% !important;margin-top : 0px;margin-bottom : 20px;}.fusion-builder-column-9 > .fusion-column-wrapper {padding-top : 0px !important;padding-right : 0px !important;margin-right : 3.84%;padding-bottom : 0px !important;padding-left : 0px !important;margin-left : 3.84%;}@media only screen and (max-width:1024px) {.fusion-body .fusion-builder-column-9{width:50% !important;order : 0;}.fusion-builder-column-9 > .fusion-column-wrapper {margin-right : 3.84%;margin-left : 3.84%;}}@media only screen and (max-width:640px) {.fusion-body .fusion-builder-column-9{width:100% !important;order : 0;}.fusion-builder-column-9 > .fusion-column-wrapper {margin-right : 1.92%;margin-left : 1.92%;}}<\/style><\/div><style type=\"text\/css\">.fusion-body .fusion-flex-container.fusion-builder-row-5{ padding-top : 0px;margin-top : 34px;padding-right : 0px;padding-bottom : 36px;margin-bottom : 0px;padding-left : 0px;}<\/style><\/div><div class=\"fusion-fullwidth fullwidth-box fusion-builder-row-6 fusion-flex-container nonhundred-percent-fullwidth non-hundred-percent-height-scrolling\" style=\"background-color: rgba(255,255,255,0);background-position: center center;background-repeat: no-repeat;border-width: 0px 0px 0px 0px;border-color:#e2e2e2;border-style:solid;\" ><div class=\"fusion-builder-row fusion-row fusion-flex-align-items-flex-start\" style=\"max-width:1248px;margin-left: calc(-4% \/ 2 );margin-right: calc(-4% \/ 2 );\"><div class=\"fusion-layout-column fusion_builder_column fusion-builder-column-10 fusion_builder_column_1_1 1_1 fusion-flex-column\"><div class=\"fusion-column-wrapper fusion-flex-justify-content-flex-start fusion-content-layout-column\" style=\"background-position:left top;background-repeat:no-repeat;-webkit-background-size:cover;-moz-background-size:cover;-o-background-size:cover;background-size:cover;padding: 26px 0px 0px 0px;\"><div class=\"fusion-text fusion-text-6\" style=\"transform:translate3d(0,0,0);\"><h4 style=\"--fontsize: 54; line-height: 1.15; --fontSize: 28;\" data-fontsize=\"28\" data-lineheight=\"32.200001px\" class=\"fusion-responsive-typography-calculated\">Sesiones T\u00e9cnicas<\/h4>\n<p class=\"fusion-responsive-typography-calculated\" style=\"--fontsize: 24.000001907348633; line-height: 1.37;\" data-fontsize=\"24.000001907348633\" data-lineheight=\"31.764705657958984px\">17 DE MAYO<\/p>\n<\/div><\/div><\/div><style type=\"text\/css\">.fusion-body .fusion-builder-column-10{width:100% !important;margin-top : 0px;margin-bottom : 20px;}.fusion-builder-column-10 > .fusion-column-wrapper {padding-top : 26px !important;padding-right : 0px !important;margin-right : 1.92%;padding-bottom : 0px !important;padding-left : 0px !important;margin-left : 1.92%;}@media only screen and (max-width:1024px) {.fusion-body .fusion-builder-column-10{width:100% !important;order : 0;}.fusion-builder-column-10 > .fusion-column-wrapper {margin-right : 1.92%;margin-left : 1.92%;}}@media only screen and (max-width:640px) {.fusion-body .fusion-builder-column-10{width:100% !important;order : 0;}.fusion-builder-column-10 > .fusion-column-wrapper {margin-right : 1.92%;margin-left : 1.92%;}}<\/style><div class=\"fusion-layout-column fusion_builder_column fusion-builder-column-11 fusion_builder_column_1_1 1_1 fusion-flex-column\"><div class=\"fusion-column-wrapper fusion-flex-justify-content-flex-start fusion-content-layout-column\" style=\"background-position:left top;background-repeat:no-repeat;-webkit-background-size:cover;-moz-background-size:cover;-o-background-size:cover;background-size:cover;padding: 26px 0px 0px 0px;\"><div class=\"fusion-text fusion-text-7\" style=\"transform:translate3d(0,0,0);\"><h6><strong>Conferencias T\u00e9cnicas<\/strong><\/h6>\n<p><b>\u00abPotenciar la innovaci\u00f3n sostenible: satisfacer las demandas de las nuevas generaciones en la impresi\u00f3n de etiquetas.\u00bb<\/b> a cargo de Jeroen Van Bauwel, Solutions Director &#8211; <b>XEIKON<\/b><\/p>\n<p><strong>\u00abInnovaci\u00f3n digital en el embalaje flexible y etiquetas.\u00bb <\/strong>a cargo de Borja Henche, Regional Manager Spain &#8211; <b>SCREEN<\/b><\/p>\n<p><strong>\u00abWink, Siempre a tu lado.\u00bb<\/strong> a cargo de Fabrizio Decio, General Manager. &#8211; <b>WINK SOUTH EUROPE<\/b><\/p>\n<p><strong>\u00abConversi\u00f3n de etiquetas con tecnolog\u00eda l\u00e1ser.\u00bb<\/strong> a cargo de Virgilio Micale, Director global de ventas &#8211; <b>CARTES<\/b><\/p>\n<p><b><strong>\u00ab<\/strong>\u00bfC\u00f3mo puede la impresi\u00f3n digital convertir las tendencias del mercado de etiquetas en poderosos motores de<\/b> <strong>crecimiento?\u00bb<\/strong> a cargo de Pedro Marta, Sales Manager Digital Printing; Iberia &amp; Latin America &#8211; <b>DOMINO<\/b><\/p>\n<p><strong>\u00abUn sector de futuro y sostenible.\u00bb <\/strong>a cargo de Fran Zanier, Regional MarCom Southern Europe &#8211; <b>BOBST<\/b><\/p>\n<h6><strong>Talleres T\u00e9cnicos<\/strong><\/h6>\n<p><strong>\u00abEl Papel del ERP en la Econom\u00eda Circular\u00bb<\/strong>. Tony Garc\u00eda, Business Manager Spain &amp; Latin America &#8211; <strong>SISTRADE<\/strong><\/p>\n<p><strong>\u00abA B Graphic Int. \u2013 Presente y Futuro\u00bb<\/strong>. Adri\u00e0 Albiac, Sales Manager Iberia y Sergi Auset, Director Iberia &#8211; <strong>AB GRAPHIC INTERNATIONAL<\/strong><\/p>\n<\/div><\/div><\/div><style type=\"text\/css\">.fusion-body .fusion-builder-column-11{width:100% !important;margin-top : 0px;margin-bottom : 20px;}.fusion-builder-column-11 > .fusion-column-wrapper {padding-top : 26px !important;padding-right : 0px !important;margin-right : 1.92%;padding-bottom : 0px !important;padding-left : 0px !important;margin-left : 1.92%;}@media only screen and (max-width:1024px) {.fusion-body .fusion-builder-column-11{width:100% !important;order : 0;}.fusion-builder-column-11 > .fusion-column-wrapper {margin-right : 1.92%;margin-left : 1.92%;}}@media only screen and (max-width:640px) {.fusion-body .fusion-builder-column-11{width:100% !important;order : 0;}.fusion-builder-column-11 > .fusion-column-wrapper {margin-right : 1.92%;margin-left : 1.92%;}}<\/style><\/div><style type=\"text\/css\">.fusion-body .fusion-flex-container.fusion-builder-row-6{ padding-top : 0px;margin-top : 0px;padding-right : 0px;padding-bottom : 0px;margin-bottom : 0px;padding-left : 0px;}<\/style><\/div><div class=\"fusion-fullwidth fullwidth-box fusion-builder-row-7 fusion-flex-container nonhundred-percent-fullwidth non-hundred-percent-height-scrolling\" style=\"background-color: rgba(255,255,255,0);background-position: center center;background-repeat: no-repeat;border-width: 0px 0px 0px 0px;border-color:#e2e2e2;border-style:solid;\" ><div class=\"fusion-builder-row fusion-row fusion-flex-align-items-flex-start\" style=\"max-width:1248px;margin-left: calc(-4% \/ 2 );margin-right: calc(-4% \/ 2 );\"><\/div><style type=\"text\/css\">.fusion-body .fusion-flex-container.fusion-builder-row-7{ padding-top : 0px;margin-top : 0px;padding-right : 0px;padding-bottom : 0px;margin-bottom : 0px;padding-left : 0px;}<\/style><\/div><\/p>\n","protected":false},"excerpt":{"rendered":"","protected":false},"author":1,"featured_media":0,"parent":0,"menu_order":0,"comment_status":"closed","ping_status":"closed","template":"100-width.php","meta":{"footnotes":""},"class_list":["post-25","page","type-page","status-publish","hentry"],"_links":{"self":[{"href":"https:\/\/aifec.eu\/congreso2024\/index.php?rest_route=\/wp\/v2\/pages\/25","targetHints":{"allow":["GET"]}}],"collection":[{"href":"https:\/\/aifec.eu\/congreso2024\/index.php?rest_route=\/wp\/v2\/pages"}],"about":[{"href":"https:\/\/aifec.eu\/congreso2024\/index.php?rest_route=\/wp\/v2\/types\/page"}],"author":[{"embeddable":true,"href":"https:\/\/aifec.eu\/congreso2024\/index.php?rest_route=\/wp\/v2\/users\/1"}],"replies":[{"embeddable":true,"href":"https:\/\/aifec.eu\/congreso2024\/index.php?rest_route=%2Fwp%2Fv2%2Fcomments&post=25"}],"version-history":[{"count":163,"href":"https:\/\/aifec.eu\/congreso2024\/index.php?rest_route=\/wp\/v2\/pages\/25\/revisions"}],"predecessor-version":[{"id":1987,"href":"https:\/\/aifec.eu\/congreso2024\/index.php?rest_route=\/wp\/v2\/pages\/25\/revisions\/1987"}],"wp:attachment":[{"href":"https:\/\/aifec.eu\/congreso2024\/index.php?rest_route=%2Fwp%2Fv2%2Fmedia&parent=25"}],"curies":[{"name":"wp","href":"https:\/\/api.w.org\/{rel}","templated":true}]}}