{"id":16,"date":"2022-02-15T11:53:17","date_gmt":"2022-02-15T11:53:17","guid":{"rendered":"https:\/\/aifec.eu\/congreso2024\/?page_id=16"},"modified":"2024-05-17T07:47:28","modified_gmt":"2024-05-17T07:47:28","slug":"programa","status":"publish","type":"page","link":"https:\/\/aifec.eu\/congreso2024\/?page_id=16","title":{"rendered":"Programa"},"content":{"rendered":"<p><div class=\"fusion-fullwidth fullwidth-box fusion-builder-row-1 fusion-flex-container nonhundred-percent-fullwidth non-hundred-percent-height-scrolling\" style=\"background-color: rgba(255,255,255,0);background-position: center center;background-repeat: no-repeat;border-width: 0px 0px 0px 0px;border-color:#e2e2e2;border-style:solid;\" ><div class=\"fusion-builder-row fusion-row fusion-flex-align-items-flex-start\" style=\"max-width:1248px;margin-left: calc(-4% \/ 2 );margin-right: calc(-4% \/ 2 );\"><div class=\"fusion-layout-column fusion_builder_column fusion-builder-column-0 fusion_builder_column_1_1 1_1 fusion-flex-column\"><div class=\"fusion-column-wrapper fusion-flex-justify-content-flex-start fusion-content-layout-column\" style=\"background-position:left top;background-repeat:no-repeat;-webkit-background-size:cover;-moz-background-size:cover;-o-background-size:cover;background-size:cover;background-color:rgba(255,152,0,0.35);padding: 0px 0px 0px 0px;\"><div class=\"fusion-text fusion-text-1\" style=\"transform:translate3d(0,0,0);\"><p style=\"text-align: center;\"><span style=\"color: #997f5d;\"><b>C\u00f3digo de vestimenta: Business Casual: sesiones de trabajo y cena de bienvenida, Business Formal: Cena 25 Aniversario y Entrega de Premios. Vestimenta casual con calzado c\u00f3modo: jornada del s\u00e1bado<\/b><\/span><\/p>\n<\/div><\/div><\/div><style type=\"text\/css\">.fusion-body .fusion-builder-column-0{width:100% !important;margin-top : 0px;margin-bottom : 20px;}.fusion-builder-column-0 > .fusion-column-wrapper {padding-top : 0px !important;padding-right : 0px !important;margin-right : 1.92%;padding-bottom : 0px !important;padding-left : 0px !important;margin-left : 1.92%;}@media only screen and (max-width:1024px) {.fusion-body .fusion-builder-column-0{width:100% !important;order : 0;}.fusion-builder-column-0 > .fusion-column-wrapper {margin-right : 1.92%;margin-left : 1.92%;}}@media only screen and (max-width:640px) {.fusion-body .fusion-builder-column-0{width:100% !important;order : 0;}.fusion-builder-column-0 > .fusion-column-wrapper {margin-right : 1.92%;margin-left : 1.92%;}}<\/style><div class=\"fusion-layout-column fusion_builder_column fusion-builder-column-1 fusion_builder_column_1_1 1_1 fusion-flex-column\"><div class=\"fusion-column-wrapper fusion-flex-justify-content-flex-start fusion-content-layout-column\" style=\"background-position:left top;background-repeat:no-repeat;-webkit-background-size:cover;-moz-background-size:cover;-o-background-size:cover;background-size:cover;padding: 0px 0px 0px 0px;\"><style type=\"text\/css\">@media only screen and (max-width:1024px) {.fusion-title.fusion-title-1{margin-top:10px!important;margin-bottom:15px!important;}}@media only screen and (max-width:640px) {.fusion-title.fusion-title-1{margin-top:10px!important;margin-bottom:10px!important;}}<\/style><div class=\"fusion-title title fusion-title-1 fusion-title-text fusion-title-size-one\" style=\"margin-top:10px;margin-bottom:15px;\"><div class=\"title-sep-container title-sep-container-left fusion-no-large-visibility fusion-no-medium-visibility fusion-no-small-visibility\"><div class=\"title-sep sep-double sep-solid\" style=\"border-color:#e2e2e2;\"><\/div><\/div><h1 class=\"title-heading-left\" style=\"margin:0;\"><h5><span style=\"color: #ff9900;\">Jueves, 16 de mayo<br \/>\n<\/span><\/h5><\/h1><div class=\"title-sep-container title-sep-container-right\"><div class=\"title-sep sep-double sep-solid\" style=\"border-color:#e2e2e2;\"><\/div><\/div><\/div><div class=\"fusion-text fusion-text-2\" style=\"transform:translate3d(0,0,0);\"><div class=\"column\">\n<h5 class=\"fusion-responsive-typography-calculated\" style=\"--fontsize: 24; line-height: 1.37; --fontSize: 24;\" data-fontsize=\"24\" data-lineheight=\"32.88px\">Congresistas: c\u00f3digo de vestimenta Business Casual<\/h5>\n<p class=\"\"><b>Llegada del grupo al Hotel<\/b><\/p>\n<p class=\"\"><b>14:00 Entrega de acreditaciones<\/b><\/p>\n<p><strong>17:15 &#8211; 17:45 Caf\u00e9 de Bienvenida &#8211; <\/strong>Visita de la zona expo y votaci\u00f3n del p\u00fablico de los Premios AIFEC a trav\u00e9s de la APP<\/p>\n<p><span class=\"\" style=\"font-weight: bold;\"><span class=\"JsGRdQ\">17:45 &#8211; 18:45 <\/span>Asamblea General <\/span><span class=\"\"><b>AIFEC 2024 <\/b><\/span><\/p>\n<p><span class=\"\"><b>18:45 &#8211; 19:00 La Importancia de Medir la Huella de Carbono <\/b>&#8211; a cargo de Mar Robles, <\/span><span style=\"background-color: rgba(255, 255, 255, 0); color: var(--body_typography-color); font-family: var(--body_typography-font-family); font-size: var(--body_typography-font-size); font-style: var(--body_typography-font-style,normal); font-weight: var(--body_typography-font-weight); letter-spacing: var(--body_typography-letter-spacing);\">Responsable de Sostenibilidad y Co-fundadora en GreeMko<\/span><\/p>\n<p><span class=\"\"><b>19:00 &#8211; 19:30<\/b> Intervenci\u00f3n Pablo Englebienne, Regulatory Affairs and Sustainability Manager de FINAT, que nos actualizar\u00e1 la situaci\u00f3n normativa europea que afecta al sector de la etiqueta.<\/span><\/p>\n<p><span style=\"font-family: var(--body_typography-font-family); font-size: var(--body_typography-font-size); font-style: var(--body_typography-font-style,normal); letter-spacing: var(--body_typography-letter-spacing);\"><span class=\"JsGRdQ\" style=\"font-weight: bold;\">20:30<\/span> <span style=\"font-family: var(--body_typography-font-family); font-size: var(--body_typography-font-size); font-style: var(--body_typography-font-style,normal); letter-spacing: var(--body_typography-letter-spacing);\"><b>Bienvenida &amp; Apertura del Congreso &#8211; <\/b>a cargo del Presidente de AIFEC<\/span><\/span><\/p>\n<\/div>\n<p class=\"_04xlpA direction-ltr align-start para-style-body\"><span style=\"color: var(--body_typography-color); font-family: var(--body_typography-font-family); font-size: var(--body_typography-font-size); font-style: var(--body_typography-font-style,normal); letter-spacing: var(--body_typography-letter-spacing);\"><span class=\"JsGRdQ\"><b>Cocktail cena de Bienvenida en el centro de conferencias del Hotel Crowne Plaza Caparica &#8211; <\/b>Patrocinado por HP y BRIGAL<\/span><\/span><\/p>\n<p class=\"_04xlpA direction-ltr align-start para-style-body\"><span style=\"color: var(--body_typography-color); font-family: var(--body_typography-font-family); font-size: var(--body_typography-font-size); font-style: var(--body_typography-font-style,normal); letter-spacing: var(--body_typography-letter-spacing);\"><span class=\"JsGRdQ\"> <img decoding=\"async\" class=\"alignnone wp-image-1798\" src=\"https:\/\/aifec.eu\/congreso2024\/wp-content\/uploads\/2024\/02\/HP_logo_.png\" alt=\"\" width=\"85\" height=\"85\" srcset=\"https:\/\/aifec.eu\/congreso2024\/wp-content\/uploads\/2024\/02\/HP_logo_-66x66.png 66w, https:\/\/aifec.eu\/congreso2024\/wp-content\/uploads\/2024\/02\/HP_logo_-150x150.png 150w, https:\/\/aifec.eu\/congreso2024\/wp-content\/uploads\/2024\/02\/HP_logo_-200x200.png 200w, https:\/\/aifec.eu\/congreso2024\/wp-content\/uploads\/2024\/02\/HP_logo_-300x300.png 300w, https:\/\/aifec.eu\/congreso2024\/wp-content\/uploads\/2024\/02\/HP_logo_-400x400.png 400w, https:\/\/aifec.eu\/congreso2024\/wp-content\/uploads\/2024\/02\/HP_logo_.png 480w\" sizes=\"(max-width: 85px) 100vw, 85px\" \/> <img decoding=\"async\" class=\"wp-image-1946 alignnone\" src=\"https:\/\/aifec.eu\/congreso2024\/wp-content\/uploads\/2024\/03\/brigal-tienda-logo-1614075504.png\" alt=\"\" width=\"263\" height=\"42\" srcset=\"https:\/\/aifec.eu\/congreso2024\/wp-content\/uploads\/2024\/03\/brigal-tienda-logo-1614075504-200x32.png 200w, https:\/\/aifec.eu\/congreso2024\/wp-content\/uploads\/2024\/03\/brigal-tienda-logo-1614075504-300x48.png 300w, https:\/\/aifec.eu\/congreso2024\/wp-content\/uploads\/2024\/03\/brigal-tienda-logo-1614075504-400x64.png 400w, https:\/\/aifec.eu\/congreso2024\/wp-content\/uploads\/2024\/03\/brigal-tienda-logo-1614075504-600x96.png 600w, https:\/\/aifec.eu\/congreso2024\/wp-content\/uploads\/2024\/03\/brigal-tienda-logo-1614075504-768x122.png 768w, https:\/\/aifec.eu\/congreso2024\/wp-content\/uploads\/2024\/03\/brigal-tienda-logo-1614075504-800x128.png 800w, https:\/\/aifec.eu\/congreso2024\/wp-content\/uploads\/2024\/03\/brigal-tienda-logo-1614075504.png 803w\" sizes=\"(max-width: 263px) 100vw, 263px\" \/><br \/>\n<\/span><\/span><\/p>\n<\/div><\/div><\/div><style type=\"text\/css\">.fusion-body .fusion-builder-column-1{width:100% !important;margin-top : 0px;margin-bottom : 20px;}.fusion-builder-column-1 > .fusion-column-wrapper {padding-top : 0px !important;padding-right : 0px !important;margin-right : 1.92%;padding-bottom : 0px !important;padding-left : 0px !important;margin-left : 1.92%;}@media only screen and (max-width:1024px) {.fusion-body .fusion-builder-column-1{width:100% !important;order : 0;}.fusion-builder-column-1 > .fusion-column-wrapper {margin-right : 1.92%;margin-left : 1.92%;}}@media only screen and (max-width:640px) {.fusion-body .fusion-builder-column-1{width:100% !important;order : 0;}.fusion-builder-column-1 > .fusion-column-wrapper {margin-right : 1.92%;margin-left : 1.92%;}}<\/style><\/div><style type=\"text\/css\">.fusion-body .fusion-flex-container.fusion-builder-row-1{ padding-top : 0px;margin-top : 0px;padding-right : 0px;padding-bottom : 0px;margin-bottom : 0px;padding-left : 0px;}<\/style><\/div><div class=\"fusion-fullwidth fullwidth-box fusion-builder-row-2 fusion-flex-container nonhundred-percent-fullwidth non-hundred-percent-height-scrolling\" style=\"background-color: rgba(255,255,255,0);background-position: center center;background-repeat: no-repeat;border-width: 0px 0px 0px 0px;border-color:#e2e2e2;border-style:solid;\" ><div class=\"fusion-builder-row fusion-row fusion-flex-align-items-flex-start\" style=\"max-width:1248px;margin-left: calc(-4% \/ 2 );margin-right: calc(-4% \/ 2 );\"><div class=\"fusion-layout-column fusion_builder_column fusion-builder-column-2 fusion_builder_column_1_1 1_1 fusion-flex-column\"><div class=\"fusion-column-wrapper fusion-flex-justify-content-flex-start fusion-content-layout-column\" style=\"background-position:left top;background-repeat:no-repeat;-webkit-background-size:cover;-moz-background-size:cover;-o-background-size:cover;background-size:cover;padding: 0px 0px 0px 0px;\"><style type=\"text\/css\">@media only screen and (max-width:1024px) {.fusion-title.fusion-title-2{margin-top:10px!important;margin-bottom:15px!important;}}@media only screen and (max-width:640px) {.fusion-title.fusion-title-2{margin-top:10px!important;margin-bottom:10px!important;}}<\/style><div class=\"fusion-title title fusion-title-2 fusion-title-text fusion-title-size-one\" style=\"margin-top:10px;margin-bottom:15px;\"><div class=\"title-sep-container title-sep-container-left fusion-no-large-visibility fusion-no-medium-visibility fusion-no-small-visibility\"><div class=\"title-sep sep-double sep-solid\" style=\"border-color:#e2e2e2;\"><\/div><\/div><h1 class=\"title-heading-left\" style=\"margin:0;\"><h5><span style=\"color: #ff9900;\">Viernes, 17 de mayo<br \/>\n<\/span><\/h5><\/h1><div class=\"title-sep-container title-sep-container-right\"><div class=\"title-sep sep-double sep-solid\" style=\"border-color:#e2e2e2;\"><\/div><\/div><\/div><div class=\"fusion-text fusion-text-3\" style=\"transform:translate3d(0,0,0);\"><h5 class=\"fusion-responsive-typography-calculated\" style=\"--fontsize: 24; line-height: 1.37; color: rgb(91, 100, 150); --fontSize: 24;\" data-fontsize=\"24\" data-lineheight=\"32.88px\">Congresistas: c\u00f3digo de vestimenta Business Casual<\/h5>\n<h5 class=\"fusion-responsive-typography-calculated\" style=\"--fontsize: 24; line-height: 1.37; --fontSize: 24;\" data-fontsize=\"24\" data-lineheight=\"32.88px\"><strong>Sesi\u00f3n de ma\u00f1ana<\/strong><\/h5>\n<div>\n<p><strong>9:00 Apertura del Congreso<\/strong><\/p>\n<p><strong>9:05-10:00 <i>\u00ab<\/i><\/strong><span style=\"font-family: var(--body_typography-font-family); font-size: var(--body_typography-font-size); letter-spacing: var(--body_typography-letter-spacing);\"><i>Inteligencia Artificial, cuando el futuro se vuelve presente.\u00bb <\/i>Enrique San Juan<\/span><\/p>\n<p><strong style=\"font-family: var(--body_typography-font-family); font-size: var(--body_typography-font-size); font-style: var(--body_typography-font-style,normal); letter-spacing: var(--body_typography-letter-spacing);\">10:05-10:25 BOBST <\/strong><span style=\"font-family: var(--body_typography-font-family); font-size: var(--body_typography-font-size); font-style: var(--body_typography-font-style,normal); letter-spacing: var(--body_typography-letter-spacing);\">&#8211; <\/span><span style=\"font-family: var(--body_typography-font-family); font-size: var(--body_typography-font-size); letter-spacing: var(--body_typography-letter-spacing);\"><i>\u00abUn sector de futuro y sostenible.\u00bb<\/i> <\/span><span style=\"font-family: var(--body_typography-font-family); font-size: var(--body_typography-font-size); font-style: var(--body_typography-font-style,normal); letter-spacing: var(--body_typography-letter-spacing);\">Marco Carpi, <\/span>Sales Area Manager<span style=\"font-family: var(--body_typography-font-family); font-size: var(--body_typography-font-size); font-style: var(--body_typography-font-style,normal); letter-spacing: var(--body_typography-letter-spacing);\">.<\/span><\/p>\n<p><strong>10:30-11:15 Pausa Caf\u00e9 <\/strong>&#8211; Visita de la zona expo y votaci\u00f3n del p\u00fablico para los PREMIOS AIFEC 2024 a trav\u00e9s de la APP<\/p>\n<ul>\n<li><b style=\"font-family: var(--body_typography-font-family); font-size: var(--body_typography-font-size); font-style: var(--body_typography-font-style,normal); letter-spacing: var(--body_typography-letter-spacing);\">10:30 &#8211; 10:45 <\/b><span style=\"font-family: var(--body_typography-font-family); font-size: var(--body_typography-font-size); font-style: var(--body_typography-font-style,normal); letter-spacing: var(--body_typography-letter-spacing);\">Taller: \u00ab<\/span>El Papel del ERP en la Econom\u00eda Circular\u201d. Tony Garc\u00eda, Business Manager Spain &amp; Latin America en SISTRADE<\/li>\n<\/ul>\n<p><strong style=\"font-family: var(--body_typography-font-family); font-size: var(--body_typography-font-size); font-style: var(--body_typography-font-style,normal); letter-spacing: var(--body_typography-letter-spacing);\">11:15-11:35 <\/strong><span style=\"font-family: var(--body_typography-font-family); font-size: var(--body_typography-font-size); font-style: var(--body_typography-font-style,normal); letter-spacing: var(--body_typography-letter-spacing);\"><b>XEIKON<\/b> &#8211; <\/span><span style=\"background-color: rgba(255, 255, 255, 0); color: var(--body_typography-color); font-family: var(--body_typography-font-family); font-size: var(--body_typography-font-size); font-style: var(--body_typography-font-style,normal); font-weight: var(--body_typography-font-weight); letter-spacing: var(--body_typography-letter-spacing);\">\u00abPotenciar la innovaci\u00f3n sostenible: satisfacer las demandas de las nuevas generaciones en la impresi\u00f3n de etiquetas\u00bb. <\/span><span style=\"background-color: rgba(255, 255, 255, 0); color: var(--body_typography-color); font-family: var(--body_typography-font-family); font-size: var(--body_typography-font-size); font-style: var(--body_typography-font-style,normal); font-weight: var(--body_typography-font-weight); letter-spacing: var(--body_typography-letter-spacing);\">Jeroen Van Bauwel, Solutions Director.<\/span><\/p>\n<p><strong>11:40 -12:00 DOMINO <\/strong>&#8211; <i>\u00ab\u00bfC\u00f3mo puede la impresi\u00f3n digital convertir las tendencias del mercado de etiquetas en poderosos motores de crecimiento?\u00bb. <\/i><span style=\"font-family: var(--body_typography-font-family); font-size: var(--body_typography-font-size); font-style: var(--body_typography-font-style,normal); letter-spacing: var(--body_typography-letter-spacing);\">Pedro Marta, Sales Manager Digital Printing; Iberia &amp; Latin America<\/span><\/p>\n<div>\n<p><strong>12:05 -12:25<\/strong><b> <\/b><span style=\"font-family: var(--body_typography-font-family); font-size: var(--body_typography-font-size); font-style: var(--body_typography-font-style,normal); letter-spacing: var(--body_typography-letter-spacing);\"><b>WINK.<\/b> \u00abWink, Siempre a tu lado.\u00bb Fabrizio Decio, General Manager.<\/span><\/p>\n<p><b>12:30 -13:30 <i>\u00ab<\/i><\/b><i>Actitud positiva: c\u00f3mo abrazar los cambios.\u00bb <\/i>Marta Romo. Patrocinado por UPM Raflatac<\/p>\n<p><img decoding=\"async\" class=\"alignnone wp-image-1844\" src=\"https:\/\/aifec.eu\/congreso2024\/wp-content\/uploads\/2024\/02\/UPM_BA_RAFLATAC_Fixed_combination_RGB-1.png\" alt=\"\" width=\"233\" height=\"60\"><\/p>\n<p><b>13:30 &#8211; 15:30 Almuerzo de trabajo en el restaurante del Hotel Crowne Plaza Caparica <\/b>&#8211; Patrocinado por Avery Denninson<\/p>\n<p><img decoding=\"async\" class=\"alignnone wp-image-1795\" src=\"https:\/\/aifec.eu\/congreso2024\/wp-content\/uploads\/2024\/02\/AVERY-DENINISON.jpg\" alt=\"\" width=\"143\" height=\"46\" srcset=\"https:\/\/aifec.eu\/congreso2024\/wp-content\/uploads\/2024\/02\/AVERY-DENINISON-200x64.jpg 200w, https:\/\/aifec.eu\/congreso2024\/wp-content\/uploads\/2024\/02\/AVERY-DENINISON-300x97.jpg 300w, https:\/\/aifec.eu\/congreso2024\/wp-content\/uploads\/2024\/02\/AVERY-DENINISON-400x129.jpg 400w, https:\/\/aifec.eu\/congreso2024\/wp-content\/uploads\/2024\/02\/AVERY-DENINISON-600x193.jpg 600w, https:\/\/aifec.eu\/congreso2024\/wp-content\/uploads\/2024\/02\/AVERY-DENINISON.jpg 640w\" sizes=\"(max-width: 143px) 100vw, 143px\" \/><\/p>\n<\/div>\n<\/div>\n<\/div><div class=\"fusion-text fusion-text-4\" style=\"transform:translate3d(0,0,0);\"><h5 class=\"fusion-responsive-typography-calculated\" style=\"--fontsize: 24; line-height: 1.38; --fontSize: 24;\" data-fontsize=\"24\" data-lineheight=\"33.12px\"><b>Sesi\u00f3n de tarde<\/b><\/h5>\n<div>\n<p><b>15:30 &#8211; 15:50 <\/b><span style=\"font-family: var(--body_typography-font-family); font-size: var(--body_typography-font-size); font-style: var(--body_typography-font-style,normal); letter-spacing: var(--body_typography-letter-spacing);\"><b>S C R E E N.<\/b> \u00abInnovaci\u00f3n digital en el embalaje flexible y etiquetas.\u00bb Borja Henche, Regional Manager Spain.<\/span><\/p>\n<p><strong>15:55 &#8211; 16:15 CARTES. <\/strong><i>\u00abConversi\u00f3n de etiquetas con tecnolog\u00eda l\u00e1ser.\u00bb <\/i><span style=\"font-family: var(--body_typography-font-family); font-size: var(--body_typography-font-size); font-style: var(--body_typography-font-style,normal); letter-spacing: var(--body_typography-letter-spacing);\">Virgilio Micale, <\/span><span style=\"font-family: var(--body_typography-font-family); font-size: var(--body_typography-font-size); font-style: var(--body_typography-font-style,normal); letter-spacing: var(--body_typography-letter-spacing);\">Director global de ventas.<\/span><em style=\"font-weight: bold;\"><br \/><\/em><\/p>\n<p><strong>16:15-17:00 Pausa Caf\u00e9 <\/strong><span style=\"font-family: var(--body_typography-font-family); font-size: var(--body_typography-font-size); font-style: var(--body_typography-font-style,normal); letter-spacing: var(--body_typography-letter-spacing);\">\u2013 <\/span><span style=\"background-color: rgba(255, 255, 255, 0); color: var(--body_typography-color); font-family: var(--body_typography-font-family); font-size: var(--body_typography-font-size); font-style: var(--body_typography-font-style,normal); font-weight: var(--body_typography-font-weight); letter-spacing: var(--body_typography-letter-spacing);\">Visita de la zona expo y votaci\u00f3n del p\u00fablico para los PREMIOS AIFEC 2024 a trav\u00e9s de la APP<\/span><\/p>\n<ul>\n<li><strong>16:15 &#8211; 16:30 <\/strong>Taller: \u00abA B Graphic Int. \u2013 Presente y Futuro\u00bb. Adri\u00e0 Albiac, Sales Manager Iberia y Sergi Auset, Director Iberia en AB GRAPHIC INTERNATIONAL<\/li>\n<\/ul>\n<p><strong>17:00 &#8211; 18:30 Taller de sostenibilidad social: Escape Box &amp; Upcycling <\/strong>&#8211; Belong to Sea<\/p>\n<p><strong style=\"color: var(--body_typography-color); font-family: var(--body_typography-font-family); font-size: var(--body_typography-font-size); font-style: var(--body_typography-font-style,normal); letter-spacing: var(--body_typography-letter-spacing);\">18:30 Fotograf\u00eda de grupo y cierre<\/strong><\/p>\n<p><strong style=\"color: var(--body_typography-color); font-family: var(--body_typography-font-family); font-size: var(--body_typography-font-size); font-style: var(--body_typography-font-style,normal); letter-spacing: var(--body_typography-letter-spacing);\">20:00 Punto de encuentro en el hall del Hotel<\/strong><\/p>\n<p><strong style=\"color: var(--body_typography-color); font-family: var(--body_typography-font-family); font-size: var(--body_typography-font-size); font-style: var(--body_typography-font-style,normal); letter-spacing: var(--body_typography-letter-spacing);\">20:15 Salida desde el Hotel hacia Restaurante SUD Lisboa<\/strong><\/p>\n<p><strong>20:45 Cena 25 Aniversario AIFEC &amp; Entrega Premios AIFEC 2024 (se requiere c\u00f3digo de vestimenta Business Formal)<\/strong><br \/>Restaurante SUD Lisboa &#8211; Patrocinado por BOBST y FEDRIGONI <\/p>\n<p><img decoding=\"async\" class=\"alignnone wp-image-1796\" src=\"https:\/\/aifec.eu\/congreso2024\/wp-content\/uploads\/2024\/02\/BOBST-logo-cmyk_721.jpg\" alt=\"\" width=\"166\" height=\"22\" srcset=\"https:\/\/aifec.eu\/congreso2024\/wp-content\/uploads\/2024\/02\/BOBST-logo-cmyk_721-200x27.jpg 200w, https:\/\/aifec.eu\/congreso2024\/wp-content\/uploads\/2024\/02\/BOBST-logo-cmyk_721.jpg 293w\" sizes=\"(max-width: 166px) 100vw, 166px\" \/>       <img decoding=\"async\" class=\"alignnone wp-image-1797\" style=\"font-family: var(--body_typography-font-family); font-size: var(--body_typography-font-size); font-style: var(--body_typography-font-style,normal); letter-spacing: var(--body_typography-letter-spacing);\" src=\"https:\/\/aifec.eu\/congreso2024\/wp-content\/uploads\/2024\/02\/Fedrigoni_Self-Adhesives_Logotype_and_Shield_Black_RGB-1.png\" alt=\"\" width=\"160\" height=\"34\" srcset=\"https:\/\/aifec.eu\/congreso2024\/wp-content\/uploads\/2024\/02\/Fedrigoni_Self-Adhesives_Logotype_and_Shield_Black_RGB-1-200x42.png 200w, https:\/\/aifec.eu\/congreso2024\/wp-content\/uploads\/2024\/02\/Fedrigoni_Self-Adhesives_Logotype_and_Shield_Black_RGB-1-300x63.png 300w, https:\/\/aifec.eu\/congreso2024\/wp-content\/uploads\/2024\/02\/Fedrigoni_Self-Adhesives_Logotype_and_Shield_Black_RGB-1-400x85.png 400w, https:\/\/aifec.eu\/congreso2024\/wp-content\/uploads\/2024\/02\/Fedrigoni_Self-Adhesives_Logotype_and_Shield_Black_RGB-1-600x127.png 600w, https:\/\/aifec.eu\/congreso2024\/wp-content\/uploads\/2024\/02\/Fedrigoni_Self-Adhesives_Logotype_and_Shield_Black_RGB-1-768x163.png 768w, https:\/\/aifec.eu\/congreso2024\/wp-content\/uploads\/2024\/02\/Fedrigoni_Self-Adhesives_Logotype_and_Shield_Black_RGB-1-800x169.png 800w, https:\/\/aifec.eu\/congreso2024\/wp-content\/uploads\/2024\/02\/Fedrigoni_Self-Adhesives_Logotype_and_Shield_Black_RGB-1-1024x217.png 1024w, https:\/\/aifec.eu\/congreso2024\/wp-content\/uploads\/2024\/02\/Fedrigoni_Self-Adhesives_Logotype_and_Shield_Black_RGB-1-1200x254.png 1200w, https:\/\/aifec.eu\/congreso2024\/wp-content\/uploads\/2024\/02\/Fedrigoni_Self-Adhesives_Logotype_and_Shield_Black_RGB-1.png 1238w\" sizes=\"(max-width: 160px) 100vw, 160px\" \/><\/p>\n<\/div>\n<\/div><style type=\"text\/css\">@media only screen and (max-width:1024px) {.fusion-title.fusion-title-3{margin-top:10px!important;margin-bottom:15px!important;}}@media only screen and (max-width:640px) {.fusion-title.fusion-title-3{margin-top:10px!important;margin-bottom:10px!important;}}<\/style><div class=\"fusion-title title fusion-title-3 fusion-title-text fusion-title-size-one\" style=\"margin-top:10px;margin-bottom:15px;\"><div class=\"title-sep-container title-sep-container-left fusion-no-large-visibility fusion-no-medium-visibility fusion-no-small-visibility\"><div class=\"title-sep sep-double sep-solid\" style=\"border-color:#e2e2e2;\"><\/div><\/div><h1 class=\"title-heading-left\" style=\"margin:0;\"><h5><span style=\"color: #ff9900;\">Acompa\u00f1antes<\/span><\/h5><\/h1><div class=\"title-sep-container title-sep-container-right\"><div class=\"title-sep sep-double sep-solid\" style=\"border-color:#e2e2e2;\"><\/div><\/div><\/div><div class=\"fusion-text fusion-text-5\" style=\"transform:translate3d(0,0,0);\"><h5 class=\"fusion-responsive-typography-calculated\" style=\"--fontsize: 24; line-height: 1.4; --fontSize: 24;\" data-fontsize=\"24\" data-lineheight=\"33.6px\"><span style=\"color: #ff9900;\"><span style=\"font-size: 20px;\" data-fusion-font=\"true\">Jueves, 16 de mayo<\/span><br \/><span style=\"font-size: 20px;\" data-fusion-font=\"true\"><br \/><\/span><\/span><\/h5>\n<p><strong>21:00 <\/strong><span style=\"background-color: rgba(255, 255, 255, 0); color: var(--body_typography-color); font-family: var(--body_typography-font-family); font-size: var(--body_typography-font-size); font-style: var(--body_typography-font-style,normal); letter-spacing: var(--body_typography-letter-spacing);\"><b>Cocktail cena de Bienvenida en la zona de la piscina del Hotel Crowne Plaza Caparica. C\u00f3digo de Vestimenta Business Casual<\/b><\/span><span style=\"background-color: rgba(255, 255, 255, 0); color: var(--body_typography-color); font-family: var(--body_typography-font-family); font-size: var(--body_typography-font-size); font-style: var(--body_typography-font-style,normal); font-weight: var(--body_typography-font-weight); letter-spacing: var(--body_typography-letter-spacing);\"> &#8211; Patrocinado por HP<\/span><\/p>\n<h5 class=\"fusion-responsive-typography-calculated\" style=\"--fontsize: 24; line-height: 1.4; --fontSize: 24;\" data-fontsize=\"24\" data-lineheight=\"33.6px\"><\/h5>\n<p><span style=\"color: #ff9900; font-size: 20px;\" data-fusion-font=\"true\"><img decoding=\"async\" class=\"alignnone wp-image-1798\" src=\"https:\/\/aifec.eu\/congreso2024\/wp-content\/uploads\/2024\/02\/HP_logo_.png\" alt=\"\" width=\"97\" height=\"97\" style=\"color: rgb(74, 78, 87); font-family: var(--body_typography-font-family); font-size: var(--body_typography-font-size); font-style: var(--body_typography-font-style,normal); letter-spacing: var(--body_typography-letter-spacing);\" srcset=\"https:\/\/aifec.eu\/congreso2024\/wp-content\/uploads\/2024\/02\/HP_logo_-66x66.png 66w, https:\/\/aifec.eu\/congreso2024\/wp-content\/uploads\/2024\/02\/HP_logo_-150x150.png 150w, https:\/\/aifec.eu\/congreso2024\/wp-content\/uploads\/2024\/02\/HP_logo_-200x200.png 200w, https:\/\/aifec.eu\/congreso2024\/wp-content\/uploads\/2024\/02\/HP_logo_-300x300.png 300w, https:\/\/aifec.eu\/congreso2024\/wp-content\/uploads\/2024\/02\/HP_logo_-400x400.png 400w, https:\/\/aifec.eu\/congreso2024\/wp-content\/uploads\/2024\/02\/HP_logo_.png 480w\" sizes=\"(max-width: 97px) 100vw, 97px\" \/><\/span><\/p>\n<p><span style=\"color: #ff9900; font-size: 20px;\" data-fusion-font=\"true\"><br \/><\/span><\/p>\n<p><span style=\"color: #ff9900; font-size: 20px;\" data-fusion-font=\"true\">Viernes, 17 de mayo<\/span><\/p>\n<h6 class=\"fusion-responsive-typography-calculated\" style=\"--fontsize: 18; line-height: 1.5; --minfontsize: 18; --fontSize: 18; --minFontSize: 18;\" data-fontsize=\"18\" data-lineheight=\"27px\">Sesi\u00f3n de ma\u00f1ana: se recomienda calzado c\u00f3modo para acompa\u00f1antes.<\/h6>\n<p><strong style=\"font-family: var(--body_typography-font-family); font-style: var(--body_typography-font-style,normal); letter-spacing: var(--body_typography-letter-spacing); color: rgb(74, 78, 87); font-size: var(--body_typography-font-size);\">10:00-13:00 Recorrido por el Barrio de Belem y Visita del Monasterio de los Jer\u00f3nimos<\/strong><\/p>\n<p><strong>13:30-15:00 Almuerzo en MAAT Kitchen<br \/><\/strong><\/p>\n<p><b>15:00-17:30 Tiempo libre por la zona comercial de Lisboa<\/b><\/p>\n<p><span style=\"color: var(--h6_typography-color); font-family: var(--h6_typography-font-family); font-style: var(--h6_typography-font-style,normal); letter-spacing: var(--h6_typography-letter-spacing); background-color: rgba(255, 255, 255, 0);\"><b>20:30 Punto de encuentro en el hall del Hotel<\/b><\/span><\/p>\n<p><span style=\"color: var(--h6_typography-color); font-family: var(--h6_typography-font-family); font-style: var(--h6_typography-font-style,normal); letter-spacing: var(--h6_typography-letter-spacing); background-color: rgba(255, 255, 255, 0);\"><b>20:45 Salida desde el Hotel hacia Restaurante SUD Lisboa <\/b><\/span><\/p>\n<p><b><span style=\"color: var(--h6_typography-color); font-family: var(--h6_typography-font-family); font-style: var(--h6_typography-font-style,normal); letter-spacing: var(--h6_typography-letter-spacing); background-color: rgba(255, 255, 255, 0);\">21:15 Cena 25 Aniversario AIFEC &amp; Entrega Premios AIFEC 2024 (se requiere c\u00f3digo de vestimenta Business Casual)<br \/><\/span><span style=\"color: var(--h6_typography-color); font-family: var(--h6_typography-font-family); font-style: var(--h6_typography-font-style,normal); letter-spacing: var(--h6_typography-letter-spacing); background-color: rgba(255, 255, 255, 0);\">Restaurante SUD Lisboa<\/span><\/b><span style=\"color: var(--h6_typography-color); font-family: var(--h6_typography-font-family); font-style: var(--h6_typography-font-style,normal); font-weight: var(--h6_typography-font-weight); letter-spacing: var(--h6_typography-letter-spacing); background-color: rgba(255, 255, 255, 0);\"> &#8211; Patrocinado por BOBST y FEDRIGONI<\/span><\/p>\n<p><img decoding=\"async\" class=\"alignnone  wp-image-1796\" src=\"https:\/\/aifec.eu\/congreso2024\/wp-content\/uploads\/2024\/02\/BOBST-logo-cmyk_721.jpg\" alt=\"\" width=\"165\" height=\"22\" srcset=\"https:\/\/aifec.eu\/congreso2024\/wp-content\/uploads\/2024\/02\/BOBST-logo-cmyk_721-200x27.jpg 200w, https:\/\/aifec.eu\/congreso2024\/wp-content\/uploads\/2024\/02\/BOBST-logo-cmyk_721.jpg 293w\" sizes=\"(max-width: 165px) 100vw, 165px\" \/>                         <img decoding=\"async\" class=\"alignnone  wp-image-1797\" src=\"https:\/\/aifec.eu\/congreso2024\/wp-content\/uploads\/2024\/02\/Fedrigoni_Self-Adhesives_Logotype_and_Shield_Black_RGB-1.png\" alt=\"\" width=\"160\" height=\"34\" style=\"font-family: var(--body_typography-font-family); font-size: var(--body_typography-font-size); font-style: var(--body_typography-font-style,normal); letter-spacing: var(--body_typography-letter-spacing);\" srcset=\"https:\/\/aifec.eu\/congreso2024\/wp-content\/uploads\/2024\/02\/Fedrigoni_Self-Adhesives_Logotype_and_Shield_Black_RGB-1-200x42.png 200w, https:\/\/aifec.eu\/congreso2024\/wp-content\/uploads\/2024\/02\/Fedrigoni_Self-Adhesives_Logotype_and_Shield_Black_RGB-1-300x63.png 300w, https:\/\/aifec.eu\/congreso2024\/wp-content\/uploads\/2024\/02\/Fedrigoni_Self-Adhesives_Logotype_and_Shield_Black_RGB-1-400x85.png 400w, https:\/\/aifec.eu\/congreso2024\/wp-content\/uploads\/2024\/02\/Fedrigoni_Self-Adhesives_Logotype_and_Shield_Black_RGB-1-600x127.png 600w, https:\/\/aifec.eu\/congreso2024\/wp-content\/uploads\/2024\/02\/Fedrigoni_Self-Adhesives_Logotype_and_Shield_Black_RGB-1-768x163.png 768w, https:\/\/aifec.eu\/congreso2024\/wp-content\/uploads\/2024\/02\/Fedrigoni_Self-Adhesives_Logotype_and_Shield_Black_RGB-1-800x169.png 800w, https:\/\/aifec.eu\/congreso2024\/wp-content\/uploads\/2024\/02\/Fedrigoni_Self-Adhesives_Logotype_and_Shield_Black_RGB-1-1024x217.png 1024w, https:\/\/aifec.eu\/congreso2024\/wp-content\/uploads\/2024\/02\/Fedrigoni_Self-Adhesives_Logotype_and_Shield_Black_RGB-1-1200x254.png 1200w, https:\/\/aifec.eu\/congreso2024\/wp-content\/uploads\/2024\/02\/Fedrigoni_Self-Adhesives_Logotype_and_Shield_Black_RGB-1.png 1238w\" sizes=\"(max-width: 160px) 100vw, 160px\" \/><\/p>\n<\/p>\n<p><span style=\"font-family: var(--body_typography-font-family); font-size: var(--body_typography-font-size); font-style: var(--body_typography-font-style,normal); letter-spacing: var(--body_typography-letter-spacing);\"> <\/span><\/p>\n<\/div><style type=\"text\/css\">@media only screen and (max-width:1024px) {.fusion-title.fusion-title-4{margin-top:10px!important;margin-bottom:15px!important;}}@media only screen and (max-width:640px) {.fusion-title.fusion-title-4{margin-top:10px!important;margin-bottom:10px!important;}}<\/style><div class=\"fusion-title title fusion-title-4 fusion-title-text fusion-title-size-one\" style=\"margin-top:10px;margin-bottom:15px;\"><div class=\"title-sep-container title-sep-container-left fusion-no-large-visibility fusion-no-medium-visibility fusion-no-small-visibility\"><div class=\"title-sep sep-double sep-solid\" style=\"border-color:#e2e2e2;\"><\/div><\/div><h1 class=\"title-heading-left\" style=\"margin:0;\"><h5><span style=\"color: #ff9900;\">S\u00e1bado, 18 de mayo<br \/>\n<\/span><\/h5><\/h1><div class=\"title-sep-container title-sep-container-right\"><div class=\"title-sep sep-double sep-solid\" style=\"border-color:#e2e2e2;\"><\/div><\/div><\/div><div class=\"fusion-text fusion-text-6\" style=\"transform:translate3d(0,0,0);\"><h5 class=\"fusion-responsive-typography-calculated\" style=\"--fontsize: 24; line-height: 1.4; color: rgb(91, 100, 150); --fontSize: 24;\" data-fontsize=\"24\" data-lineheight=\"33.6px\">Congresistas y Acompa\u00f1antes: c\u00f3digo de vestimenta casual co calzado c\u00f3modo<\/h5>\n<p><strong style=\"font-family: var(--body_typography-font-family); font-size: var(--body_typography-font-size); font-style: var(--body_typography-font-style,normal); letter-spacing: var(--body_typography-letter-spacing);\"><span class=\"JsGRdQ\">9:45 Punto de encuentro en el hall del Hotel Crowne Plaza Caparica<\/span><\/strong><\/p>\n<p><strong style=\"font-family: var(--body_typography-font-family); font-size: var(--body_typography-font-size); font-style: var(--body_typography-font-style,normal); letter-spacing: var(--body_typography-letter-spacing);\"><span class=\"JsGRdQ\">10:00 Salida del Hotel hacia el centro de Lisboa<\/span><\/strong><\/p>\n<p><strong style=\"font-family: var(--body_typography-font-family); font-size: var(--body_typography-font-size); font-style: var(--body_typography-font-style,normal); letter-spacing: var(--body_typography-letter-spacing);\"><span class=\"JsGRdQ\">10:30-13:30<\/span><span class=\"JsGRdQ\"> <\/span><\/strong><span class=\"JsGRdQ\" style=\"font-family: var(--body_typography-font-family); font-size: var(--body_typography-font-size); font-style: var(--body_typography-font-style,normal); letter-spacing: var(--body_typography-letter-spacing);\"><strong>Jornada de Networking: Tour &amp; Degustaci\u00f3n por el centro de Lisboa<\/strong><\/span><\/p>\n<p><span class=\"JsGRdQ\" style=\"font-family: var(--body_typography-font-family); font-size: var(--body_typography-font-size); font-style: var(--body_typography-font-style,normal); letter-spacing: var(--body_typography-letter-spacing);\"><strong>13:30 Traslado en autobuses hacia Pateo Alfacinha<\/strong><\/span><\/p>\n<p class=\"_04xlpA direction-ltr align-start para-style-body\"><span class=\"JsGRdQ\"><b>14:00 &#8211; Almuerzo en el Pateo Alfacinha <\/b>&#8211; Patrocinado por ADESTOR by LECTA<br \/><\/span><\/p>\n<p><img decoding=\"async\" class=\"alignnone  wp-image-1819\" src=\"https:\/\/aifec.eu\/congreso2024\/wp-content\/uploads\/2024\/02\/ADESTOR-by-Lecta-con-claim-horiz-neg.jpeg\" alt=\"\" width=\"145\" height=\"103\" srcset=\"https:\/\/aifec.eu\/congreso2024\/wp-content\/uploads\/2024\/02\/ADESTOR-by-Lecta-con-claim-horiz-neg-200x142.jpeg 200w, https:\/\/aifec.eu\/congreso2024\/wp-content\/uploads\/2024\/02\/ADESTOR-by-Lecta-con-claim-horiz-neg-300x214.jpeg 300w, https:\/\/aifec.eu\/congreso2024\/wp-content\/uploads\/2024\/02\/ADESTOR-by-Lecta-con-claim-horiz-neg-400x283.jpeg 400w, https:\/\/aifec.eu\/congreso2024\/wp-content\/uploads\/2024\/02\/ADESTOR-by-Lecta-con-claim-horiz-neg-600x425.jpeg 600w, https:\/\/aifec.eu\/congreso2024\/wp-content\/uploads\/2024\/02\/ADESTOR-by-Lecta-con-claim-horiz-neg.jpeg 640w\" sizes=\"(max-width: 145px) 100vw, 145px\" \/><\/p>\n<p class=\"_04xlpA direction-ltr align-start para-style-body\"><strong><span class=\"JsGRdQ\">16:00 <\/span><\/strong><span style=\"background-color: rgba(255, 255, 255, 0); color: var(--body_typography-color); font-family: var(--body_typography-font-family); font-size: var(--body_typography-font-size); font-style: var(--body_typography-font-style,normal); letter-spacing: var(--body_typography-letter-spacing);\"><b>Clausura del XXIV Congreso AIFEC<\/b><\/span><\/p>\n<p class=\"_04xlpA direction-ltr align-start para-style-body\"><strong><span class=\"JsGRdQ\">16:15 Regreso al Hotel Crowne Plaza Caparica <\/span><\/strong><\/p>\n<\/div><div class=\"fusion-text fusion-text-7\" style=\"transform:translate3d(0,0,0);\"><\/div><\/div><\/div><style type=\"text\/css\">.fusion-body .fusion-builder-column-2{width:100% !important;margin-top : 0px;margin-bottom : 20px;}.fusion-builder-column-2 > .fusion-column-wrapper {padding-top : 0px !important;padding-right : 0px !important;margin-right : 1.92%;padding-bottom : 0px !important;padding-left : 0px !important;margin-left : 1.92%;}@media only screen and (max-width:1024px) {.fusion-body .fusion-builder-column-2{width:100% !important;order : 0;}.fusion-builder-column-2 > .fusion-column-wrapper {margin-right : 1.92%;margin-left : 1.92%;}}@media only screen and (max-width:640px) {.fusion-body .fusion-builder-column-2{width:100% !important;order : 0;}.fusion-builder-column-2 > .fusion-column-wrapper {margin-right : 1.92%;margin-left : 1.92%;}}<\/style><\/div><style type=\"text\/css\">.fusion-body .fusion-flex-container.fusion-builder-row-2{ padding-top : 0px;margin-top : 0px;padding-right : 0px;padding-bottom : 0px;margin-bottom : 0px;padding-left : 0px;}<\/style><\/div><\/p>\n","protected":false},"excerpt":{"rendered":"","protected":false},"author":1,"featured_media":0,"parent":0,"menu_order":0,"comment_status":"closed","ping_status":"closed","template":"","meta":{"footnotes":""},"class_list":["post-16","page","type-page","status-publish","hentry"],"_links":{"self":[{"href":"https:\/\/aifec.eu\/congreso2024\/index.php?rest_route=\/wp\/v2\/pages\/16","targetHints":{"allow":["GET"]}}],"collection":[{"href":"https:\/\/aifec.eu\/congreso2024\/index.php?rest_route=\/wp\/v2\/pages"}],"about":[{"href":"https:\/\/aifec.eu\/congreso2024\/index.php?rest_route=\/wp\/v2\/types\/page"}],"author":[{"embeddable":true,"href":"https:\/\/aifec.eu\/congreso2024\/index.php?rest_route=\/wp\/v2\/users\/1"}],"replies":[{"embeddable":true,"href":"https:\/\/aifec.eu\/congreso2024\/index.php?rest_route=%2Fwp%2Fv2%2Fcomments&post=16"}],"version-history":[{"count":247,"href":"https:\/\/aifec.eu\/congreso2024\/index.php?rest_route=\/wp\/v2\/pages\/16\/revisions"}],"predecessor-version":[{"id":1997,"href":"https:\/\/aifec.eu\/congreso2024\/index.php?rest_route=\/wp\/v2\/pages\/16\/revisions\/1997"}],"wp:attachment":[{"href":"https:\/\/aifec.eu\/congreso2024\/index.php?rest_route=%2Fwp%2Fv2%2Fmedia&parent=16"}],"curies":[{"name":"wp","href":"https:\/\/api.w.org\/{rel}","templated":true}]}}