{"id":1227,"date":"2023-02-16T17:02:39","date_gmt":"2023-02-16T17:02:39","guid":{"rendered":"https:\/\/aifec.eu\/congreso2024\/?page_id=1227"},"modified":"2024-01-31T11:13:54","modified_gmt":"2024-01-31T11:13:54","slug":"actividad-de-acompanantes","status":"publish","type":"page","link":"https:\/\/aifec.eu\/congreso2024\/?page_id=1227","title":{"rendered":"Actividad de acompa\u00f1antes"},"content":{"rendered":"<p><div class=\"fusion-fullwidth fullwidth-box fusion-builder-row-1 fusion-flex-container nonhundred-percent-fullwidth non-hundred-percent-height-scrolling\" style=\"background-color: rgba(255,255,255,0);background-position: center center;background-repeat: repeat;border-width: 0px 0px 0px 0px;border-color:#e2e2e2;border-style:solid;\" ><div class=\"fusion-builder-row fusion-row fusion-flex-align-items-center fusion-flex-justify-content-center\" style=\"max-width:1248px;margin-left: calc(-4% \/ 2 );margin-right: calc(-4% \/ 2 );\"><div class=\"fusion-layout-column fusion_builder_column fusion-builder-column-0 fusion_builder_column_2_5 2_5 fusion-flex-column fusion-animated\" data-animationType=\"fadeInLeft\" data-animationDuration=\"1.0\" data-animationOffset=\"100%\"><div class=\"fusion-column-wrapper fusion-flex-justify-content-center fusion-content-layout-column\" style=\"background-position:left top;background-repeat:no-repeat;-webkit-background-size:cover;-moz-background-size:cover;-o-background-size:cover;background-size:cover;padding: 0px 0px 0px 0px;\"><div class=\"fusion-text fusion-text-1\" style=\"font-size:20px;line-height:30px;font-family:&quot;var(--awb-typography3-font-family)&quot;;font-weight:var(--awb-typography3);transform:translate3d(0,0,0);\"><p>Viernes, 17 de mayo<\/p>\n<\/div><div class=\"fusion-text fusion-text-2\" style=\"transform:translate3d(0,0,0);\"><h3 class=\"\" style=\"--fontsize: 32; line-height: 1.3;\" data-fontsize=\"32\" data-lineheight=\"41.6px\">Visita al Barrio de Bel\u00e9m<\/h3>\n<\/p>\n<p>Los acompa\u00f1antes disfrutaran de las calles del Barrio de Belem. Este \u00e1rea es conocido por sus emblem\u00e1ticos edificios construidos en honor a los descubrimientos portugueses de la Era Dorada. Los acompa\u00f1antes podr\u00e1n descubrir el monasterio de los Jer\u00f3nimos, la torre de Bel\u00e9m&#8230;y sumergirse en el encanto de la ciudad portuguesa. <\/p>\n<p><strong>Duraci\u00f3n<\/strong>: 3h aprox<\/p>\n<\/div><\/div><\/div><style type=\"text\/css\">.fusion-body .fusion-builder-column-0{width:40% !important;margin-top : 0px;margin-bottom : 20px;}.fusion-builder-column-0 > .fusion-column-wrapper {padding-top : 0px !important;padding-right : 0px !important;margin-right : 9.6%;padding-bottom : 0px !important;padding-left : 0px !important;margin-left : 4.8%;}@media only screen and (max-width:1024px) {.fusion-body .fusion-builder-column-0{width:40% !important;}.fusion-builder-column-0 > .fusion-column-wrapper {margin-right : 0%;margin-left : 9.6%;}}@media only screen and (max-width:640px) {.fusion-body .fusion-builder-column-0{width:100% !important;order : 0;margin-top : 0px;}.fusion-builder-column-0 > .fusion-column-wrapper {margin-right : 0%;margin-left : 3.84%;}}<\/style><div class=\"fusion-layout-column fusion_builder_column fusion-builder-column-1 fusion_builder_column_2_5 2_5 fusion-flex-column fusion-animated\" data-animationType=\"fadeInLeft\" data-animationDuration=\"1.0\" data-animationOffset=\"100%\"><div class=\"fusion-column-wrapper fusion-flex-justify-content-center fusion-content-layout-column\" style=\"background-position:left top;background-repeat:no-repeat;-webkit-background-size:cover;-moz-background-size:cover;-o-background-size:cover;background-size:cover;padding: 0px 0px 0px 0px;\"><div ><span class=\" fusion-imageframe imageframe-none imageframe-1 hover-type-none\"><img decoding=\"async\" width=\"1024\" height=\"683\" title=\"Jeronimos monastery in Lisbon, Portugal.\" src=\"https:\/\/aifec.eu\/congreso2024\/wp-content\/uploads\/2024\/01\/jeronimos-lisboa.jpeg\" class=\"img-responsive wp-image-1693\" srcset=\"https:\/\/aifec.eu\/congreso2024\/wp-content\/uploads\/2024\/01\/jeronimos-lisboa-200x133.jpeg 200w, https:\/\/aifec.eu\/congreso2024\/wp-content\/uploads\/2024\/01\/jeronimos-lisboa-400x267.jpeg 400w, https:\/\/aifec.eu\/congreso2024\/wp-content\/uploads\/2024\/01\/jeronimos-lisboa-600x400.jpeg 600w, https:\/\/aifec.eu\/congreso2024\/wp-content\/uploads\/2024\/01\/jeronimos-lisboa-800x534.jpeg 800w, https:\/\/aifec.eu\/congreso2024\/wp-content\/uploads\/2024\/01\/jeronimos-lisboa.jpeg 1024w\" sizes=\"(max-width: 640px) 100vw, 600px\" \/><\/span><\/div><\/div><\/div><style type=\"text\/css\">.fusion-body .fusion-builder-column-1{width:40% !important;margin-top : 0px;margin-bottom : 20px;}.fusion-builder-column-1 > .fusion-column-wrapper {padding-top : 0px !important;padding-right : 0px !important;margin-right : 9.6%;padding-bottom : 0px !important;padding-left : 0px !important;margin-left : 4.8%;}@media only screen and (max-width:1024px) {.fusion-body .fusion-builder-column-1{width:40% !important;}.fusion-builder-column-1 > .fusion-column-wrapper {margin-right : 0%;margin-left : 9.6%;}}@media only screen and (max-width:640px) {.fusion-body .fusion-builder-column-1{width:100% !important;order : 1;margin-top : 0px;}.fusion-builder-column-1 > .fusion-column-wrapper {margin-right : 0%;margin-left : 3.84%;}}<\/style><div class=\"fusion-layout-column fusion_builder_column fusion-builder-column-2 fusion_builder_column_2_5 2_5 fusion-flex-column fusion-animated\" data-animationType=\"fadeInLeft\" data-animationDuration=\"1.0\" data-animationOffset=\"100%\"><div class=\"fusion-column-wrapper fusion-flex-justify-content-center fusion-content-layout-column\" style=\"background-position:left top;background-repeat:no-repeat;-webkit-background-size:cover;-moz-background-size:cover;-o-background-size:cover;background-size:cover;padding: 0px 0px 0px 0px;\"><div ><span class=\" fusion-imageframe imageframe-none imageframe-2 hover-type-none\"><img decoding=\"async\" width=\"1000\" height=\"667\" title=\"portuguese-Egg-tart-traditional-Portuguese-dessert-pastel-de-nata\" src=\"https:\/\/aifec.eu\/congreso2024\/wp-content\/uploads\/2024\/01\/portuguese-Egg-tart-traditional-Portuguese-dessert-pastel-de-nata.jpeg\" class=\"img-responsive wp-image-1696\" srcset=\"https:\/\/aifec.eu\/congreso2024\/wp-content\/uploads\/2024\/01\/portuguese-Egg-tart-traditional-Portuguese-dessert-pastel-de-nata-200x133.jpeg 200w, https:\/\/aifec.eu\/congreso2024\/wp-content\/uploads\/2024\/01\/portuguese-Egg-tart-traditional-Portuguese-dessert-pastel-de-nata-400x267.jpeg 400w, https:\/\/aifec.eu\/congreso2024\/wp-content\/uploads\/2024\/01\/portuguese-Egg-tart-traditional-Portuguese-dessert-pastel-de-nata-600x400.jpeg 600w, https:\/\/aifec.eu\/congreso2024\/wp-content\/uploads\/2024\/01\/portuguese-Egg-tart-traditional-Portuguese-dessert-pastel-de-nata-800x534.jpeg 800w, https:\/\/aifec.eu\/congreso2024\/wp-content\/uploads\/2024\/01\/portuguese-Egg-tart-traditional-Portuguese-dessert-pastel-de-nata.jpeg 1000w\" sizes=\"(max-width: 640px) 100vw, 600px\" \/><\/span><\/div><\/div><\/div><style type=\"text\/css\">.fusion-body .fusion-builder-column-2{width:40% !important;margin-top : 0px;margin-bottom : 20px;}.fusion-builder-column-2 > .fusion-column-wrapper {padding-top : 0px !important;padding-right : 0px !important;margin-right : 9.6%;padding-bottom : 0px !important;padding-left : 0px !important;margin-left : 4.8%;}@media only screen and (max-width:1024px) {.fusion-body .fusion-builder-column-2{width:40% !important;}.fusion-builder-column-2 > .fusion-column-wrapper {margin-right : 0%;margin-left : 9.6%;}}@media only screen and (max-width:640px) {.fusion-body .fusion-builder-column-2{width:100% !important;order : 1;margin-top : 0px;}.fusion-builder-column-2 > .fusion-column-wrapper {margin-right : 0%;margin-left : 3.84%;}}<\/style><div class=\"fusion-layout-column fusion_builder_column fusion-builder-column-3 fusion_builder_column_2_5 2_5 fusion-flex-column fusion-animated\" data-animationType=\"fadeInLeft\" data-animationDuration=\"1.0\" data-animationOffset=\"100%\"><div class=\"fusion-column-wrapper fusion-flex-justify-content-center fusion-content-layout-column\" style=\"background-position:left top;background-repeat:no-repeat;-webkit-background-size:cover;-moz-background-size:cover;-o-background-size:cover;background-size:cover;padding: 0px 0px 0px 0px;\"><div ><span class=\" fusion-imageframe imageframe-none imageframe-3 hover-type-none\"><img decoding=\"async\" width=\"900\" height=\"588\" title=\"torre-de-belem\" src=\"https:\/\/aifec.eu\/congreso2024\/wp-content\/uploads\/2024\/01\/torre-de-belem.jpg\" class=\"img-responsive wp-image-1697\" srcset=\"https:\/\/aifec.eu\/congreso2024\/wp-content\/uploads\/2024\/01\/torre-de-belem-200x131.jpg 200w, https:\/\/aifec.eu\/congreso2024\/wp-content\/uploads\/2024\/01\/torre-de-belem-400x261.jpg 400w, https:\/\/aifec.eu\/congreso2024\/wp-content\/uploads\/2024\/01\/torre-de-belem-600x392.jpg 600w, https:\/\/aifec.eu\/congreso2024\/wp-content\/uploads\/2024\/01\/torre-de-belem-800x523.jpg 800w, https:\/\/aifec.eu\/congreso2024\/wp-content\/uploads\/2024\/01\/torre-de-belem.jpg 900w\" sizes=\"(max-width: 640px) 100vw, 600px\" \/><\/span><\/div><\/div><\/div><style type=\"text\/css\">.fusion-body .fusion-builder-column-3{width:40% !important;margin-top : 0px;margin-bottom : 20px;}.fusion-builder-column-3 > .fusion-column-wrapper {padding-top : 0px !important;padding-right : 0px !important;margin-right : 9.6%;padding-bottom : 0px !important;padding-left : 0px !important;margin-left : 4.8%;}@media only screen and (max-width:1024px) {.fusion-body .fusion-builder-column-3{width:40% !important;}.fusion-builder-column-3 > .fusion-column-wrapper {margin-right : 0%;margin-left : 9.6%;}}@media only screen and (max-width:640px) {.fusion-body .fusion-builder-column-3{width:100% !important;order : 1;margin-top : 0px;}.fusion-builder-column-3 > .fusion-column-wrapper {margin-right : 0%;margin-left : 3.84%;}}<\/style><\/div><style type=\"text\/css\">.fusion-body .fusion-flex-container.fusion-builder-row-1{ padding-top : 4%;margin-top : 0px;padding-right : 0px;padding-bottom : 4%;margin-bottom : 0px;padding-left : 0px;}<\/style><\/div><div class=\"fusion-fullwidth fullwidth-box fusion-builder-row-2 fusion-flex-container nonhundred-percent-fullwidth non-hundred-percent-height-scrolling\" style=\"background-color: rgba(255,255,255,0);background-position: center center;background-repeat: repeat;border-width: 0px 0px 0px 0px;border-color:#e2e2e2;border-style:solid;\" ><div class=\"fusion-builder-row fusion-row fusion-flex-align-items-center fusion-flex-justify-content-center\" style=\"max-width:1248px;margin-left: calc(-4% \/ 2 );margin-right: calc(-4% \/ 2 );\"><div class=\"fusion-layout-column fusion_builder_column fusion-builder-column-4 fusion_builder_column_2_5 2_5 fusion-flex-column fusion-animated\" data-animationType=\"fadeInLeft\" data-animationDuration=\"1.0\" data-animationOffset=\"100%\"><div class=\"fusion-column-wrapper fusion-flex-justify-content-center fusion-content-layout-column\" style=\"background-position:left top;background-repeat:no-repeat;-webkit-background-size:cover;-moz-background-size:cover;-o-background-size:cover;background-size:cover;padding: 0px 0px 0px 0px;\"><div ><span class=\" fusion-imageframe imageframe-none imageframe-4 hover-type-none\"><img decoding=\"async\" width=\"1223\" height=\"641\" title=\"MAAT 7\" src=\"https:\/\/aifec.eu\/congreso2024\/wp-content\/uploads\/2024\/01\/MAAT-7.png\" class=\"img-responsive wp-image-1691\" srcset=\"https:\/\/aifec.eu\/congreso2024\/wp-content\/uploads\/2024\/01\/MAAT-7-200x105.png 200w, https:\/\/aifec.eu\/congreso2024\/wp-content\/uploads\/2024\/01\/MAAT-7-400x210.png 400w, https:\/\/aifec.eu\/congreso2024\/wp-content\/uploads\/2024\/01\/MAAT-7-600x314.png 600w, https:\/\/aifec.eu\/congreso2024\/wp-content\/uploads\/2024\/01\/MAAT-7-800x419.png 800w, https:\/\/aifec.eu\/congreso2024\/wp-content\/uploads\/2024\/01\/MAAT-7-1200x629.png 1200w, https:\/\/aifec.eu\/congreso2024\/wp-content\/uploads\/2024\/01\/MAAT-7.png 1223w\" sizes=\"(max-width: 640px) 100vw, 600px\" \/><\/span><\/div><\/div><\/div><style type=\"text\/css\">.fusion-body .fusion-builder-column-4{width:40% !important;margin-top : 0px;margin-bottom : 20px;}.fusion-builder-column-4 > .fusion-column-wrapper {padding-top : 0px !important;padding-right : 0px !important;margin-right : 9.6%;padding-bottom : 0px !important;padding-left : 0px !important;margin-left : 4.8%;}@media only screen and (max-width:1024px) {.fusion-body .fusion-builder-column-4{width:40% !important;}.fusion-builder-column-4 > .fusion-column-wrapper {margin-right : 0%;margin-left : 9.6%;}}@media only screen and (max-width:640px) {.fusion-body .fusion-builder-column-4{width:100% !important;order : 1;margin-top : 0px;}.fusion-builder-column-4 > .fusion-column-wrapper {margin-right : 0%;margin-left : 3.84%;}}<\/style><div class=\"fusion-layout-column fusion_builder_column fusion-builder-column-5 fusion_builder_column_2_5 2_5 fusion-flex-column fusion-animated\" data-animationType=\"fadeInLeft\" data-animationDuration=\"1.0\" data-animationOffset=\"100%\"><div class=\"fusion-column-wrapper fusion-flex-justify-content-center fusion-content-layout-column\" style=\"background-position:left top;background-repeat:no-repeat;-webkit-background-size:cover;-moz-background-size:cover;-o-background-size:cover;background-size:cover;padding: 0px 0px 0px 0px;\"><div class=\"fusion-text fusion-text-3\" style=\"font-size:20px;line-height:30px;font-family:&quot;var(--awb-typography3-font-family)&quot;;font-weight:var(--awb-typography3);transform:translate3d(0,0,0);\"><p>Viernes, 17 de mayo<\/p>\n<\/div><div class=\"fusion-text fusion-text-4\" style=\"transform:translate3d(0,0,0);\"><h3 class=\"\" style=\"--fontsize: 32; line-height: 1.3;\" data-fontsize=\"32\" data-lineheight=\"41.6px\">MAAT Kitchen<\/h3>\n<\/p>\n<p>Tras perderse entre las calles del Barrio de Bel\u00e9m y degustar los conocidos \u00abPasteis de Bel\u00e9m\u00bb, los acompa\u00f1antes disfrutar\u00e1n de un almuerzo en MAAT Kitchen, un espacio moderno dentro del Museo de Arte, Arquitectura y Tecnolog\u00eda, con vistas a la desembocadura del r\u00edo Tajo.<\/p>\n<p><strong>Duraci\u00f3n<\/strong>: 1h aprox<\/p>\n<\/div><\/div><\/div><style type=\"text\/css\">.fusion-body .fusion-builder-column-5{width:40% !important;margin-top : 0px;margin-bottom : 20px;}.fusion-builder-column-5 > .fusion-column-wrapper {padding-top : 0px !important;padding-right : 0px !important;margin-right : 9.6%;padding-bottom : 0px !important;padding-left : 0px !important;margin-left : 4.8%;}@media only screen and (max-width:1024px) {.fusion-body .fusion-builder-column-5{width:40% !important;}.fusion-builder-column-5 > .fusion-column-wrapper {margin-right : 0%;margin-left : 9.6%;}}@media only screen and (max-width:640px) {.fusion-body .fusion-builder-column-5{width:100% !important;order : 0;margin-top : 0px;}.fusion-builder-column-5 > .fusion-column-wrapper {margin-right : 0%;margin-left : 3.84%;}}<\/style><\/div><style type=\"text\/css\">.fusion-body .fusion-flex-container.fusion-builder-row-2{ padding-top : 4%;margin-top : 0px;padding-right : 0px;padding-bottom : 4%;margin-bottom : 0px;padding-left : 0px;}<\/style><\/div><\/p>\n","protected":false},"excerpt":{"rendered":"","protected":false},"author":1,"featured_media":0,"parent":0,"menu_order":0,"comment_status":"closed","ping_status":"closed","template":"","meta":{"footnotes":""},"class_list":["post-1227","page","type-page","status-publish","hentry"],"_links":{"self":[{"href":"https:\/\/aifec.eu\/congreso2024\/index.php?rest_route=\/wp\/v2\/pages\/1227","targetHints":{"allow":["GET"]}}],"collection":[{"href":"https:\/\/aifec.eu\/congreso2024\/index.php?rest_route=\/wp\/v2\/pages"}],"about":[{"href":"https:\/\/aifec.eu\/congreso2024\/index.php?rest_route=\/wp\/v2\/types\/page"}],"author":[{"embeddable":true,"href":"https:\/\/aifec.eu\/congreso2024\/index.php?rest_route=\/wp\/v2\/users\/1"}],"replies":[{"embeddable":true,"href":"https:\/\/aifec.eu\/congreso2024\/index.php?rest_route=%2Fwp%2Fv2%2Fcomments&post=1227"}],"version-history":[{"count":7,"href":"https:\/\/aifec.eu\/congreso2024\/index.php?rest_route=\/wp\/v2\/pages\/1227\/revisions"}],"predecessor-version":[{"id":1698,"href":"https:\/\/aifec.eu\/congreso2024\/index.php?rest_route=\/wp\/v2\/pages\/1227\/revisions\/1698"}],"wp:attachment":[{"href":"https:\/\/aifec.eu\/congreso2024\/index.php?rest_route=%2Fwp%2Fv2%2Fmedia&parent=1227"}],"curies":[{"name":"wp","href":"https:\/\/api.w.org\/{rel}","templated":true}]}}